{"id":9462,"date":"2024-10-24T14:57:00","date_gmt":"2024-10-24T12:57:00","guid":{"rendered":"https:\/\/frient.de\/newsletter\/"},"modified":"2026-08-24T13:46:09","modified_gmt":"2026-08-24T11:46:09","slug":"newsletter","status":"publish","type":"page","link":"https:\/\/frient.de\/en\/newsletter\/","title":{"rendered":"Newsletter"},"content":{"rendered":"\t\t<div data-elementor-type=\"wp-page\" data-elementor-id=\"9462\" class=\"elementor elementor-9462 elementor-4113\" data-elementor-post-type=\"page\">\n\t\t\t\t<div class=\"elementor-element elementor-element-a551179 e-flex e-con-boxed e-con e-parent\" data-id=\"a551179\" data-element_type=\"container\" data-e-type=\"container\" id=\"content\" data-settings=\"{&quot;jet_parallax_layout_list&quot;:[],&quot;background_background&quot;:&quot;classic&quot;}\">\n\t\t\t\t\t<div class=\"e-con-inner\">\n\t\t\t\t<div class=\"elementor-element elementor-element-5d9775f elementor-widget elementor-widget-heading\" data-id=\"5d9775f\" data-element_type=\"widget\" data-e-type=\"widget\" data-widget_type=\"heading.default\">\n\t\t\t\t<div class=\"elementor-widget-container\">\n\t\t\t\t\t<h2 class=\"elementor-heading-title elementor-size-default\">FriEnt Impulses<\/h2>\t\t\t\t<\/div>\n\t\t\t\t<\/div>\n\t\t\t\t<div class=\"elementor-element elementor-element-fe32747 elementor-widget elementor-widget-text-editor\" data-id=\"fe32747\" data-element_type=\"widget\" data-e-type=\"widget\" data-widget_type=\"text-editor.default\">\n\t\t\t\t<div class=\"elementor-widget-container\">\n\t\t\t\t\t\t\t\t\t<div class=\"col-md-6\"><p>FriEnt\u2019s monthly newsletter Impulses is a valuable source of information for all those interested or involved in the field of peacebuilding, development cooperation and civil conflict transformation on the national and international level. Each issue of the newsletter contains commentary pieces and background stories on current trends and challenges.<\/p><\/div><div class=\"col-md-6\"><p>In addition, the newsletter features the latest news about the current work of FriEnt and its member organisations.<\/p><p>Feel free to browse through previous issues below.<\/p><\/div>\t\t\t\t\t\t\t\t<\/div>\n\t\t\t\t<\/div>\n\t\t\t\t<div class=\"elementor-element elementor-element-79b05a1 elementor-align-right elementor-widget elementor-widget-button\" data-id=\"79b05a1\" data-element_type=\"widget\" data-e-type=\"widget\" data-widget_type=\"button.default\">\n\t\t\t\t<div class=\"elementor-widget-container\">\n\t\t\t\t\t\t\t\t\t<div class=\"elementor-button-wrapper\">\n\t\t\t\t\t<a class=\"elementor-button elementor-button-link elementor-size-sm\" href=\"#newEN\">\n\t\t\t\t\t\t<span class=\"elementor-button-content-wrapper\">\n\t\t\t\t\t\t\t\t\t<span class=\"elementor-button-text\">Newsletter subscription<\/span>\n\t\t\t\t\t<\/span>\n\t\t\t\t\t<\/a>\n\t\t\t\t<\/div>\n\t\t\t\t\t\t\t\t<\/div>\n\t\t\t\t<\/div>\n\t\t\t\t<div class=\"elementor-element elementor-element-48c1a6b elementor-widget elementor-widget-spacer\" data-id=\"48c1a6b\" data-element_type=\"widget\" data-e-type=\"widget\" data-widget_type=\"spacer.default\">\n\t\t\t\t<div class=\"elementor-widget-container\">\n\t\t\t\t\t\t\t<div class=\"elementor-spacer\">\n\t\t\t<div class=\"elementor-spacer-inner\"><\/div>\n\t\t<\/div>\n\t\t\t\t\t\t<\/div>\n\t\t\t\t<\/div>\n\t\t\t\t\t<\/div>\n\t\t\t\t<\/div>\n\t\t<div class=\"elementor-element elementor-element-20c3f1f e-flex e-con-boxed e-con e-parent\" data-id=\"20c3f1f\" data-element_type=\"container\" data-e-type=\"container\" data-settings=\"{&quot;jet_parallax_layout_list&quot;:[],&quot;background_background&quot;:&quot;classic&quot;}\">\n\t\t\t\t\t<div class=\"e-con-inner\">\n\t\t\t\t<div class=\"elementor-element elementor-element-e6efa62 elementor-widget elementor-widget-spacer\" data-id=\"e6efa62\" data-element_type=\"widget\" data-e-type=\"widget\" data-widget_type=\"spacer.default\">\n\t\t\t\t<div class=\"elementor-widget-container\">\n\t\t\t\t\t\t\t<div class=\"elementor-spacer\">\n\t\t\t<div class=\"elementor-spacer-inner\"><\/div>\n\t\t<\/div>\n\t\t\t\t\t\t<\/div>\n\t\t\t\t<\/div>\n\t\t\t\t\t<\/div>\n\t\t\t\t<\/div>\n\t\t<div class=\"elementor-element elementor-element-5d99110 e-flex e-con-boxed e-con e-parent\" data-id=\"5d99110\" data-element_type=\"container\" data-e-type=\"container\" data-settings=\"{&quot;jet_parallax_layout_list&quot;:[],&quot;background_background&quot;:&quot;classic&quot;}\">\n\t\t\t\t\t<div class=\"e-con-inner\">\n\t\t\t\t<div class=\"elementor-element elementor-element-e0386a5 elementor-absolute elementor-widget elementor-widget-heading\" data-id=\"e0386a5\" data-element_type=\"widget\" data-e-type=\"widget\" data-settings=\"{&quot;_position&quot;:&quot;absolute&quot;}\" data-widget_type=\"heading.default\">\n\t\t\t\t<div class=\"elementor-widget-container\">\n\t\t\t\t\t<p class=\"elementor-heading-title elementor-size-default\">Latest issue of the FriEnt Newsletter<\/p>\t\t\t\t<\/div>\n\t\t\t\t<\/div>\n\t\t<div class=\"elementor-element elementor-element-d3e240d e-con-full e-flex e-con e-child\" data-id=\"d3e240d\" data-element_type=\"container\" data-e-type=\"container\" data-settings=\"{&quot;jet_parallax_layout_list&quot;:[],&quot;background_background&quot;:&quot;classic&quot;}\">\n\t\t\t\t<div class=\"elementor-element elementor-element-62e6a8a elementor-widget elementor-widget-image\" data-id=\"62e6a8a\" data-element_type=\"widget\" data-e-type=\"widget\" data-widget_type=\"image.default\">\n\t\t\t\t<div class=\"elementor-widget-container\">\n\t\t\t\t\t\t\t\t\t\t\t\t\t\t\t\t<a href=\"https:\/\/frient.de\/index.php?page=acymailing_front&#038;ctrl=archive&#038;task=view&#038;id=76\">\n\t\t\t\t\t\t\t<img fetchpriority=\"high\" decoding=\"async\" width=\"800\" height=\"449\" src=\"https:\/\/frient.de\/wp-content\/uploads\/2026\/07\/iStock-Shaking-Hands-1024x575.jpg\" class=\"attachment-large size-large wp-image-15356\" alt=\"\" srcset=\"https:\/\/frient.de\/wp-content\/uploads\/2026\/07\/iStock-Shaking-Hands-1024x575.jpg 1024w, https:\/\/frient.de\/wp-content\/uploads\/2026\/07\/iStock-Shaking-Hands-300x169.jpg 300w, https:\/\/frient.de\/wp-content\/uploads\/2026\/07\/iStock-Shaking-Hands-768x431.jpg 768w, https:\/\/frient.de\/wp-content\/uploads\/2026\/07\/iStock-Shaking-Hands-1536x863.jpg 1536w, https:\/\/frient.de\/wp-content\/uploads\/2026\/07\/iStock-Shaking-Hands-2048x1151.jpg 2048w\" sizes=\"(max-width: 800px) 100vw, 800px\" \/>\t\t\t\t\t\t\t\t<\/a>\n\t\t\t\t\t\t\t\t\t\t\t\t\t\t\t<\/div>\n\t\t\t\t<\/div>\n\t\t\t\t<\/div>\n\t\t<div class=\"elementor-element elementor-element-85a9226 e-con-full e-flex e-con e-child\" data-id=\"85a9226\" data-element_type=\"container\" data-e-type=\"container\" data-settings=\"{&quot;jet_parallax_layout_list&quot;:[],&quot;background_background&quot;:&quot;classic&quot;}\">\n\t\t\t\t<div class=\"elementor-element elementor-element-6a88471 elementor-widget elementor-widget-heading\" data-id=\"6a88471\" data-element_type=\"widget\" data-e-type=\"widget\" data-widget_type=\"heading.default\">\n\t\t\t\t<div class=\"elementor-widget-container\">\n\t\t\t\t\t<h5 class=\"elementor-heading-title elementor-size-default\"><a href=\"https:\/\/frient.de\/index.php?page=acymailing_front&#038;ctrl=archive&#038;task=view&#038;id=76\">08\/2026 Peace and Climate \u2013 What Matters Now<\/a><\/h5>\t\t\t\t<\/div>\n\t\t\t\t<\/div>\n\t\t\t\t<div class=\"elementor-element elementor-element-90bf88f elementor-widget elementor-widget-text-editor\" data-id=\"90bf88f\" data-element_type=\"widget\" data-e-type=\"widget\" data-widget_type=\"text-editor.default\">\n\t\t\t\t<div class=\"elementor-widget-container\">\n\t\t\t\t\t\t\t\t\t<p>Peace is a prerequisite for sustainable development \u2013 and, at the same time, essential for effectively tackling the consequences of the climate crisis. Conversely, climate change exacerbates existing inequalities and fuels conflicts. How can policymakers, civil society and international cooperation work together to address these challenges? This issue of our newsletter explores this question.<\/p>\t\t\t\t\t\t\t\t<\/div>\n\t\t\t\t<\/div>\n\t\t\t\t<div class=\"elementor-element elementor-element-5802114 elementor-widget elementor-widget-button\" data-id=\"5802114\" data-element_type=\"widget\" data-e-type=\"widget\" data-widget_type=\"button.default\">\n\t\t\t\t<div class=\"elementor-widget-container\">\n\t\t\t\t\t\t\t\t\t<div class=\"elementor-button-wrapper\">\n\t\t\t\t\t<a class=\"elementor-button elementor-button-link elementor-size-sm\" href=\"https:\/\/frient.de\/index.php?page=acymailing_front&#038;ctrl=archive&#038;task=view&#038;id=76\">\n\t\t\t\t\t\t<span class=\"elementor-button-content-wrapper\">\n\t\t\t\t\t\t<span class=\"elementor-button-icon\">\n\t\t\t\t<i aria-hidden=\"true\" class=\"fas fa-arrow-right\"><\/i>\t\t\t<\/span>\n\t\t\t\t\t\t\t\t\t<span class=\"elementor-button-text\">Newsletter<\/span>\n\t\t\t\t\t<\/span>\n\t\t\t\t\t<\/a>\n\t\t\t\t<\/div>\n\t\t\t\t\t\t\t\t<\/div>\n\t\t\t\t<\/div>\n\t\t\t\t<\/div>\n\t\t\t\t\t<\/div>\n\t\t\t\t<\/div>\n\t\t<div class=\"elementor-element elementor-element-794654b e-flex e-con-boxed e-con e-parent\" data-id=\"794654b\" data-element_type=\"container\" data-e-type=\"container\" data-settings=\"{&quot;jet_parallax_layout_list&quot;:[],&quot;background_background&quot;:&quot;classic&quot;}\">\n\t\t\t\t\t<div class=\"e-con-inner\">\n\t\t<div class=\"elementor-element elementor-element-afae9fb e-con-full e-flex e-con e-child\" data-id=\"afae9fb\" data-element_type=\"container\" data-e-type=\"container\" data-settings=\"{&quot;jet_parallax_layout_list&quot;:[],&quot;background_background&quot;:&quot;classic&quot;}\">\n\t\t\t\t<div class=\"elementor-element elementor-element-0e7b41c elementor-widget elementor-widget-image\" data-id=\"0e7b41c\" data-element_type=\"widget\" data-e-type=\"widget\" data-widget_type=\"image.default\">\n\t\t\t\t<div class=\"elementor-widget-container\">\n\t\t\t\t\t\t\t\t\t\t\t\t\t\t\t\t<a href=\"https:\/\/frient.de\/en\/index.php?page=acymailing_front&#038;ctrl=archive&#038;task=view&#038;id=60\">\n\t\t\t\t\t\t\t<img decoding=\"async\" width=\"800\" height=\"450\" src=\"https:\/\/frient.de\/wp-content\/uploads\/2026\/04\/Webseite-1-1-1024x576.png\" class=\"attachment-large size-large wp-image-14602\" alt=\"\" srcset=\"https:\/\/frient.de\/wp-content\/uploads\/2026\/04\/Webseite-1-1-1024x576.png 1024w, https:\/\/frient.de\/wp-content\/uploads\/2026\/04\/Webseite-1-1-300x169.png 300w, https:\/\/frient.de\/wp-content\/uploads\/2026\/04\/Webseite-1-1-768x432.png 768w, https:\/\/frient.de\/wp-content\/uploads\/2026\/04\/Webseite-1-1.png 1280w\" sizes=\"(max-width: 800px) 100vw, 800px\" \/>\t\t\t\t\t\t\t\t<\/a>\n\t\t\t\t\t\t\t\t\t\t\t\t\t\t\t<\/div>\n\t\t\t\t<\/div>\n\t\t\t\t<\/div>\n\t\t<div class=\"elementor-element elementor-element-3c3b3ee e-con-full e-flex e-con e-child\" data-id=\"3c3b3ee\" data-element_type=\"container\" data-e-type=\"container\" data-settings=\"{&quot;jet_parallax_layout_list&quot;:[],&quot;background_background&quot;:&quot;classic&quot;}\">\n\t\t\t\t<div class=\"elementor-element elementor-element-c19386d elementor-widget elementor-widget-heading\" data-id=\"c19386d\" data-element_type=\"widget\" data-e-type=\"widget\" data-widget_type=\"heading.default\">\n\t\t\t\t<div class=\"elementor-widget-container\">\n\t\t\t\t\t<h5 class=\"elementor-heading-title elementor-size-default\"><a href=\"https:\/\/frient.de\/en\/index.php?page=acymailing_front&#038;ctrl=archive&#038;task=view&#038;id=60\">04\/2026 Europe, partnerships and civil society<\/a><\/h5>\t\t\t\t<\/div>\n\t\t\t\t<\/div>\n\t\t\t\t<div class=\"elementor-element elementor-element-fe7f041 elementor-widget elementor-widget-text-editor\" data-id=\"fe7f041\" data-element_type=\"widget\" data-e-type=\"widget\" data-widget_type=\"text-editor.default\">\n\t\t\t\t<div class=\"elementor-widget-container\">\n\t\t\t\t\t\t\t\t\t<p>Geopolitical shifts, new alliances, and growing challenges for civil society engagement are currently shaping our work \u2013 and this newsletter is where we keep you informed.\u00a0<\/p>\t\t\t\t\t\t\t\t<\/div>\n\t\t\t\t<\/div>\n\t\t\t\t<div class=\"elementor-element elementor-element-ce624e7 elementor-widget elementor-widget-button\" data-id=\"ce624e7\" data-element_type=\"widget\" data-e-type=\"widget\" data-widget_type=\"button.default\">\n\t\t\t\t<div class=\"elementor-widget-container\">\n\t\t\t\t\t\t\t\t\t<div class=\"elementor-button-wrapper\">\n\t\t\t\t\t<a class=\"elementor-button elementor-button-link elementor-size-sm\" href=\"https:\/\/frient.de\/en\/index.php?page=acymailing_front&#038;ctrl=archive&#038;task=view&#038;id=60\">\n\t\t\t\t\t\t<span class=\"elementor-button-content-wrapper\">\n\t\t\t\t\t\t<span class=\"elementor-button-icon\">\n\t\t\t\t<i aria-hidden=\"true\" class=\"fas fa-arrow-right\"><\/i>\t\t\t<\/span>\n\t\t\t\t\t\t\t\t\t<span class=\"elementor-button-text\">Newsletter<\/span>\n\t\t\t\t\t<\/span>\n\t\t\t\t\t<\/a>\n\t\t\t\t<\/div>\n\t\t\t\t\t\t\t\t<\/div>\n\t\t\t\t<\/div>\n\t\t\t\t<\/div>\n\t\t\t\t\t<\/div>\n\t\t\t\t<\/div>\n\t\t<div class=\"elementor-element elementor-element-71ee729 e-flex e-con-boxed e-con e-parent\" data-id=\"71ee729\" data-element_type=\"container\" data-e-type=\"container\" data-settings=\"{&quot;jet_parallax_layout_list&quot;:[],&quot;background_background&quot;:&quot;classic&quot;}\">\n\t\t\t\t\t<div class=\"e-con-inner\">\n\t\t<div class=\"elementor-element elementor-element-ebd02f9 e-con-full e-flex e-con e-child\" data-id=\"ebd02f9\" data-element_type=\"container\" data-e-type=\"container\" data-settings=\"{&quot;jet_parallax_layout_list&quot;:[],&quot;background_background&quot;:&quot;classic&quot;}\">\n\t\t\t\t<div class=\"elementor-element elementor-element-1c77778 elementor-widget elementor-widget-image\" data-id=\"1c77778\" data-element_type=\"widget\" data-e-type=\"widget\" data-widget_type=\"image.default\">\n\t\t\t\t<div class=\"elementor-widget-container\">\n\t\t\t\t\t\t\t\t\t\t\t\t\t\t\t\t<a href=\"https:\/\/frient.de\/index.php?page=acymailing_front&#038;ctrl=archive&#038;task=view&#038;id=57\">\n\t\t\t\t\t\t\t<img decoding=\"async\" width=\"493\" height=\"370\" src=\"https:\/\/frient.de\/wp-content\/uploads\/2025\/12\/532eaabd09c66a2ba582840ad55652a3-img_0110-768x5765418thumb550x370.jpg\" class=\"attachment-large size-large wp-image-14116\" alt=\"\" srcset=\"https:\/\/frient.de\/wp-content\/uploads\/2025\/12\/532eaabd09c66a2ba582840ad55652a3-img_0110-768x5765418thumb550x370.jpg 493w, https:\/\/frient.de\/wp-content\/uploads\/2025\/12\/532eaabd09c66a2ba582840ad55652a3-img_0110-768x5765418thumb550x370-300x225.jpg 300w\" sizes=\"(max-width: 493px) 100vw, 493px\" \/>\t\t\t\t\t\t\t\t<\/a>\n\t\t\t\t\t\t\t\t\t\t\t\t\t\t\t<\/div>\n\t\t\t\t<\/div>\n\t\t\t\t<\/div>\n\t\t<div class=\"elementor-element elementor-element-2d3969f e-con-full e-flex e-con e-child\" data-id=\"2d3969f\" data-element_type=\"container\" data-e-type=\"container\" data-settings=\"{&quot;jet_parallax_layout_list&quot;:[],&quot;background_background&quot;:&quot;classic&quot;}\">\n\t\t\t\t<div class=\"elementor-element elementor-element-7a692b5 elementor-widget elementor-widget-heading\" data-id=\"7a692b5\" data-element_type=\"widget\" data-e-type=\"widget\" data-widget_type=\"heading.default\">\n\t\t\t\t<div class=\"elementor-widget-container\">\n\t\t\t\t\t<h5 class=\"elementor-heading-title elementor-size-default\"><a href=\"https:\/\/frient.de\/index.php?page=acymailing_front&#038;ctrl=archive&#038;task=view&#038;id=58\">12\/2025 Peace &amp; Climate<\/a><\/h5>\t\t\t\t<\/div>\n\t\t\t\t<\/div>\n\t\t\t\t<div class=\"elementor-element elementor-element-c236071 elementor-widget elementor-widget-text-editor\" data-id=\"c236071\" data-element_type=\"widget\" data-e-type=\"widget\" data-widget_type=\"text-editor.default\">\n\t\t\t\t<div class=\"elementor-widget-container\">\n\t\t\t\t\t\t\t\t\t<p>Our newsletter revisits the Climate\u2013Peace\u2013Security nexus, both in our leading article on the UN Climate Change Conference COP30 and in the &#8220;Stimmen &amp; Studien&#8221; section: with our policy brief on the NiKE and our new study on Chinese Conceptions of Peace. This central nexus is also reflected in the &#8220;Themen&#8221; section, in line with our FriEnt focus areas &#8220;Peace &amp; Climate&#8221;, &#8220;Peace &amp; Security&#8221; and &#8220;Feminist Peacebuilding&#8221;.<\/p>\t\t\t\t\t\t\t\t<\/div>\n\t\t\t\t<\/div>\n\t\t\t\t<div class=\"elementor-element elementor-element-0f14757 elementor-widget elementor-widget-button\" data-id=\"0f14757\" data-element_type=\"widget\" data-e-type=\"widget\" data-widget_type=\"button.default\">\n\t\t\t\t<div class=\"elementor-widget-container\">\n\t\t\t\t\t\t\t\t\t<div class=\"elementor-button-wrapper\">\n\t\t\t\t\t<a class=\"elementor-button elementor-button-link elementor-size-sm\" href=\"https:\/\/frient.de\/index.php?page=acymailing_front&#038;ctrl=archive&#038;task=view&#038;id=58\">\n\t\t\t\t\t\t<span class=\"elementor-button-content-wrapper\">\n\t\t\t\t\t\t<span class=\"elementor-button-icon\">\n\t\t\t\t<i aria-hidden=\"true\" class=\"fas fa-arrow-right\"><\/i>\t\t\t<\/span>\n\t\t\t\t\t\t\t\t\t<span class=\"elementor-button-text\">Newsletter<\/span>\n\t\t\t\t\t<\/span>\n\t\t\t\t\t<\/a>\n\t\t\t\t<\/div>\n\t\t\t\t\t\t\t\t<\/div>\n\t\t\t\t<\/div>\n\t\t\t\t<\/div>\n\t\t\t\t\t<\/div>\n\t\t\t\t<\/div>\n\t\t<div class=\"elementor-element elementor-element-46a1b2d e-flex e-con-boxed e-con e-parent\" data-id=\"46a1b2d\" data-element_type=\"container\" data-e-type=\"container\" data-settings=\"{&quot;jet_parallax_layout_list&quot;:[],&quot;background_background&quot;:&quot;classic&quot;}\">\n\t\t\t\t\t<div class=\"e-con-inner\">\n\t\t<div class=\"elementor-element elementor-element-3161756 e-con-full e-flex e-con e-child\" data-id=\"3161756\" data-element_type=\"container\" data-e-type=\"container\" data-settings=\"{&quot;jet_parallax_layout_list&quot;:[],&quot;background_background&quot;:&quot;classic&quot;}\">\n\t\t\t\t<div class=\"elementor-element elementor-element-2dd719b elementor-widget elementor-widget-image\" data-id=\"2dd719b\" data-element_type=\"widget\" data-e-type=\"widget\" data-widget_type=\"image.default\">\n\t\t\t\t<div class=\"elementor-widget-container\">\n\t\t\t\t\t\t\t\t\t\t\t\t\t\t\t\t<a href=\"https:\/\/frient.de\/index.php?page=acymailing_front&#038;ctrl=archive&#038;task=view&#038;id=57\">\n\t\t\t\t\t\t\t<img loading=\"lazy\" decoding=\"async\" width=\"800\" height=\"534\" src=\"https:\/\/frient.de\/wp-content\/uploads\/2025\/10\/iStock-1161154383-1024x683.jpg\" class=\"attachment-large size-large wp-image-13639\" alt=\"\" srcset=\"https:\/\/frient.de\/wp-content\/uploads\/2025\/10\/iStock-1161154383-1024x683.jpg 1024w, https:\/\/frient.de\/wp-content\/uploads\/2025\/10\/iStock-1161154383-300x200.jpg 300w, https:\/\/frient.de\/wp-content\/uploads\/2025\/10\/iStock-1161154383-768x512.jpg 768w, https:\/\/frient.de\/wp-content\/uploads\/2025\/10\/iStock-1161154383-1536x1024.jpg 1536w, https:\/\/frient.de\/wp-content\/uploads\/2025\/10\/iStock-1161154383-2048x1365.jpg 2048w\" sizes=\"(max-width: 800px) 100vw, 800px\" \/>\t\t\t\t\t\t\t\t<\/a>\n\t\t\t\t\t\t\t\t\t\t\t\t\t\t\t<\/div>\n\t\t\t\t<\/div>\n\t\t\t\t<\/div>\n\t\t<div class=\"elementor-element elementor-element-4bfff0a e-con-full e-flex e-con e-child\" data-id=\"4bfff0a\" data-element_type=\"container\" data-e-type=\"container\" data-settings=\"{&quot;jet_parallax_layout_list&quot;:[],&quot;background_background&quot;:&quot;classic&quot;}\">\n\t\t\t\t<div class=\"elementor-element elementor-element-1d5cd8f elementor-widget elementor-widget-heading\" data-id=\"1d5cd8f\" data-element_type=\"widget\" data-e-type=\"widget\" data-widget_type=\"heading.default\">\n\t\t\t\t<div class=\"elementor-widget-container\">\n\t\t\t\t\t<h5 class=\"elementor-heading-title elementor-size-default\"><a href=\"https:\/\/frient.de\/index.php?page=acymailing_front&#038;ctrl=archive&#038;task=view&#038;id=57\">10\/2025 Peace &amp; Security\n<\/a><\/h5>\t\t\t\t<\/div>\n\t\t\t\t<\/div>\n\t\t\t\t<div class=\"elementor-element elementor-element-e81fcb7 elementor-widget elementor-widget-text-editor\" data-id=\"e81fcb7\" data-element_type=\"widget\" data-e-type=\"widget\" data-widget_type=\"text-editor.default\">\n\t\t\t\t<div class=\"elementor-widget-container\">\n\t\t\t\t\t\t\t\t\t<p>In our leading article, Dr Julia Leininger, Co-Chair of the Advisory Board to the Federal Government for Civilian Crisis Prevention and Peacebuilding, explores how peace and security can be integrated in one approach. You will find further interesting articles from our FriEnt member organisations in the &#8220;Themen&#8221; section. Moreover, we feature two new FriEnt publications on peace and climate in the &#8220;Stimmen &amp; Studien&#8221; section.\u00a0<\/p>\t\t\t\t\t\t\t\t<\/div>\n\t\t\t\t<\/div>\n\t\t\t\t<div class=\"elementor-element elementor-element-80199ee elementor-widget elementor-widget-button\" data-id=\"80199ee\" data-element_type=\"widget\" data-e-type=\"widget\" data-widget_type=\"button.default\">\n\t\t\t\t<div class=\"elementor-widget-container\">\n\t\t\t\t\t\t\t\t\t<div class=\"elementor-button-wrapper\">\n\t\t\t\t\t<a class=\"elementor-button elementor-button-link elementor-size-sm\" href=\"https:\/\/frient.de\/index.php?page=acymailing_front&#038;ctrl=archive&#038;task=view&#038;id=57\">\n\t\t\t\t\t\t<span class=\"elementor-button-content-wrapper\">\n\t\t\t\t\t\t<span class=\"elementor-button-icon\">\n\t\t\t\t<i aria-hidden=\"true\" class=\"fas fa-arrow-right\"><\/i>\t\t\t<\/span>\n\t\t\t\t\t\t\t\t\t<span class=\"elementor-button-text\">Newsletter<\/span>\n\t\t\t\t\t<\/span>\n\t\t\t\t\t<\/a>\n\t\t\t\t<\/div>\n\t\t\t\t\t\t\t\t<\/div>\n\t\t\t\t<\/div>\n\t\t\t\t<\/div>\n\t\t\t\t\t<\/div>\n\t\t\t\t<\/div>\n\t\t<div class=\"elementor-element elementor-element-73ecf22 e-flex e-con-boxed e-con e-parent\" data-id=\"73ecf22\" data-element_type=\"container\" data-e-type=\"container\" data-settings=\"{&quot;jet_parallax_layout_list&quot;:[],&quot;background_background&quot;:&quot;classic&quot;}\">\n\t\t\t\t\t<div class=\"e-con-inner\">\n\t\t<div class=\"elementor-element elementor-element-ce94758 e-con-full e-flex e-con e-child\" data-id=\"ce94758\" data-element_type=\"container\" data-e-type=\"container\" data-settings=\"{&quot;jet_parallax_layout_list&quot;:[],&quot;background_background&quot;:&quot;classic&quot;}\">\n\t\t\t\t<div class=\"elementor-element elementor-element-45f921e elementor-widget elementor-widget-image\" data-id=\"45f921e\" data-element_type=\"widget\" data-e-type=\"widget\" data-widget_type=\"image.default\">\n\t\t\t\t<div class=\"elementor-widget-container\">\n\t\t\t\t\t\t\t\t\t\t\t\t\t\t\t\t<a href=\"https:\/\/frient.de\/index.php?page=acymailing_front&#038;ctrl=archive&#038;task=view&#038;id=51\">\n\t\t\t\t\t\t\t<img loading=\"lazy\" decoding=\"async\" width=\"800\" height=\"579\" src=\"https:\/\/frient.de\/wp-content\/uploads\/2025\/05\/panagiotis-el-sisi-tTT6jyX9T64-unsplash-1024x741.jpg\" class=\"attachment-large size-large wp-image-11830\" alt=\"A bird flying through the sky in a building\" srcset=\"https:\/\/frient.de\/wp-content\/uploads\/2025\/05\/panagiotis-el-sisi-tTT6jyX9T64-unsplash-1024x741.jpg 1024w, https:\/\/frient.de\/wp-content\/uploads\/2025\/05\/panagiotis-el-sisi-tTT6jyX9T64-unsplash-300x217.jpg 300w, https:\/\/frient.de\/wp-content\/uploads\/2025\/05\/panagiotis-el-sisi-tTT6jyX9T64-unsplash-768x556.jpg 768w, https:\/\/frient.de\/wp-content\/uploads\/2025\/05\/panagiotis-el-sisi-tTT6jyX9T64-unsplash-1536x1111.jpg 1536w, https:\/\/frient.de\/wp-content\/uploads\/2025\/05\/panagiotis-el-sisi-tTT6jyX9T64-unsplash-2048x1481.jpg 2048w\" sizes=\"(max-width: 800px) 100vw, 800px\" \/>\t\t\t\t\t\t\t\t<\/a>\n\t\t\t\t\t\t\t\t\t\t\t\t\t\t\t<\/div>\n\t\t\t\t<\/div>\n\t\t\t\t<\/div>\n\t\t<div class=\"elementor-element elementor-element-a58a4a5 e-con-full e-flex e-con e-child\" data-id=\"a58a4a5\" data-element_type=\"container\" data-e-type=\"container\" data-settings=\"{&quot;jet_parallax_layout_list&quot;:[],&quot;background_background&quot;:&quot;classic&quot;}\">\n\t\t\t\t<div class=\"elementor-element elementor-element-23c7f98 elementor-widget elementor-widget-heading\" data-id=\"23c7f98\" data-element_type=\"widget\" data-e-type=\"widget\" data-widget_type=\"heading.default\">\n\t\t\t\t<div class=\"elementor-widget-container\">\n\t\t\t\t\t<h5 class=\"elementor-heading-title elementor-size-default\"><a href=\"https:\/\/frient.de\/index.php?page=acymailing_front&#038;ctrl=archive&#038;task=view&#038;id=51\">05\/2025 Europe's Peace &amp; Security<\/a><\/h5>\t\t\t\t<\/div>\n\t\t\t\t<\/div>\n\t\t\t\t<div class=\"elementor-element elementor-element-2d0ccb5 elementor-widget elementor-widget-text-editor\" data-id=\"2d0ccb5\" data-element_type=\"widget\" data-e-type=\"widget\" data-widget_type=\"text-editor.default\">\n\t\t\t\t<div class=\"elementor-widget-container\">\n\t\t\t\t\t\t\t\t\t80 years after the end of the Second World War, our leading article focuses on peace and security in today&#8217;s Europe. We also address this topic in our &#8220;Themen&#8221; and &#8220;Stimmen&#8221; sections, reflecting current political developments. Moreover, we warmly welcome our new Managing Director, Nana Odoi, and extend our sincere thanks to Matthias Ries!\t\t\t\t\t\t\t\t<\/div>\n\t\t\t\t<\/div>\n\t\t\t\t<div class=\"elementor-element elementor-element-44d01a9 elementor-widget elementor-widget-button\" data-id=\"44d01a9\" data-element_type=\"widget\" data-e-type=\"widget\" data-widget_type=\"button.default\">\n\t\t\t\t<div class=\"elementor-widget-container\">\n\t\t\t\t\t\t\t\t\t<div class=\"elementor-button-wrapper\">\n\t\t\t\t\t<a class=\"elementor-button elementor-button-link elementor-size-sm\" href=\"https:\/\/frient.de\/index.php?page=acymailing_front&#038;ctrl=archive&#038;task=view&#038;id=51\">\n\t\t\t\t\t\t<span class=\"elementor-button-content-wrapper\">\n\t\t\t\t\t\t<span class=\"elementor-button-icon\">\n\t\t\t\t<i aria-hidden=\"true\" class=\"fas fa-arrow-right\"><\/i>\t\t\t<\/span>\n\t\t\t\t\t\t\t\t\t<span class=\"elementor-button-text\">Newsletter<\/span>\n\t\t\t\t\t<\/span>\n\t\t\t\t\t<\/a>\n\t\t\t\t<\/div>\n\t\t\t\t\t\t\t\t<\/div>\n\t\t\t\t<\/div>\n\t\t\t\t<\/div>\n\t\t\t\t\t<\/div>\n\t\t\t\t<\/div>\n\t\t<div class=\"elementor-element elementor-element-cd99961 e-flex e-con-boxed e-con e-parent\" data-id=\"cd99961\" data-element_type=\"container\" data-e-type=\"container\" data-settings=\"{&quot;jet_parallax_layout_list&quot;:[],&quot;background_background&quot;:&quot;classic&quot;}\">\n\t\t\t\t\t<div class=\"e-con-inner\">\n\t\t<div class=\"elementor-element elementor-element-d3f44c2 e-con-full e-flex e-con e-child\" data-id=\"d3f44c2\" data-element_type=\"container\" data-e-type=\"container\" data-settings=\"{&quot;jet_parallax_layout_list&quot;:[],&quot;background_background&quot;:&quot;classic&quot;}\">\n\t\t\t\t<div class=\"elementor-element elementor-element-6ff2e56 elementor-widget elementor-widget-image\" data-id=\"6ff2e56\" data-element_type=\"widget\" data-e-type=\"widget\" data-widget_type=\"image.default\">\n\t\t\t\t<div class=\"elementor-widget-container\">\n\t\t\t\t\t\t\t\t\t\t\t\t\t\t\t\t<a href=\"https:\/\/frient.de\/index.php?page=acymailing_front&#038;ctrl=archive&#038;task=view&#038;id=45\">\n\t\t\t\t\t\t\t<img loading=\"lazy\" decoding=\"async\" width=\"800\" height=\"534\" src=\"https:\/\/frient.de\/wp-content\/uploads\/2025\/04\/noaa-NBwP2jjnATE-unsplash-1024x683.jpg\" class=\"attachment-large size-large wp-image-11610\" alt=\"A large glacier with water pouring out of it\" srcset=\"https:\/\/frient.de\/wp-content\/uploads\/2025\/04\/noaa-NBwP2jjnATE-unsplash-1024x683.jpg 1024w, https:\/\/frient.de\/wp-content\/uploads\/2025\/04\/noaa-NBwP2jjnATE-unsplash-300x200.jpg 300w, https:\/\/frient.de\/wp-content\/uploads\/2025\/04\/noaa-NBwP2jjnATE-unsplash-768x512.jpg 768w, https:\/\/frient.de\/wp-content\/uploads\/2025\/04\/noaa-NBwP2jjnATE-unsplash-1536x1024.jpg 1536w, https:\/\/frient.de\/wp-content\/uploads\/2025\/04\/noaa-NBwP2jjnATE-unsplash-2048x1365.jpg 2048w\" sizes=\"(max-width: 800px) 100vw, 800px\" \/>\t\t\t\t\t\t\t\t<\/a>\n\t\t\t\t\t\t\t\t\t\t\t\t\t\t\t<\/div>\n\t\t\t\t<\/div>\n\t\t\t\t<\/div>\n\t\t<div class=\"elementor-element elementor-element-f5fb009 e-con-full e-flex e-con e-child\" data-id=\"f5fb009\" data-element_type=\"container\" data-e-type=\"container\" data-settings=\"{&quot;jet_parallax_layout_list&quot;:[],&quot;background_background&quot;:&quot;classic&quot;}\">\n\t\t\t\t<div class=\"elementor-element elementor-element-af8ab86 elementor-widget elementor-widget-heading\" data-id=\"af8ab86\" data-element_type=\"widget\" data-e-type=\"widget\" data-widget_type=\"heading.default\">\n\t\t\t\t<div class=\"elementor-widget-container\">\n\t\t\t\t\t<h5 class=\"elementor-heading-title elementor-size-default\"><a href=\"https:\/\/frient.de\/index.php?page=acymailing_front&#038;ctrl=archive&#038;task=view&#038;id=47\">04\/2025 Peace &amp; Security<\/a><\/h5>\t\t\t\t<\/div>\n\t\t\t\t<\/div>\n\t\t\t\t<div class=\"elementor-element elementor-element-e7e5df7 elementor-widget elementor-widget-text-editor\" data-id=\"e7e5df7\" data-element_type=\"widget\" data-e-type=\"widget\" data-widget_type=\"text-editor.default\">\n\t\t\t\t<div class=\"elementor-widget-container\">\n\t\t\t\t\t\t\t\t\t<p>Nine years after the signing of the Paris Climate Agreement on April 22, Earth Day, we dedicate our leading article to the connection between climate and security \u2013 and what this means for peace. In our &#8220;Themen&#8221; and &#8220;Stimmen &amp; Studien&#8221; sections, we also explore the question of why there can be no sustainable security without peace.<\/p>\t\t\t\t\t\t\t\t<\/div>\n\t\t\t\t<\/div>\n\t\t\t\t<div class=\"elementor-element elementor-element-e5f8a55 elementor-widget elementor-widget-button\" data-id=\"e5f8a55\" data-element_type=\"widget\" data-e-type=\"widget\" data-widget_type=\"button.default\">\n\t\t\t\t<div class=\"elementor-widget-container\">\n\t\t\t\t\t\t\t\t\t<div class=\"elementor-button-wrapper\">\n\t\t\t\t\t<a class=\"elementor-button elementor-button-link elementor-size-sm\" href=\"https:\/\/frient.de\/index.php?page=acymailing_front&#038;ctrl=archive&#038;task=view&#038;id=47\">\n\t\t\t\t\t\t<span class=\"elementor-button-content-wrapper\">\n\t\t\t\t\t\t<span class=\"elementor-button-icon\">\n\t\t\t\t<i aria-hidden=\"true\" class=\"fas fa-arrow-right\"><\/i>\t\t\t<\/span>\n\t\t\t\t\t\t\t\t\t<span class=\"elementor-button-text\">Newsletter<\/span>\n\t\t\t\t\t<\/span>\n\t\t\t\t\t<\/a>\n\t\t\t\t<\/div>\n\t\t\t\t\t\t\t\t<\/div>\n\t\t\t\t<\/div>\n\t\t\t\t<\/div>\n\t\t\t\t\t<\/div>\n\t\t\t\t<\/div>\n\t\t<div class=\"elementor-element elementor-element-cb8b5b1 e-flex e-con-boxed e-con e-parent\" data-id=\"cb8b5b1\" data-element_type=\"container\" data-e-type=\"container\" data-settings=\"{&quot;jet_parallax_layout_list&quot;:[],&quot;background_background&quot;:&quot;classic&quot;}\">\n\t\t\t\t\t<div class=\"e-con-inner\">\n\t\t<div class=\"elementor-element elementor-element-d0b6e7d e-con-full e-flex e-con e-child\" data-id=\"d0b6e7d\" data-element_type=\"container\" data-e-type=\"container\" data-settings=\"{&quot;jet_parallax_layout_list&quot;:[],&quot;background_background&quot;:&quot;classic&quot;}\">\n\t\t\t\t<div class=\"elementor-element elementor-element-0f20085 elementor-widget elementor-widget-image\" data-id=\"0f20085\" data-element_type=\"widget\" data-e-type=\"widget\" data-widget_type=\"image.default\">\n\t\t\t\t<div class=\"elementor-widget-container\">\n\t\t\t\t\t\t\t\t\t\t\t\t\t\t\t\t<a href=\"https:\/\/frient.de\/index.php?page=acymailing_front&#038;ctrl=archive&#038;task=view&#038;id=45\">\n\t\t\t\t\t\t\t<img loading=\"lazy\" decoding=\"async\" width=\"800\" height=\"505\" src=\"https:\/\/frient.de\/wp-content\/uploads\/2025\/03\/marin-tulard-9sbO_vzyG40-unsplash-1024x646.jpg\" class=\"attachment-large size-large wp-image-11359\" alt=\"\" srcset=\"https:\/\/frient.de\/wp-content\/uploads\/2025\/03\/marin-tulard-9sbO_vzyG40-unsplash-1024x646.jpg 1024w, https:\/\/frient.de\/wp-content\/uploads\/2025\/03\/marin-tulard-9sbO_vzyG40-unsplash-300x189.jpg 300w, https:\/\/frient.de\/wp-content\/uploads\/2025\/03\/marin-tulard-9sbO_vzyG40-unsplash-768x485.jpg 768w, https:\/\/frient.de\/wp-content\/uploads\/2025\/03\/marin-tulard-9sbO_vzyG40-unsplash-1536x970.jpg 1536w, https:\/\/frient.de\/wp-content\/uploads\/2025\/03\/marin-tulard-9sbO_vzyG40-unsplash-2048x1293.jpg 2048w\" sizes=\"(max-width: 800px) 100vw, 800px\" \/>\t\t\t\t\t\t\t\t<\/a>\n\t\t\t\t\t\t\t\t\t\t\t\t\t\t\t<\/div>\n\t\t\t\t<\/div>\n\t\t\t\t<\/div>\n\t\t<div class=\"elementor-element elementor-element-2c624fe e-con-full e-flex e-con e-child\" data-id=\"2c624fe\" data-element_type=\"container\" data-e-type=\"container\" data-settings=\"{&quot;jet_parallax_layout_list&quot;:[],&quot;background_background&quot;:&quot;classic&quot;}\">\n\t\t\t\t<div class=\"elementor-element elementor-element-c94a99d elementor-widget elementor-widget-heading\" data-id=\"c94a99d\" data-element_type=\"widget\" data-e-type=\"widget\" data-widget_type=\"heading.default\">\n\t\t\t\t<div class=\"elementor-widget-container\">\n\t\t\t\t\t<h5 class=\"elementor-heading-title elementor-size-default\"><a href=\"https:\/\/frient.de\/index.php?page=acymailing_front&#038;ctrl=archive&#038;task=view&#038;id=45\">03\/2025 Feminist Peacebuilding<\/a><\/h5>\t\t\t\t<\/div>\n\t\t\t\t<\/div>\n\t\t\t\t<div class=\"elementor-element elementor-element-ba2352b elementor-widget elementor-widget-text-editor\" data-id=\"ba2352b\" data-element_type=\"widget\" data-e-type=\"widget\" data-widget_type=\"text-editor.default\">\n\t\t\t\t<div class=\"elementor-widget-container\">\n\t\t\t\t\t\t\t\t\tMarch was marked by International Women&#8217;s Day, which is about nothing less than equality for all. We explore what is needed to achieve this \u2013 especially in the current situation in Germany \u2013 in our leading article. The &#8220;Themen&#8221; section addresses how inequality threatens not only our democracies, but peace and development as a whole \u2013 and why it makes sense to look at this from a feminist perspective. \t\t\t\t\t\t\t\t<\/div>\n\t\t\t\t<\/div>\n\t\t\t\t<div class=\"elementor-element elementor-element-df0f9d5 elementor-widget elementor-widget-button\" data-id=\"df0f9d5\" data-element_type=\"widget\" data-e-type=\"widget\" data-widget_type=\"button.default\">\n\t\t\t\t<div class=\"elementor-widget-container\">\n\t\t\t\t\t\t\t\t\t<div class=\"elementor-button-wrapper\">\n\t\t\t\t\t<a class=\"elementor-button elementor-button-link elementor-size-sm\" href=\"https:\/\/frient.de\/index.php?page=acymailing_front&#038;ctrl=archive&#038;task=view&#038;id=45\">\n\t\t\t\t\t\t<span class=\"elementor-button-content-wrapper\">\n\t\t\t\t\t\t<span class=\"elementor-button-icon\">\n\t\t\t\t<i aria-hidden=\"true\" class=\"fas fa-arrow-right\"><\/i>\t\t\t<\/span>\n\t\t\t\t\t\t\t\t\t<span class=\"elementor-button-text\">Newsletter<\/span>\n\t\t\t\t\t<\/span>\n\t\t\t\t\t<\/a>\n\t\t\t\t<\/div>\n\t\t\t\t\t\t\t\t<\/div>\n\t\t\t\t<\/div>\n\t\t\t\t<\/div>\n\t\t\t\t\t<\/div>\n\t\t\t\t<\/div>\n\t\t<div class=\"elementor-element elementor-element-db5aaae e-flex e-con-boxed e-con e-parent\" data-id=\"db5aaae\" data-element_type=\"container\" data-e-type=\"container\" data-settings=\"{&quot;jet_parallax_layout_list&quot;:[],&quot;background_background&quot;:&quot;classic&quot;}\">\n\t\t\t\t\t<div class=\"e-con-inner\">\n\t\t<div class=\"elementor-element elementor-element-5187dda e-con-full e-flex e-con e-child\" data-id=\"5187dda\" data-element_type=\"container\" data-e-type=\"container\" data-settings=\"{&quot;jet_parallax_layout_list&quot;:[],&quot;background_background&quot;:&quot;classic&quot;}\">\n\t\t\t\t<div class=\"elementor-element elementor-element-aab8354 elementor-widget elementor-widget-image\" data-id=\"aab8354\" data-element_type=\"widget\" data-e-type=\"widget\" data-widget_type=\"image.default\">\n\t\t\t\t<div class=\"elementor-widget-container\">\n\t\t\t\t\t\t\t\t\t\t\t\t\t\t\t\t<a href=\"https:\/\/frient.de\/index.php?page=acymailing_front&#038;ctrl=archive&#038;task=view&#038;id=42\">\n\t\t\t\t\t\t\t<img loading=\"lazy\" decoding=\"async\" width=\"800\" height=\"450\" src=\"https:\/\/frient.de\/wp-content\/uploads\/2025\/01\/Foto-COP29-privat-2-1024x576.jpg\" class=\"attachment-large size-large wp-image-10521\" alt=\"\" srcset=\"https:\/\/frient.de\/wp-content\/uploads\/2025\/01\/Foto-COP29-privat-2-1024x576.jpg 1024w, https:\/\/frient.de\/wp-content\/uploads\/2025\/01\/Foto-COP29-privat-2-300x169.jpg 300w, https:\/\/frient.de\/wp-content\/uploads\/2025\/01\/Foto-COP29-privat-2-768x432.jpg 768w, https:\/\/frient.de\/wp-content\/uploads\/2025\/01\/Foto-COP29-privat-2-1536x864.jpg 1536w, https:\/\/frient.de\/wp-content\/uploads\/2025\/01\/Foto-COP29-privat-2-2048x1152.jpg 2048w\" sizes=\"(max-width: 800px) 100vw, 800px\" \/>\t\t\t\t\t\t\t\t<\/a>\n\t\t\t\t\t\t\t\t\t\t\t\t\t\t\t<\/div>\n\t\t\t\t<\/div>\n\t\t\t\t<\/div>\n\t\t<div class=\"elementor-element elementor-element-b6339c9 e-con-full e-flex e-con e-child\" data-id=\"b6339c9\" data-element_type=\"container\" data-e-type=\"container\" data-settings=\"{&quot;jet_parallax_layout_list&quot;:[],&quot;background_background&quot;:&quot;classic&quot;}\">\n\t\t\t\t<div class=\"elementor-element elementor-element-52227c9 elementor-widget elementor-widget-heading\" data-id=\"52227c9\" data-element_type=\"widget\" data-e-type=\"widget\" data-widget_type=\"heading.default\">\n\t\t\t\t<div class=\"elementor-widget-container\">\n\t\t\t\t\t<h5 class=\"elementor-heading-title elementor-size-default\"><a href=\"https:\/\/frient.de\/index.php?page=acymailing_front&#038;ctrl=archive&#038;task=view&#038;id=42\">02\/2025 Peace &amp; Climate<\/a><\/h5>\t\t\t\t<\/div>\n\t\t\t\t<\/div>\n\t\t\t\t<div class=\"elementor-element elementor-element-328b89a elementor-widget elementor-widget-text-editor\" data-id=\"328b89a\" data-element_type=\"widget\" data-e-type=\"widget\" data-widget_type=\"text-editor.default\">\n\t\t\t\t<div class=\"elementor-widget-container\">\n\t\t\t\t\t\t\t\t\tThe past six months have been all about \u201cPeace &amp; Climate\u201d \u2013 with the COP29 discussed in our leading article, various studies including environmental peacebuilding as well as workshops at the FriEnt Peacebuilding Forum in Berlin to the Philippines. In this issue, we would like to reflect on these developments, also looking towards the Bonn Climate Change Conference in June.\t\t\t\t\t\t\t\t<\/div>\n\t\t\t\t<\/div>\n\t\t\t\t<div class=\"elementor-element elementor-element-045ceec elementor-widget elementor-widget-button\" data-id=\"045ceec\" data-element_type=\"widget\" data-e-type=\"widget\" data-widget_type=\"button.default\">\n\t\t\t\t<div class=\"elementor-widget-container\">\n\t\t\t\t\t\t\t\t\t<div class=\"elementor-button-wrapper\">\n\t\t\t\t\t<a class=\"elementor-button elementor-button-link elementor-size-sm\" href=\"https:\/\/frient.de\/index.php?page=acymailing_front&#038;ctrl=archive&#038;task=view&#038;id=42\">\n\t\t\t\t\t\t<span class=\"elementor-button-content-wrapper\">\n\t\t\t\t\t\t<span class=\"elementor-button-icon\">\n\t\t\t\t<i aria-hidden=\"true\" class=\"fas fa-arrow-right\"><\/i>\t\t\t<\/span>\n\t\t\t\t\t\t\t\t\t<span class=\"elementor-button-text\">Newsletter<\/span>\n\t\t\t\t\t<\/span>\n\t\t\t\t\t<\/a>\n\t\t\t\t<\/div>\n\t\t\t\t\t\t\t\t<\/div>\n\t\t\t\t<\/div>\n\t\t\t\t<\/div>\n\t\t\t\t\t<\/div>\n\t\t\t\t<\/div>\n\t\t<div class=\"elementor-element elementor-element-72153b9 e-flex e-con-boxed e-con e-parent\" data-id=\"72153b9\" data-element_type=\"container\" data-e-type=\"container\" data-settings=\"{&quot;jet_parallax_layout_list&quot;:[],&quot;background_background&quot;:&quot;classic&quot;}\">\n\t\t\t\t\t<div class=\"e-con-inner\">\n\t\t<div class=\"elementor-element elementor-element-681df82 e-con-full e-flex e-con e-child\" data-id=\"681df82\" data-element_type=\"container\" data-e-type=\"container\" data-settings=\"{&quot;jet_parallax_layout_list&quot;:[],&quot;background_background&quot;:&quot;classic&quot;}\">\n\t\t\t\t<div class=\"elementor-element elementor-element-29771c9 elementor-widget elementor-widget-image\" data-id=\"29771c9\" data-element_type=\"widget\" data-e-type=\"widget\" data-widget_type=\"image.default\">\n\t\t\t\t<div class=\"elementor-widget-container\">\n\t\t\t\t\t\t\t\t\t\t\t\t\t\t\t\t<a href=\"https:\/\/frient.de\/wp-content\/uploads\/old-newsletter\/Frient%20-%2003_2024%20%E2%80%93%20EU%20Special.html\">\n\t\t\t\t\t\t\t<img loading=\"lazy\" decoding=\"async\" width=\"800\" height=\"450\" src=\"https:\/\/frient.de\/wp-content\/uploads\/2024\/12\/Europawahl_LS-1.jpg\" class=\"attachment-large size-large wp-image-9989\" alt=\"\" srcset=\"https:\/\/frient.de\/wp-content\/uploads\/2024\/12\/Europawahl_LS-1.jpg 1000w, https:\/\/frient.de\/wp-content\/uploads\/2024\/12\/Europawahl_LS-1-300x169.jpg 300w, https:\/\/frient.de\/wp-content\/uploads\/2024\/12\/Europawahl_LS-1-768x432.jpg 768w\" sizes=\"(max-width: 800px) 100vw, 800px\" \/>\t\t\t\t\t\t\t\t<\/a>\n\t\t\t\t\t\t\t\t\t\t\t\t\t\t\t<\/div>\n\t\t\t\t<\/div>\n\t\t\t\t<\/div>\n\t\t<div class=\"elementor-element elementor-element-bc41cff e-con-full e-flex e-con e-child\" data-id=\"bc41cff\" data-element_type=\"container\" data-e-type=\"container\" data-settings=\"{&quot;jet_parallax_layout_list&quot;:[],&quot;background_background&quot;:&quot;classic&quot;}\">\n\t\t\t\t<div class=\"elementor-element elementor-element-4382fba elementor-widget elementor-widget-heading\" data-id=\"4382fba\" data-element_type=\"widget\" data-e-type=\"widget\" data-widget_type=\"heading.default\">\n\t\t\t\t<div class=\"elementor-widget-container\">\n\t\t\t\t\t<h5 class=\"elementor-heading-title elementor-size-default\"><a href=\"https:\/\/frient.de\/wp-content\/uploads\/old-newsletter\/Frient%20-%2003_2024%20%E2%80%93%20EU%20Special.html\">03\/2024 \u2013 EU Special<\/a><\/h5>\t\t\t\t<\/div>\n\t\t\t\t<\/div>\n\t\t\t\t<div class=\"elementor-element elementor-element-9d7694c elementor-widget elementor-widget-text-editor\" data-id=\"9d7694c\" data-element_type=\"widget\" data-e-type=\"widget\" data-widget_type=\"text-editor.default\">\n\t\t\t\t<div class=\"elementor-widget-container\">\n\t\t\t\t\t\t\t\t\tOn 6-9 June, around 400 million EU citizens have the right to vote for their representatives in the European Parliament. However, despite the EU\u2019s history as a peace project, peace is out of favour in discussions on political priorities and resource allocation. The EU elections are a significant opportunity for peacebuilders to call for stronger approaches towards peace.\t\t\t\t\t\t\t\t<\/div>\n\t\t\t\t<\/div>\n\t\t\t\t<div class=\"elementor-element elementor-element-afa2e2e elementor-widget elementor-widget-button\" data-id=\"afa2e2e\" data-element_type=\"widget\" data-e-type=\"widget\" data-widget_type=\"button.default\">\n\t\t\t\t<div class=\"elementor-widget-container\">\n\t\t\t\t\t\t\t\t\t<div class=\"elementor-button-wrapper\">\n\t\t\t\t\t<a class=\"elementor-button elementor-button-link elementor-size-sm\" href=\"https:\/\/frient.de\/wp-content\/uploads\/old-newsletter\/Frient%20-%2003_2024%20%E2%80%93%20EU%20Special.html\">\n\t\t\t\t\t\t<span class=\"elementor-button-content-wrapper\">\n\t\t\t\t\t\t<span class=\"elementor-button-icon\">\n\t\t\t\t<i aria-hidden=\"true\" class=\"fas fa-arrow-right\"><\/i>\t\t\t<\/span>\n\t\t\t\t\t\t\t\t\t<span class=\"elementor-button-text\">Newsletter<\/span>\n\t\t\t\t\t<\/span>\n\t\t\t\t\t<\/a>\n\t\t\t\t<\/div>\n\t\t\t\t\t\t\t\t<\/div>\n\t\t\t\t<\/div>\n\t\t\t\t<\/div>\n\t\t\t\t\t<\/div>\n\t\t\t\t<\/div>\n\t\t<div class=\"elementor-element elementor-element-030ae72 e-flex e-con-boxed e-con e-parent\" data-id=\"030ae72\" data-element_type=\"container\" data-e-type=\"container\" data-settings=\"{&quot;jet_parallax_layout_list&quot;:[],&quot;background_background&quot;:&quot;classic&quot;}\">\n\t\t\t\t\t<div class=\"e-con-inner\">\n\t\t<div class=\"elementor-element elementor-element-62af4ad e-con-full e-flex e-con e-child\" data-id=\"62af4ad\" data-element_type=\"container\" data-e-type=\"container\" data-settings=\"{&quot;jet_parallax_layout_list&quot;:[],&quot;background_background&quot;:&quot;classic&quot;}\">\n\t\t\t\t<div class=\"elementor-element elementor-element-4f5ac65 elementor-widget elementor-widget-image\" data-id=\"4f5ac65\" data-element_type=\"widget\" data-e-type=\"widget\" data-widget_type=\"image.default\">\n\t\t\t\t<div class=\"elementor-widget-container\">\n\t\t\t\t\t\t\t\t\t\t\t\t\t\t\t\t<a href=\"https:\/\/frient.de\/wp-content\/uploads\/old-newsletter\/Frient%20-%2002_2024.html\">\n\t\t\t\t\t\t\t<img loading=\"lazy\" decoding=\"async\" width=\"800\" height=\"450\" src=\"https:\/\/frient.de\/wp-content\/uploads\/2024\/12\/maxime-niyomwungeri-z-lNmXoXt-k-unsplash_leitartikel_landscape-1.jpg\" class=\"attachment-large size-large wp-image-9991\" alt=\"\" srcset=\"https:\/\/frient.de\/wp-content\/uploads\/2024\/12\/maxime-niyomwungeri-z-lNmXoXt-k-unsplash_leitartikel_landscape-1.jpg 1000w, https:\/\/frient.de\/wp-content\/uploads\/2024\/12\/maxime-niyomwungeri-z-lNmXoXt-k-unsplash_leitartikel_landscape-1-300x169.jpg 300w, https:\/\/frient.de\/wp-content\/uploads\/2024\/12\/maxime-niyomwungeri-z-lNmXoXt-k-unsplash_leitartikel_landscape-1-768x432.jpg 768w\" sizes=\"(max-width: 800px) 100vw, 800px\" \/>\t\t\t\t\t\t\t\t<\/a>\n\t\t\t\t\t\t\t\t\t\t\t\t\t\t\t<\/div>\n\t\t\t\t<\/div>\n\t\t\t\t<\/div>\n\t\t<div class=\"elementor-element elementor-element-cb7ff3c e-con-full e-flex e-con e-child\" data-id=\"cb7ff3c\" data-element_type=\"container\" data-e-type=\"container\" data-settings=\"{&quot;jet_parallax_layout_list&quot;:[],&quot;background_background&quot;:&quot;classic&quot;}\">\n\t\t\t\t<div class=\"elementor-element elementor-element-10f1d72 elementor-widget elementor-widget-heading\" data-id=\"10f1d72\" data-element_type=\"widget\" data-e-type=\"widget\" data-widget_type=\"heading.default\">\n\t\t\t\t<div class=\"elementor-widget-container\">\n\t\t\t\t\t<h5 class=\"elementor-heading-title elementor-size-default\"><a href=\"https:\/\/frient.de\/wp-content\/uploads\/old-newsletter\/Frient%20-%2002_2024.html\">02\/2024<\/a><\/h5>\t\t\t\t<\/div>\n\t\t\t\t<\/div>\n\t\t\t\t<div class=\"elementor-element elementor-element-564b331 elementor-widget elementor-widget-text-editor\" data-id=\"564b331\" data-element_type=\"widget\" data-e-type=\"widget\" data-widget_type=\"text-editor.default\">\n\t\t\t\t<div class=\"elementor-widget-container\">\n\t\t\t\t\t\t\t\t\tApril 7 marked the beginning of Kwibuka30, the period commemorating 30 years of genocide against the Tutsi in Rwanda. Many descendants of survivors of the genocide still live with trauma. At the same time, there is a real risk that the conflict around the armed group M23 escalates into a regional war.\t\t\t\t\t\t\t\t<\/div>\n\t\t\t\t<\/div>\n\t\t\t\t<div class=\"elementor-element elementor-element-c2b7e50 elementor-widget elementor-widget-button\" data-id=\"c2b7e50\" data-element_type=\"widget\" data-e-type=\"widget\" data-widget_type=\"button.default\">\n\t\t\t\t<div class=\"elementor-widget-container\">\n\t\t\t\t\t\t\t\t\t<div class=\"elementor-button-wrapper\">\n\t\t\t\t\t<a class=\"elementor-button elementor-button-link elementor-size-sm\" href=\"https:\/\/frient.de\/wp-content\/uploads\/old-newsletter\/Frient%20-%2002_2024.html\">\n\t\t\t\t\t\t<span class=\"elementor-button-content-wrapper\">\n\t\t\t\t\t\t<span class=\"elementor-button-icon\">\n\t\t\t\t<i aria-hidden=\"true\" class=\"fas fa-arrow-right\"><\/i>\t\t\t<\/span>\n\t\t\t\t\t\t\t\t\t<span class=\"elementor-button-text\">Newsletter<\/span>\n\t\t\t\t\t<\/span>\n\t\t\t\t\t<\/a>\n\t\t\t\t<\/div>\n\t\t\t\t\t\t\t\t<\/div>\n\t\t\t\t<\/div>\n\t\t\t\t<\/div>\n\t\t\t\t\t<\/div>\n\t\t\t\t<\/div>\n\t\t<div class=\"elementor-element elementor-element-c675fd8 e-flex e-con-boxed e-con e-parent\" data-id=\"c675fd8\" data-element_type=\"container\" data-e-type=\"container\" data-settings=\"{&quot;jet_parallax_layout_list&quot;:[],&quot;background_background&quot;:&quot;classic&quot;}\">\n\t\t\t\t\t<div class=\"e-con-inner\">\n\t\t<div class=\"elementor-element elementor-element-6e4f1ad e-con-full e-flex e-con e-child\" data-id=\"6e4f1ad\" data-element_type=\"container\" data-e-type=\"container\" data-settings=\"{&quot;jet_parallax_layout_list&quot;:[],&quot;background_background&quot;:&quot;classic&quot;}\">\n\t\t\t\t<div class=\"elementor-element elementor-element-5bd417e elementor-widget elementor-widget-image\" data-id=\"5bd417e\" data-element_type=\"widget\" data-e-type=\"widget\" data-widget_type=\"image.default\">\n\t\t\t\t<div class=\"elementor-widget-container\">\n\t\t\t\t\t\t\t\t\t\t\t\t\t\t\t\t<a href=\"https:\/\/frient.de\/wp-content\/uploads\/old-newsletter\/Frient%20-%2001_2024.html\">\n\t\t\t\t\t\t\t<img loading=\"lazy\" decoding=\"async\" width=\"800\" height=\"450\" src=\"https:\/\/frient.de\/wp-content\/uploads\/2024\/12\/leitartikel_landscape__c__Kidfriendly-1024x576.png\" class=\"attachment-large size-large wp-image-9590\" alt=\"\" srcset=\"https:\/\/frient.de\/wp-content\/uploads\/2024\/12\/leitartikel_landscape__c__Kidfriendly-1024x576.png 1024w, https:\/\/frient.de\/wp-content\/uploads\/2024\/12\/leitartikel_landscape__c__Kidfriendly-300x169.png 300w, https:\/\/frient.de\/wp-content\/uploads\/2024\/12\/leitartikel_landscape__c__Kidfriendly-768x432.png 768w, https:\/\/frient.de\/wp-content\/uploads\/2024\/12\/leitartikel_landscape__c__Kidfriendly-1536x864.png 1536w, https:\/\/frient.de\/wp-content\/uploads\/2024\/12\/leitartikel_landscape__c__Kidfriendly-2048x1153.png 2048w\" sizes=\"(max-width: 800px) 100vw, 800px\" \/>\t\t\t\t\t\t\t\t<\/a>\n\t\t\t\t\t\t\t\t\t\t\t\t\t\t\t<\/div>\n\t\t\t\t<\/div>\n\t\t\t\t<\/div>\n\t\t<div class=\"elementor-element elementor-element-98733b5 e-con-full e-flex e-con e-child\" data-id=\"98733b5\" data-element_type=\"container\" data-e-type=\"container\" data-settings=\"{&quot;jet_parallax_layout_list&quot;:[],&quot;background_background&quot;:&quot;classic&quot;}\">\n\t\t\t\t<div class=\"elementor-element elementor-element-e793f04 elementor-widget elementor-widget-heading\" data-id=\"e793f04\" data-element_type=\"widget\" data-e-type=\"widget\" data-widget_type=\"heading.default\">\n\t\t\t\t<div class=\"elementor-widget-container\">\n\t\t\t\t\t<h5 class=\"elementor-heading-title elementor-size-default\"><a href=\"https:\/\/frient.de\/wp-content\/uploads\/old-newsletter\/Frient%20-%2001_2024.html\">01\/2024<\/a><\/h5>\t\t\t\t<\/div>\n\t\t\t\t<\/div>\n\t\t\t\t<div class=\"elementor-element elementor-element-8d5fede elementor-widget elementor-widget-text-editor\" data-id=\"8d5fede\" data-element_type=\"widget\" data-e-type=\"widget\" data-widget_type=\"text-editor.default\">\n\t\t\t\t<div class=\"elementor-widget-container\">\n\t\t\t\t\t\t\t\t\tWie geht Friedensarbeit in Kriegszeiten? Seit Russlands Angriff auf ukrainische Staatsgebiete im Februar 2022 hat das Wort Frieden stark gelitten. Mit der Eskalation der Gewalt im Nahen Osten setzt sich eine Diskursverschiebung fort: Rufe gegen milit\u00e4rische Angriffe und Aufrufe f\u00fcr friedliche L\u00f6sungen werden aus dem Kontext gerissen und politisiert.\t\t\t\t\t\t\t\t<\/div>\n\t\t\t\t<\/div>\n\t\t\t\t<div class=\"elementor-element elementor-element-d56a8b7 elementor-widget elementor-widget-button\" data-id=\"d56a8b7\" data-element_type=\"widget\" data-e-type=\"widget\" data-widget_type=\"button.default\">\n\t\t\t\t<div class=\"elementor-widget-container\">\n\t\t\t\t\t\t\t\t\t<div class=\"elementor-button-wrapper\">\n\t\t\t\t\t<a class=\"elementor-button elementor-button-link elementor-size-sm\" href=\"https:\/\/frient.de\/wp-content\/uploads\/old-newsletter\/Frient%20-%2001_2024.html\">\n\t\t\t\t\t\t<span class=\"elementor-button-content-wrapper\">\n\t\t\t\t\t\t<span class=\"elementor-button-icon\">\n\t\t\t\t<i aria-hidden=\"true\" class=\"fas fa-arrow-right\"><\/i>\t\t\t<\/span>\n\t\t\t\t\t\t\t\t\t<span class=\"elementor-button-text\">Newsletter<\/span>\n\t\t\t\t\t<\/span>\n\t\t\t\t\t<\/a>\n\t\t\t\t<\/div>\n\t\t\t\t\t\t\t\t<\/div>\n\t\t\t\t<\/div>\n\t\t\t\t<\/div>\n\t\t\t\t\t<\/div>\n\t\t\t\t<\/div>\n\t\t<div class=\"elementor-element elementor-element-06b5a50 e-flex e-con-boxed e-con e-parent\" data-id=\"06b5a50\" data-element_type=\"container\" data-e-type=\"container\" data-settings=\"{&quot;jet_parallax_layout_list&quot;:[],&quot;background_background&quot;:&quot;classic&quot;}\">\n\t\t\t\t\t<div class=\"e-con-inner\">\n\t\t<div class=\"elementor-element elementor-element-5d603b0 e-con-full e-flex e-con e-child\" data-id=\"5d603b0\" data-element_type=\"container\" data-e-type=\"container\" data-settings=\"{&quot;jet_parallax_layout_list&quot;:[],&quot;background_background&quot;:&quot;classic&quot;}\">\n\t\t\t\t<div class=\"elementor-element elementor-element-cfb4d12 elementor-widget elementor-widget-image\" data-id=\"cfb4d12\" data-element_type=\"widget\" data-e-type=\"widget\" data-widget_type=\"image.default\">\n\t\t\t\t<div class=\"elementor-widget-container\">\n\t\t\t\t\t\t\t\t\t\t\t\t\t\t\t\t<a href=\"https:\/\/frient.de\/wp-content\/uploads\/old-newsletter\/Frient%20-%2001_2024.html\">\n\t\t\t\t\t\t\t<img loading=\"lazy\" decoding=\"async\" width=\"800\" height=\"450\" src=\"https:\/\/frient.de\/wp-content\/uploads\/2024\/12\/Uta_Scholl_Wald-1.png\" class=\"attachment-large size-large wp-image-9993\" alt=\"\" srcset=\"https:\/\/frient.de\/wp-content\/uploads\/2024\/12\/Uta_Scholl_Wald-1.png 808w, https:\/\/frient.de\/wp-content\/uploads\/2024\/12\/Uta_Scholl_Wald-1-300x169.png 300w, https:\/\/frient.de\/wp-content\/uploads\/2024\/12\/Uta_Scholl_Wald-1-768x432.png 768w\" sizes=\"(max-width: 800px) 100vw, 800px\" \/>\t\t\t\t\t\t\t\t<\/a>\n\t\t\t\t\t\t\t\t\t\t\t\t\t\t\t<\/div>\n\t\t\t\t<\/div>\n\t\t\t\t<\/div>\n\t\t<div class=\"elementor-element elementor-element-737e3fc e-con-full e-flex e-con e-child\" data-id=\"737e3fc\" data-element_type=\"container\" data-e-type=\"container\" data-settings=\"{&quot;jet_parallax_layout_list&quot;:[],&quot;background_background&quot;:&quot;classic&quot;}\">\n\t\t\t\t<div class=\"elementor-element elementor-element-7cb32d8 elementor-widget elementor-widget-heading\" data-id=\"7cb32d8\" data-element_type=\"widget\" data-e-type=\"widget\" data-widget_type=\"heading.default\">\n\t\t\t\t<div class=\"elementor-widget-container\">\n\t\t\t\t\t<h5 class=\"elementor-heading-title elementor-size-default\"><a href=\"https:\/\/frient.de\/wp-content\/uploads\/old-newsletter\/Frient%20-%2010_2023.html\">10\/2023<\/a><\/h5>\t\t\t\t<\/div>\n\t\t\t\t<\/div>\n\t\t\t\t<div class=\"elementor-element elementor-element-9ba55f2 elementor-widget elementor-widget-text-editor\" data-id=\"9ba55f2\" data-element_type=\"widget\" data-e-type=\"widget\" data-widget_type=\"text-editor.default\">\n\t\t\t\t<div class=\"elementor-widget-container\">\n\t\t\t\t\t\t\t\t\tFor the first time, at COP28, there will be a &#8220;Relief, Recovery and Peace Day&#8221; on 3 December 2023 which focuses on the nexus of climate, peace, and conflict. This is the often missing link in the climate discourse. The UN Climate Change Conference (COP28) is taking place at a crucial time for international climate action.\t\t\t\t\t\t\t\t<\/div>\n\t\t\t\t<\/div>\n\t\t\t\t<div class=\"elementor-element elementor-element-ee28bc1 elementor-widget elementor-widget-button\" data-id=\"ee28bc1\" data-element_type=\"widget\" data-e-type=\"widget\" data-widget_type=\"button.default\">\n\t\t\t\t<div class=\"elementor-widget-container\">\n\t\t\t\t\t\t\t\t\t<div class=\"elementor-button-wrapper\">\n\t\t\t\t\t<a class=\"elementor-button elementor-button-link elementor-size-sm\" href=\"https:\/\/frient.de\/wp-content\/uploads\/old-newsletter\/Frient%20-%2010_2023.html\">\n\t\t\t\t\t\t<span class=\"elementor-button-content-wrapper\">\n\t\t\t\t\t\t<span class=\"elementor-button-icon\">\n\t\t\t\t<i aria-hidden=\"true\" class=\"fas fa-arrow-right\"><\/i>\t\t\t<\/span>\n\t\t\t\t\t\t\t\t\t<span class=\"elementor-button-text\">Newsletter<\/span>\n\t\t\t\t\t<\/span>\n\t\t\t\t\t<\/a>\n\t\t\t\t<\/div>\n\t\t\t\t\t\t\t\t<\/div>\n\t\t\t\t<\/div>\n\t\t\t\t<\/div>\n\t\t\t\t\t<\/div>\n\t\t\t\t<\/div>\n\t\t<div class=\"elementor-element elementor-element-391d0dc e-flex e-con-boxed e-con e-parent\" data-id=\"391d0dc\" data-element_type=\"container\" data-e-type=\"container\" data-settings=\"{&quot;jet_parallax_layout_list&quot;:[],&quot;background_background&quot;:&quot;classic&quot;}\">\n\t\t\t\t\t<div class=\"e-con-inner\">\n\t\t<div class=\"elementor-element elementor-element-0ab99ff e-con-full e-flex e-con e-child\" data-id=\"0ab99ff\" data-element_type=\"container\" data-e-type=\"container\" data-settings=\"{&quot;jet_parallax_layout_list&quot;:[],&quot;background_background&quot;:&quot;classic&quot;}\">\n\t\t\t\t<div class=\"elementor-element elementor-element-098f8c7 elementor-widget elementor-widget-image\" data-id=\"098f8c7\" data-element_type=\"widget\" data-e-type=\"widget\" data-widget_type=\"image.default\">\n\t\t\t\t<div class=\"elementor-widget-container\">\n\t\t\t\t\t\t\t\t\t\t\t\t\t\t\t\t<a href=\"https:\/\/frient.de\/wp-content\/uploads\/old-newsletter\/Frient%20-%2009_2023.html\">\n\t\t\t\t\t\t\t<img loading=\"lazy\" decoding=\"async\" width=\"800\" height=\"450\" src=\"https:\/\/frient.de\/wp-content\/uploads\/2024\/12\/Peace_169-1.jpg\" class=\"attachment-large size-large wp-image-10002\" alt=\"\" srcset=\"https:\/\/frient.de\/wp-content\/uploads\/2024\/12\/Peace_169-1.jpg 1000w, https:\/\/frient.de\/wp-content\/uploads\/2024\/12\/Peace_169-1-300x169.jpg 300w, https:\/\/frient.de\/wp-content\/uploads\/2024\/12\/Peace_169-1-768x432.jpg 768w\" sizes=\"(max-width: 800px) 100vw, 800px\" \/>\t\t\t\t\t\t\t\t<\/a>\n\t\t\t\t\t\t\t\t\t\t\t\t\t\t\t<\/div>\n\t\t\t\t<\/div>\n\t\t\t\t<\/div>\n\t\t<div class=\"elementor-element elementor-element-1c506c3 e-con-full e-flex e-con e-child\" data-id=\"1c506c3\" data-element_type=\"container\" data-e-type=\"container\" data-settings=\"{&quot;jet_parallax_layout_list&quot;:[],&quot;background_background&quot;:&quot;classic&quot;}\">\n\t\t\t\t<div class=\"elementor-element elementor-element-147cf60 elementor-widget elementor-widget-heading\" data-id=\"147cf60\" data-element_type=\"widget\" data-e-type=\"widget\" data-widget_type=\"heading.default\">\n\t\t\t\t<div class=\"elementor-widget-container\">\n\t\t\t\t\t<h5 class=\"elementor-heading-title elementor-size-default\"><a href=\"https:\/\/frient.de\/wp-content\/uploads\/old-newsletter\/Frient%20-%2009_2023.html\">09\/2023<\/a><\/h5>\t\t\t\t<\/div>\n\t\t\t\t<\/div>\n\t\t\t\t<div class=\"elementor-element elementor-element-e17529d elementor-widget elementor-widget-text-editor\" data-id=\"e17529d\" data-element_type=\"widget\" data-e-type=\"widget\" data-widget_type=\"text-editor.default\">\n\t\t\t\t<div class=\"elementor-widget-container\">\n\t\t\t\t\t\t\t\t\tEntgegen vieler Sprachlosigkeiten versuchen einige Stimmen, gerade jetzt die wenigen verbliebenen R\u00e4ume der Verst\u00e4ndigung offen zu halten und den Schmerz der anderen Seite anzuerkennen. Ein unglaublicher Kraftakt, der au\u00dferordentlich viel Mut erfordert. Wie k\u00f6nnen wir diesen Mut bef\u00f6rdern?\t\t\t\t\t\t\t\t<\/div>\n\t\t\t\t<\/div>\n\t\t\t\t<div class=\"elementor-element elementor-element-df60b05 elementor-widget elementor-widget-button\" data-id=\"df60b05\" data-element_type=\"widget\" data-e-type=\"widget\" data-widget_type=\"button.default\">\n\t\t\t\t<div class=\"elementor-widget-container\">\n\t\t\t\t\t\t\t\t\t<div class=\"elementor-button-wrapper\">\n\t\t\t\t\t<a class=\"elementor-button elementor-button-link elementor-size-sm\" href=\"https:\/\/frient.de\/wp-content\/uploads\/old-newsletter\/Frient%20-%2009_2023.html\">\n\t\t\t\t\t\t<span class=\"elementor-button-content-wrapper\">\n\t\t\t\t\t\t<span class=\"elementor-button-icon\">\n\t\t\t\t<i aria-hidden=\"true\" class=\"fas fa-arrow-right\"><\/i>\t\t\t<\/span>\n\t\t\t\t\t\t\t\t\t<span class=\"elementor-button-text\">Newsletter<\/span>\n\t\t\t\t\t<\/span>\n\t\t\t\t\t<\/a>\n\t\t\t\t<\/div>\n\t\t\t\t\t\t\t\t<\/div>\n\t\t\t\t<\/div>\n\t\t\t\t<\/div>\n\t\t\t\t\t<\/div>\n\t\t\t\t<\/div>\n\t\t<div class=\"elementor-element elementor-element-eddc016 e-flex e-con-boxed e-con e-parent\" data-id=\"eddc016\" data-element_type=\"container\" data-e-type=\"container\" data-settings=\"{&quot;jet_parallax_layout_list&quot;:[],&quot;background_background&quot;:&quot;classic&quot;}\">\n\t\t\t\t\t<div class=\"e-con-inner\">\n\t\t<div class=\"elementor-element elementor-element-1cf2a38 e-con-full e-flex e-con e-child\" data-id=\"1cf2a38\" data-element_type=\"container\" data-e-type=\"container\" data-settings=\"{&quot;jet_parallax_layout_list&quot;:[],&quot;background_background&quot;:&quot;classic&quot;}\">\n\t\t\t\t<div class=\"elementor-element elementor-element-3a47ed9 elementor-widget elementor-widget-image\" data-id=\"3a47ed9\" data-element_type=\"widget\" data-e-type=\"widget\" data-widget_type=\"image.default\">\n\t\t\t\t<div class=\"elementor-widget-container\">\n\t\t\t\t\t\t\t\t\t\t\t\t\t\t\t\t<a href=\"https:\/\/frient.de\/wp-content\/uploads\/old-newsletter\/Frient%20-%2008_2023.html\">\n\t\t\t\t\t\t\t<img loading=\"lazy\" decoding=\"async\" width=\"800\" height=\"450\" src=\"https:\/\/frient.de\/wp-content\/uploads\/2024\/12\/Nowshad_Arefin_Unsplash_-_Taube-1.jpg\" class=\"attachment-large size-large wp-image-10004\" alt=\"\" srcset=\"https:\/\/frient.de\/wp-content\/uploads\/2024\/12\/Nowshad_Arefin_Unsplash_-_Taube-1.jpg 960w, https:\/\/frient.de\/wp-content\/uploads\/2024\/12\/Nowshad_Arefin_Unsplash_-_Taube-1-300x169.jpg 300w, https:\/\/frient.de\/wp-content\/uploads\/2024\/12\/Nowshad_Arefin_Unsplash_-_Taube-1-768x432.jpg 768w\" sizes=\"(max-width: 800px) 100vw, 800px\" \/>\t\t\t\t\t\t\t\t<\/a>\n\t\t\t\t\t\t\t\t\t\t\t\t\t\t\t<\/div>\n\t\t\t\t<\/div>\n\t\t\t\t<\/div>\n\t\t<div class=\"elementor-element elementor-element-24573c0 e-con-full e-flex e-con e-child\" data-id=\"24573c0\" data-element_type=\"container\" data-e-type=\"container\" data-settings=\"{&quot;jet_parallax_layout_list&quot;:[],&quot;background_background&quot;:&quot;classic&quot;}\">\n\t\t\t\t<div class=\"elementor-element elementor-element-8e390b2 elementor-widget elementor-widget-heading\" data-id=\"8e390b2\" data-element_type=\"widget\" data-e-type=\"widget\" data-widget_type=\"heading.default\">\n\t\t\t\t<div class=\"elementor-widget-container\">\n\t\t\t\t\t<h5 class=\"elementor-heading-title elementor-size-default\"><a href=\"https:\/\/frient.de\/wp-content\/uploads\/old-newsletter\/Frient%20-%2008_2023.html\">08\/2023<\/a><\/h5>\t\t\t\t<\/div>\n\t\t\t\t<\/div>\n\t\t\t\t<div class=\"elementor-element elementor-element-5cd0bbe elementor-widget elementor-widget-text-editor\" data-id=\"5cd0bbe\" data-element_type=\"widget\" data-e-type=\"widget\" data-widget_type=\"text-editor.default\">\n\t\t\t\t<div class=\"elementor-widget-container\">\n\t\t\t\t\t\t\t\t\tAktuell gibt es mehr als 20 Kriege und bewaffnete Konflikte weltweit. Die Zahl der Opfer ist so hoch wie seit 30 Jahren nicht mehr. In diesem Jahr war angesichts des Krieges in der Ukraine beim informellen Oslo-Forum von einer gewissen \u201eErsch\u00f6pfung, einer mediation fatigue\u201c die Rede.\t\t\t\t\t\t\t\t<\/div>\n\t\t\t\t<\/div>\n\t\t\t\t<div class=\"elementor-element elementor-element-52ac690 elementor-widget elementor-widget-button\" data-id=\"52ac690\" data-element_type=\"widget\" data-e-type=\"widget\" data-widget_type=\"button.default\">\n\t\t\t\t<div class=\"elementor-widget-container\">\n\t\t\t\t\t\t\t\t\t<div class=\"elementor-button-wrapper\">\n\t\t\t\t\t<a class=\"elementor-button elementor-button-link elementor-size-sm\" href=\"https:\/\/frient.de\/wp-content\/uploads\/old-newsletter\/Frient%20-%2008_2023.html\">\n\t\t\t\t\t\t<span class=\"elementor-button-content-wrapper\">\n\t\t\t\t\t\t<span class=\"elementor-button-icon\">\n\t\t\t\t<i aria-hidden=\"true\" class=\"fas fa-arrow-right\"><\/i>\t\t\t<\/span>\n\t\t\t\t\t\t\t\t\t<span class=\"elementor-button-text\">Newsletter<\/span>\n\t\t\t\t\t<\/span>\n\t\t\t\t\t<\/a>\n\t\t\t\t<\/div>\n\t\t\t\t\t\t\t\t<\/div>\n\t\t\t\t<\/div>\n\t\t\t\t<\/div>\n\t\t\t\t\t<\/div>\n\t\t\t\t<\/div>\n\t\t<div class=\"elementor-element elementor-element-85c0dff e-flex e-con-boxed e-con e-parent\" data-id=\"85c0dff\" data-element_type=\"container\" data-e-type=\"container\" data-settings=\"{&quot;jet_parallax_layout_list&quot;:[],&quot;background_background&quot;:&quot;classic&quot;}\">\n\t\t\t\t\t<div class=\"e-con-inner\">\n\t\t<div class=\"elementor-element elementor-element-f275425 e-con-full e-flex e-con e-child\" data-id=\"f275425\" data-element_type=\"container\" data-e-type=\"container\" data-settings=\"{&quot;jet_parallax_layout_list&quot;:[],&quot;background_background&quot;:&quot;classic&quot;}\">\n\t\t\t\t<div class=\"elementor-element elementor-element-48fd0e7 elementor-widget elementor-widget-image\" data-id=\"48fd0e7\" data-element_type=\"widget\" data-e-type=\"widget\" data-widget_type=\"image.default\">\n\t\t\t\t<div class=\"elementor-widget-container\">\n\t\t\t\t\t\t\t\t\t\t\t\t\t\t\t\t<a href=\"https:\/\/frient.de\/wp-content\/uploads\/old-newsletter\/Frient%20-%2007_2023.html\">\n\t\t\t\t\t\t\t<img loading=\"lazy\" decoding=\"async\" width=\"800\" height=\"395\" src=\"https:\/\/frient.de\/wp-content\/uploads\/2024\/12\/Scholz_Landscape-1.jpg\" class=\"attachment-large size-large wp-image-10006\" alt=\"\" srcset=\"https:\/\/frient.de\/wp-content\/uploads\/2024\/12\/Scholz_Landscape-1.jpg 900w, https:\/\/frient.de\/wp-content\/uploads\/2024\/12\/Scholz_Landscape-1-300x148.jpg 300w, https:\/\/frient.de\/wp-content\/uploads\/2024\/12\/Scholz_Landscape-1-768x379.jpg 768w\" sizes=\"(max-width: 800px) 100vw, 800px\" \/>\t\t\t\t\t\t\t\t<\/a>\n\t\t\t\t\t\t\t\t\t\t\t\t\t\t\t<\/div>\n\t\t\t\t<\/div>\n\t\t\t\t<\/div>\n\t\t<div class=\"elementor-element elementor-element-9b67d04 e-con-full e-flex e-con e-child\" data-id=\"9b67d04\" data-element_type=\"container\" data-e-type=\"container\" data-settings=\"{&quot;jet_parallax_layout_list&quot;:[],&quot;background_background&quot;:&quot;classic&quot;}\">\n\t\t\t\t<div class=\"elementor-element elementor-element-6661d16 elementor-widget elementor-widget-heading\" data-id=\"6661d16\" data-element_type=\"widget\" data-e-type=\"widget\" data-widget_type=\"heading.default\">\n\t\t\t\t<div class=\"elementor-widget-container\">\n\t\t\t\t\t<h5 class=\"elementor-heading-title elementor-size-default\"><a href=\"https:\/\/frient.de\/wp-content\/uploads\/old-newsletter\/Frient%20-%2007_2023.html\">07\/2023<\/a><\/h5>\t\t\t\t<\/div>\n\t\t\t\t<\/div>\n\t\t\t\t<div class=\"elementor-element elementor-element-a2824eb elementor-widget elementor-widget-text-editor\" data-id=\"a2824eb\" data-element_type=\"widget\" data-e-type=\"widget\" data-widget_type=\"text-editor.default\">\n\t\t\t\t<div class=\"elementor-widget-container\">\n\t\t\t\t\t\t\t\t\tDie Bundesregierung hat ihre China-Strategie ver\u00f6ffentlicht. Deutschland soll seine Abh\u00e4ngigkeit von chinesischen Rohstoffen und Produkten reduzieren und so seine Krisenfestigkeit erh\u00f6hen. Sicherheitspartnerschaften mit anderen L\u00e4ndern der Region sollen ausgebaut werden. Diese Politik muss denselben menschenrechtlichen Ma\u00dfst\u00e4ben gen\u00fcgen, die zurecht auch f\u00fcr China angelegt werden.\t\t\t\t\t\t\t\t<\/div>\n\t\t\t\t<\/div>\n\t\t\t\t<div class=\"elementor-element elementor-element-8582008 elementor-widget elementor-widget-button\" data-id=\"8582008\" data-element_type=\"widget\" data-e-type=\"widget\" data-widget_type=\"button.default\">\n\t\t\t\t<div class=\"elementor-widget-container\">\n\t\t\t\t\t\t\t\t\t<div class=\"elementor-button-wrapper\">\n\t\t\t\t\t<a class=\"elementor-button elementor-button-link elementor-size-sm\" href=\"https:\/\/frient.de\/wp-content\/uploads\/old-newsletter\/Frient%20-%2007_2023.html\">\n\t\t\t\t\t\t<span class=\"elementor-button-content-wrapper\">\n\t\t\t\t\t\t<span class=\"elementor-button-icon\">\n\t\t\t\t<i aria-hidden=\"true\" class=\"fas fa-arrow-right\"><\/i>\t\t\t<\/span>\n\t\t\t\t\t\t\t\t\t<span class=\"elementor-button-text\">Newsletter<\/span>\n\t\t\t\t\t<\/span>\n\t\t\t\t\t<\/a>\n\t\t\t\t<\/div>\n\t\t\t\t\t\t\t\t<\/div>\n\t\t\t\t<\/div>\n\t\t\t\t<\/div>\n\t\t\t\t\t<\/div>\n\t\t\t\t<\/div>\n\t\t<div class=\"elementor-element elementor-element-87af8d1 e-flex e-con-boxed e-con e-parent\" data-id=\"87af8d1\" data-element_type=\"container\" data-e-type=\"container\" data-settings=\"{&quot;jet_parallax_layout_list&quot;:[],&quot;background_background&quot;:&quot;classic&quot;}\">\n\t\t\t\t\t<div class=\"e-con-inner\">\n\t\t<div class=\"elementor-element elementor-element-6690352 e-con-full e-flex e-con e-child\" data-id=\"6690352\" data-element_type=\"container\" data-e-type=\"container\" data-settings=\"{&quot;jet_parallax_layout_list&quot;:[],&quot;background_background&quot;:&quot;classic&quot;}\">\n\t\t\t\t<div class=\"elementor-element elementor-element-34db05a elementor-widget elementor-widget-image\" data-id=\"34db05a\" data-element_type=\"widget\" data-e-type=\"widget\" data-widget_type=\"image.default\">\n\t\t\t\t<div class=\"elementor-widget-container\">\n\t\t\t\t\t\t\t\t\t\t\t\t\t\t\t\t<a href=\"https:\/\/frient.de\/wp-content\/uploads\/old-newsletter\/Frient%20-%206_2023.html\">\n\t\t\t\t\t\t\t<img loading=\"lazy\" decoding=\"async\" width=\"800\" height=\"449\" src=\"https:\/\/frient.de\/wp-content\/uploads\/2024\/12\/2023-06-14-pk-nss-spaziergang-1.jpg\" class=\"attachment-large size-large wp-image-10008\" alt=\"\" srcset=\"https:\/\/frient.de\/wp-content\/uploads\/2024\/12\/2023-06-14-pk-nss-spaziergang-1.jpg 990w, https:\/\/frient.de\/wp-content\/uploads\/2024\/12\/2023-06-14-pk-nss-spaziergang-1-300x168.jpg 300w, https:\/\/frient.de\/wp-content\/uploads\/2024\/12\/2023-06-14-pk-nss-spaziergang-1-768x431.jpg 768w\" sizes=\"(max-width: 800px) 100vw, 800px\" \/>\t\t\t\t\t\t\t\t<\/a>\n\t\t\t\t\t\t\t\t\t\t\t\t\t\t\t<\/div>\n\t\t\t\t<\/div>\n\t\t\t\t<\/div>\n\t\t<div class=\"elementor-element elementor-element-6c05e87 e-con-full e-flex e-con e-child\" data-id=\"6c05e87\" data-element_type=\"container\" data-e-type=\"container\" data-settings=\"{&quot;jet_parallax_layout_list&quot;:[],&quot;background_background&quot;:&quot;classic&quot;}\">\n\t\t\t\t<div class=\"elementor-element elementor-element-0a34a8a elementor-widget elementor-widget-heading\" data-id=\"0a34a8a\" data-element_type=\"widget\" data-e-type=\"widget\" data-widget_type=\"heading.default\">\n\t\t\t\t<div class=\"elementor-widget-container\">\n\t\t\t\t\t<h5 class=\"elementor-heading-title elementor-size-default\"><a href=\"https:\/\/frient.de\/wp-content\/uploads\/old-newsletter\/Frient%20-%206_2023.html\">06\/2023<\/a><\/h5>\t\t\t\t<\/div>\n\t\t\t\t<\/div>\n\t\t\t\t<div class=\"elementor-element elementor-element-08a0ced elementor-widget elementor-widget-text-editor\" data-id=\"08a0ced\" data-element_type=\"widget\" data-e-type=\"widget\" data-widget_type=\"text-editor.default\">\n\t\t\t\t<div class=\"elementor-widget-container\">\n\t\t\t\t\t\t\t\t\tDie erste Nationale Sicherheitsstrategie f\u00fcr Deutschland steht unter der \u00dcberschrift: Wehrhaft \u2013 Resilient \u2013 Nachhaltig. &#8220;Frieden\u201c hat in dem Dachdokument einen wichtigen Stellenwert, das zentrale Leitbild ist jedoch der Begriff der \u201eintegrierten Sicherheit\u201c. Was das f\u00fcr die globale Zusammenarbeit bei Frieden, Entwicklung und Sicherheit bedeutet, wird FriEnt in den kommenden Monaten thematisieren \u2013 beginnend mit diesem Leitartikel.\t\t\t\t\t\t\t\t<\/div>\n\t\t\t\t<\/div>\n\t\t\t\t<div class=\"elementor-element elementor-element-66efe6c elementor-widget elementor-widget-button\" data-id=\"66efe6c\" data-element_type=\"widget\" data-e-type=\"widget\" data-widget_type=\"button.default\">\n\t\t\t\t<div class=\"elementor-widget-container\">\n\t\t\t\t\t\t\t\t\t<div class=\"elementor-button-wrapper\">\n\t\t\t\t\t<a class=\"elementor-button elementor-button-link elementor-size-sm\" href=\"https:\/\/frient.de\/wp-content\/uploads\/old-newsletter\/Frient%20-%206_2023.html\">\n\t\t\t\t\t\t<span class=\"elementor-button-content-wrapper\">\n\t\t\t\t\t\t<span class=\"elementor-button-icon\">\n\t\t\t\t<i aria-hidden=\"true\" class=\"fas fa-arrow-right\"><\/i>\t\t\t<\/span>\n\t\t\t\t\t\t\t\t\t<span class=\"elementor-button-text\">Newsletter<\/span>\n\t\t\t\t\t<\/span>\n\t\t\t\t\t<\/a>\n\t\t\t\t<\/div>\n\t\t\t\t\t\t\t\t<\/div>\n\t\t\t\t<\/div>\n\t\t\t\t<\/div>\n\t\t\t\t\t<\/div>\n\t\t\t\t<\/div>\n\t\t<div class=\"elementor-element elementor-element-fcef4fa e-flex e-con-boxed e-con e-parent\" data-id=\"fcef4fa\" data-element_type=\"container\" data-e-type=\"container\" data-settings=\"{&quot;jet_parallax_layout_list&quot;:[],&quot;background_background&quot;:&quot;classic&quot;}\">\n\t\t\t\t\t<div class=\"e-con-inner\">\n\t\t<div class=\"elementor-element elementor-element-fa2ec16 e-con-full e-flex e-con e-child\" data-id=\"fa2ec16\" data-element_type=\"container\" data-e-type=\"container\" data-settings=\"{&quot;jet_parallax_layout_list&quot;:[],&quot;background_background&quot;:&quot;classic&quot;}\">\n\t\t\t\t<div class=\"elementor-element elementor-element-edf855d elementor-widget elementor-widget-image\" data-id=\"edf855d\" data-element_type=\"widget\" data-e-type=\"widget\" data-widget_type=\"image.default\">\n\t\t\t\t<div class=\"elementor-widget-container\">\n\t\t\t\t\t\t\t\t\t\t\t\t\t\t\t\t<a href=\"https:\/\/frient.de\/wp-content\/uploads\/old-newsletter\/Frient%20-%2005_2023.html\">\n\t\t\t\t\t\t\t<img loading=\"lazy\" decoding=\"async\" width=\"800\" height=\"450\" src=\"https:\/\/frient.de\/wp-content\/uploads\/2024\/12\/tom-seger-M4_pEfJoPqc-unsplash-1.jpg\" class=\"attachment-large size-large wp-image-10010\" alt=\"\" srcset=\"https:\/\/frient.de\/wp-content\/uploads\/2024\/12\/tom-seger-M4_pEfJoPqc-unsplash-1.jpg 1000w, https:\/\/frient.de\/wp-content\/uploads\/2024\/12\/tom-seger-M4_pEfJoPqc-unsplash-1-300x169.jpg 300w, https:\/\/frient.de\/wp-content\/uploads\/2024\/12\/tom-seger-M4_pEfJoPqc-unsplash-1-768x432.jpg 768w\" sizes=\"(max-width: 800px) 100vw, 800px\" \/>\t\t\t\t\t\t\t\t<\/a>\n\t\t\t\t\t\t\t\t\t\t\t\t\t\t\t<\/div>\n\t\t\t\t<\/div>\n\t\t\t\t<\/div>\n\t\t<div class=\"elementor-element elementor-element-a9de657 e-con-full e-flex e-con e-child\" data-id=\"a9de657\" data-element_type=\"container\" data-e-type=\"container\" data-settings=\"{&quot;jet_parallax_layout_list&quot;:[],&quot;background_background&quot;:&quot;classic&quot;}\">\n\t\t\t\t<div class=\"elementor-element elementor-element-1404d8a elementor-widget elementor-widget-heading\" data-id=\"1404d8a\" data-element_type=\"widget\" data-e-type=\"widget\" data-widget_type=\"heading.default\">\n\t\t\t\t<div class=\"elementor-widget-container\">\n\t\t\t\t\t<h5 class=\"elementor-heading-title elementor-size-default\"><a href=\"https:\/\/frient.de\/wp-content\/uploads\/old-newsletter\/Frient%20-%2005_2023.html\">05\/2023<\/a><\/h5>\t\t\t\t<\/div>\n\t\t\t\t<\/div>\n\t\t\t\t<div class=\"elementor-element elementor-element-3b27450 elementor-widget elementor-widget-text-editor\" data-id=\"3b27450\" data-element_type=\"widget\" data-e-type=\"widget\" data-widget_type=\"text-editor.default\">\n\t\t\t\t<div class=\"elementor-widget-container\">\n\t\t\t\t\t\t\t\t\tMost of climate fragile countries are countries that are already affected or at risk of conflict, making these countries a resilience building priority. However due to the volatile nature of their governance and economic systems, fragile and conflict affected states are excluded from receiving appropriate support to cope with the climate crisis, when they are the ones that need it the most. A need for a conflict sensitive approach has never been higher.\t\t\t\t\t\t\t\t<\/div>\n\t\t\t\t<\/div>\n\t\t\t\t<div class=\"elementor-element elementor-element-35a4423 elementor-widget elementor-widget-button\" data-id=\"35a4423\" data-element_type=\"widget\" data-e-type=\"widget\" data-widget_type=\"button.default\">\n\t\t\t\t<div class=\"elementor-widget-container\">\n\t\t\t\t\t\t\t\t\t<div class=\"elementor-button-wrapper\">\n\t\t\t\t\t<a class=\"elementor-button elementor-button-link elementor-size-sm\" href=\"https:\/\/frient.de\/wp-content\/uploads\/old-newsletter\/Frient%20-%2005_2023.html\">\n\t\t\t\t\t\t<span class=\"elementor-button-content-wrapper\">\n\t\t\t\t\t\t<span class=\"elementor-button-icon\">\n\t\t\t\t<i aria-hidden=\"true\" class=\"fas fa-arrow-right\"><\/i>\t\t\t<\/span>\n\t\t\t\t\t\t\t\t\t<span class=\"elementor-button-text\">Newsletter<\/span>\n\t\t\t\t\t<\/span>\n\t\t\t\t\t<\/a>\n\t\t\t\t<\/div>\n\t\t\t\t\t\t\t\t<\/div>\n\t\t\t\t<\/div>\n\t\t\t\t<\/div>\n\t\t\t\t\t<\/div>\n\t\t\t\t<\/div>\n\t\t<div class=\"elementor-element elementor-element-bcaf76a e-flex e-con-boxed e-con e-parent\" data-id=\"bcaf76a\" data-element_type=\"container\" data-e-type=\"container\" data-settings=\"{&quot;jet_parallax_layout_list&quot;:[],&quot;background_background&quot;:&quot;classic&quot;}\">\n\t\t\t\t\t<div class=\"e-con-inner\">\n\t\t<div class=\"elementor-element elementor-element-350d37d e-con-full e-flex e-con e-child\" data-id=\"350d37d\" data-element_type=\"container\" data-e-type=\"container\" data-settings=\"{&quot;jet_parallax_layout_list&quot;:[],&quot;background_background&quot;:&quot;classic&quot;}\">\n\t\t\t\t<div class=\"elementor-element elementor-element-b3191c7 elementor-widget elementor-widget-image\" data-id=\"b3191c7\" data-element_type=\"widget\" data-e-type=\"widget\" data-widget_type=\"image.default\">\n\t\t\t\t<div class=\"elementor-widget-container\">\n\t\t\t\t\t\t\t\t\t\t\t\t\t\t\t\t<a href=\"https:\/\/frient.de\/wp-content\/uploads\/old-newsletter\/Frient%20-%20Impulse%204_2023.html\">\n\t\t\t\t\t\t\t<img loading=\"lazy\" decoding=\"async\" width=\"720\" height=\"405\" src=\"https:\/\/frient.de\/wp-content\/uploads\/2024\/12\/FsGAgHTXsAAUKX6-1.jpg\" class=\"attachment-large size-large wp-image-10012\" alt=\"\" srcset=\"https:\/\/frient.de\/wp-content\/uploads\/2024\/12\/FsGAgHTXsAAUKX6-1.jpg 720w, https:\/\/frient.de\/wp-content\/uploads\/2024\/12\/FsGAgHTXsAAUKX6-1-300x169.jpg 300w\" sizes=\"(max-width: 720px) 100vw, 720px\" \/>\t\t\t\t\t\t\t\t<\/a>\n\t\t\t\t\t\t\t\t\t\t\t\t\t\t\t<\/div>\n\t\t\t\t<\/div>\n\t\t\t\t<\/div>\n\t\t<div class=\"elementor-element elementor-element-af108e5 e-con-full e-flex e-con e-child\" data-id=\"af108e5\" data-element_type=\"container\" data-e-type=\"container\" data-settings=\"{&quot;jet_parallax_layout_list&quot;:[],&quot;background_background&quot;:&quot;classic&quot;}\">\n\t\t\t\t<div class=\"elementor-element elementor-element-70bdb0d elementor-widget elementor-widget-heading\" data-id=\"70bdb0d\" data-element_type=\"widget\" data-e-type=\"widget\" data-widget_type=\"heading.default\">\n\t\t\t\t<div class=\"elementor-widget-container\">\n\t\t\t\t\t<h5 class=\"elementor-heading-title elementor-size-default\"><a href=\"https:\/\/frient.de\/wp-content\/uploads\/old-newsletter\/Frient%20-%20Impulse%204_2023.html\">Impulse 4\/2023<\/a><\/h5>\t\t\t\t<\/div>\n\t\t\t\t<\/div>\n\t\t\t\t<div class=\"elementor-element elementor-element-4f5c7d2 elementor-widget elementor-widget-text-editor\" data-id=\"4f5c7d2\" data-element_type=\"widget\" data-e-type=\"widget\" data-widget_type=\"text-editor.default\">\n\t\t\t\t<div class=\"elementor-widget-container\">\n\t\t\t\t\t\t\t\t\tDer Papst tr\u00e4gt eine stark \u00fcberteuerte Daunenjacke, die in Rapperkreisen als letzter Schrei gilt. Kokett und vor karibischer Kulisse flirtet Angela Merkel mit Barack Obama. Von k\u00fcnstlicher Intelligenz (KI) erzeugte Bilder fluten zurzeit das Netz. Mehr noch: KI schaffte es via Maybrit-Illner Talkshow sogar in deutsche Wohnstuben der Offline-Generation. Allerh\u00f6chste Zeit, dass wir uns damit besch\u00e4ftigen, was KI f\u00fcr unsere Zunft leisten kann und was wir lernen m\u00fcssen.\t\t\t\t\t\t\t\t<\/div>\n\t\t\t\t<\/div>\n\t\t\t\t<div class=\"elementor-element elementor-element-ce2b5be elementor-widget elementor-widget-button\" data-id=\"ce2b5be\" data-element_type=\"widget\" data-e-type=\"widget\" data-widget_type=\"button.default\">\n\t\t\t\t<div class=\"elementor-widget-container\">\n\t\t\t\t\t\t\t\t\t<div class=\"elementor-button-wrapper\">\n\t\t\t\t\t<a class=\"elementor-button elementor-button-link elementor-size-sm\" href=\"https:\/\/frient.de\/wp-content\/uploads\/old-newsletter\/Frient%20-%20Impulse%204_2023.html\">\n\t\t\t\t\t\t<span class=\"elementor-button-content-wrapper\">\n\t\t\t\t\t\t<span class=\"elementor-button-icon\">\n\t\t\t\t<i aria-hidden=\"true\" class=\"fas fa-arrow-right\"><\/i>\t\t\t<\/span>\n\t\t\t\t\t\t\t\t\t<span class=\"elementor-button-text\">Newsletter<\/span>\n\t\t\t\t\t<\/span>\n\t\t\t\t\t<\/a>\n\t\t\t\t<\/div>\n\t\t\t\t\t\t\t\t<\/div>\n\t\t\t\t<\/div>\n\t\t\t\t<\/div>\n\t\t\t\t\t<\/div>\n\t\t\t\t<\/div>\n\t\t<div class=\"elementor-element elementor-element-c877b57 e-flex e-con-boxed e-con e-parent\" data-id=\"c877b57\" data-element_type=\"container\" data-e-type=\"container\" data-settings=\"{&quot;jet_parallax_layout_list&quot;:[],&quot;background_background&quot;:&quot;classic&quot;}\">\n\t\t\t\t\t<div class=\"e-con-inner\">\n\t\t<div class=\"elementor-element elementor-element-650b428 e-con-full e-flex e-con e-child\" data-id=\"650b428\" data-element_type=\"container\" data-e-type=\"container\" data-settings=\"{&quot;jet_parallax_layout_list&quot;:[],&quot;background_background&quot;:&quot;classic&quot;}\">\n\t\t\t\t<div class=\"elementor-element elementor-element-cf218ec elementor-widget elementor-widget-image\" data-id=\"cf218ec\" data-element_type=\"widget\" data-e-type=\"widget\" data-widget_type=\"image.default\">\n\t\t\t\t<div class=\"elementor-widget-container\">\n\t\t\t\t\t\t\t\t\t\t\t\t\t\t\t\t<a href=\"https:\/\/frient.de\/wp-content\/uploads\/old-newsletter\/Frient%20-%2003_2023.html\">\n\t\t\t\t\t\t\t<img loading=\"lazy\" decoding=\"async\" width=\"713\" height=\"401\" src=\"https:\/\/frient.de\/wp-content\/uploads\/2024\/12\/UN755852-1.jpg\" class=\"attachment-large size-large wp-image-10014\" alt=\"\" srcset=\"https:\/\/frient.de\/wp-content\/uploads\/2024\/12\/UN755852-1.jpg 713w, https:\/\/frient.de\/wp-content\/uploads\/2024\/12\/UN755852-1-300x169.jpg 300w\" sizes=\"(max-width: 713px) 100vw, 713px\" \/>\t\t\t\t\t\t\t\t<\/a>\n\t\t\t\t\t\t\t\t\t\t\t\t\t\t\t<\/div>\n\t\t\t\t<\/div>\n\t\t\t\t<\/div>\n\t\t<div class=\"elementor-element elementor-element-665e779 e-con-full e-flex e-con e-child\" data-id=\"665e779\" data-element_type=\"container\" data-e-type=\"container\" data-settings=\"{&quot;jet_parallax_layout_list&quot;:[],&quot;background_background&quot;:&quot;classic&quot;}\">\n\t\t\t\t<div class=\"elementor-element elementor-element-ddc79ce elementor-widget elementor-widget-heading\" data-id=\"ddc79ce\" data-element_type=\"widget\" data-e-type=\"widget\" data-widget_type=\"heading.default\">\n\t\t\t\t<div class=\"elementor-widget-container\">\n\t\t\t\t\t<h5 class=\"elementor-heading-title elementor-size-default\"><a href=\"https:\/\/frient.de\/wp-content\/uploads\/old-newsletter\/Frient%20-%2003_2023.html\">03\/2023<\/a><\/h5>\t\t\t\t<\/div>\n\t\t\t\t<\/div>\n\t\t\t\t<div class=\"elementor-element elementor-element-86d5f87 elementor-widget elementor-widget-text-editor\" data-id=\"86d5f87\" data-element_type=\"widget\" data-e-type=\"widget\" data-widget_type=\"text-editor.default\">\n\t\t\t\t<div class=\"elementor-widget-container\">\n\t\t\t\t\t\t\t\t\tThe rise of Feminist Foreign Policy has opened a door to rethinking approaches to foreign policy. However, the authors of our editorial state, there is still much work to be done to ensure that FFP\u2019s truly challenge existing power structures and promote substantive gender equality, peace and security.\t\t\t\t\t\t\t\t<\/div>\n\t\t\t\t<\/div>\n\t\t\t\t<div class=\"elementor-element elementor-element-dfc0470 elementor-widget elementor-widget-button\" data-id=\"dfc0470\" data-element_type=\"widget\" data-e-type=\"widget\" data-widget_type=\"button.default\">\n\t\t\t\t<div class=\"elementor-widget-container\">\n\t\t\t\t\t\t\t\t\t<div class=\"elementor-button-wrapper\">\n\t\t\t\t\t<a class=\"elementor-button elementor-button-link elementor-size-sm\" href=\"https:\/\/frient.de\/wp-content\/uploads\/old-newsletter\/Frient%20-%2003_2023.html\">\n\t\t\t\t\t\t<span class=\"elementor-button-content-wrapper\">\n\t\t\t\t\t\t<span class=\"elementor-button-icon\">\n\t\t\t\t<i aria-hidden=\"true\" class=\"fas fa-arrow-right\"><\/i>\t\t\t<\/span>\n\t\t\t\t\t\t\t\t\t<span class=\"elementor-button-text\">Newsletter<\/span>\n\t\t\t\t\t<\/span>\n\t\t\t\t\t<\/a>\n\t\t\t\t<\/div>\n\t\t\t\t\t\t\t\t<\/div>\n\t\t\t\t<\/div>\n\t\t\t\t<\/div>\n\t\t\t\t\t<\/div>\n\t\t\t\t<\/div>\n\t\t<div class=\"elementor-element elementor-element-ee22016 e-flex e-con-boxed e-con e-parent\" data-id=\"ee22016\" data-element_type=\"container\" data-e-type=\"container\" data-settings=\"{&quot;jet_parallax_layout_list&quot;:[],&quot;background_background&quot;:&quot;classic&quot;}\">\n\t\t\t\t\t<div class=\"e-con-inner\">\n\t\t<div class=\"elementor-element elementor-element-a44fb4f e-con-full e-flex e-con e-child\" data-id=\"a44fb4f\" data-element_type=\"container\" data-e-type=\"container\" data-settings=\"{&quot;jet_parallax_layout_list&quot;:[],&quot;background_background&quot;:&quot;classic&quot;}\">\n\t\t\t\t<div class=\"elementor-element elementor-element-7134d87 elementor-widget elementor-widget-image\" data-id=\"7134d87\" data-element_type=\"widget\" data-e-type=\"widget\" data-widget_type=\"image.default\">\n\t\t\t\t<div class=\"elementor-widget-container\">\n\t\t\t\t\t\t\t\t\t\t\t\t\t\t\t\t<a href=\"https:\/\/frient.de\/wp-content\/uploads\/old-newsletter\/Frient%20-%2002_2023.html\">\n\t\t\t\t\t\t\t<img loading=\"lazy\" decoding=\"async\" width=\"800\" height=\"450\" src=\"https:\/\/frient.de\/wp-content\/uploads\/2024\/12\/20230217_msc59___3041-1.jpg\" class=\"attachment-large size-large wp-image-10016\" alt=\"\" srcset=\"https:\/\/frient.de\/wp-content\/uploads\/2024\/12\/20230217_msc59___3041-1.jpg 1000w, https:\/\/frient.de\/wp-content\/uploads\/2024\/12\/20230217_msc59___3041-1-300x169.jpg 300w, https:\/\/frient.de\/wp-content\/uploads\/2024\/12\/20230217_msc59___3041-1-768x432.jpg 768w\" sizes=\"(max-width: 800px) 100vw, 800px\" \/>\t\t\t\t\t\t\t\t<\/a>\n\t\t\t\t\t\t\t\t\t\t\t\t\t\t\t<\/div>\n\t\t\t\t<\/div>\n\t\t\t\t<\/div>\n\t\t<div class=\"elementor-element elementor-element-96109c8 e-con-full e-flex e-con e-child\" data-id=\"96109c8\" data-element_type=\"container\" data-e-type=\"container\" data-settings=\"{&quot;jet_parallax_layout_list&quot;:[],&quot;background_background&quot;:&quot;classic&quot;}\">\n\t\t\t\t<div class=\"elementor-element elementor-element-59b9677 elementor-widget elementor-widget-heading\" data-id=\"59b9677\" data-element_type=\"widget\" data-e-type=\"widget\" data-widget_type=\"heading.default\">\n\t\t\t\t<div class=\"elementor-widget-container\">\n\t\t\t\t\t<h5 class=\"elementor-heading-title elementor-size-default\"><a href=\"https:\/\/frient.de\/wp-content\/uploads\/old-newsletter\/Frient%20-%2002_2023.html\">02\/2023<\/a><\/h5>\t\t\t\t<\/div>\n\t\t\t\t<\/div>\n\t\t\t\t<div class=\"elementor-element elementor-element-c5ac341 elementor-widget elementor-widget-text-editor\" data-id=\"c5ac341\" data-element_type=\"widget\" data-e-type=\"widget\" data-widget_type=\"text-editor.default\">\n\t\t\t\t<div class=\"elementor-widget-container\">\n\t\t\t\t\t\t\t\t\tAuf der M\u00fcnchner Sicherheitskonferenz 2023 waren Perspektiven aus dem Globalen S\u00fcden und die Entwicklungspolitik ein sichtbarer Teil des Programms. Was bedeutet diese (neue) Aufmerksamkeit in den sicherheitspolitischen Debatten f\u00fcr die Rolle der Entwicklungspolitik und f\u00fcr den Blick auf die internationale Zusammenarbeit? Der MSC-Bericht gibt dazu Antworten aus der Vergangenheit, die an der politischen Gegenwart vorbeigehen.\t\t\t\t\t\t\t\t<\/div>\n\t\t\t\t<\/div>\n\t\t\t\t<div class=\"elementor-element elementor-element-2576377 elementor-widget elementor-widget-button\" data-id=\"2576377\" data-element_type=\"widget\" data-e-type=\"widget\" data-widget_type=\"button.default\">\n\t\t\t\t<div class=\"elementor-widget-container\">\n\t\t\t\t\t\t\t\t\t<div class=\"elementor-button-wrapper\">\n\t\t\t\t\t<a class=\"elementor-button elementor-button-link elementor-size-sm\" href=\"https:\/\/frient.de\/wp-content\/uploads\/old-newsletter\/Frient%20-%2002_2023.html\">\n\t\t\t\t\t\t<span class=\"elementor-button-content-wrapper\">\n\t\t\t\t\t\t<span class=\"elementor-button-icon\">\n\t\t\t\t<i aria-hidden=\"true\" class=\"fas fa-arrow-right\"><\/i>\t\t\t<\/span>\n\t\t\t\t\t\t\t\t\t<span class=\"elementor-button-text\">Newsletter<\/span>\n\t\t\t\t\t<\/span>\n\t\t\t\t\t<\/a>\n\t\t\t\t<\/div>\n\t\t\t\t\t\t\t\t<\/div>\n\t\t\t\t<\/div>\n\t\t\t\t<\/div>\n\t\t\t\t\t<\/div>\n\t\t\t\t<\/div>\n\t\t<div class=\"elementor-element elementor-element-09fbdb3 e-flex e-con-boxed e-con e-parent\" data-id=\"09fbdb3\" data-element_type=\"container\" data-e-type=\"container\" data-settings=\"{&quot;jet_parallax_layout_list&quot;:[],&quot;background_background&quot;:&quot;classic&quot;}\">\n\t\t\t\t\t<div class=\"e-con-inner\">\n\t\t<div class=\"elementor-element elementor-element-a267eef e-con-full e-flex e-con e-child\" data-id=\"a267eef\" data-element_type=\"container\" data-e-type=\"container\" data-settings=\"{&quot;jet_parallax_layout_list&quot;:[],&quot;background_background&quot;:&quot;classic&quot;}\">\n\t\t\t\t<div class=\"elementor-element elementor-element-a677681 elementor-widget elementor-widget-image\" data-id=\"a677681\" data-element_type=\"widget\" data-e-type=\"widget\" data-widget_type=\"image.default\">\n\t\t\t\t<div class=\"elementor-widget-container\">\n\t\t\t\t\t\t\t\t\t\t\t\t\t\t\t\t<a href=\"https:\/\/frient.de\/wp-content\/uploads\/old-newsletter\/Frient%20-%2001_2023.html\">\n\t\t\t\t\t\t\t<img loading=\"lazy\" decoding=\"async\" width=\"800\" height=\"450\" src=\"https:\/\/frient.de\/wp-content\/uploads\/2024\/12\/iran_protester-1.png\" class=\"attachment-large size-large wp-image-10018\" alt=\"\" srcset=\"https:\/\/frient.de\/wp-content\/uploads\/2024\/12\/iran_protester-1.png 1000w, https:\/\/frient.de\/wp-content\/uploads\/2024\/12\/iran_protester-1-300x169.png 300w, https:\/\/frient.de\/wp-content\/uploads\/2024\/12\/iran_protester-1-768x432.png 768w\" sizes=\"(max-width: 800px) 100vw, 800px\" \/>\t\t\t\t\t\t\t\t<\/a>\n\t\t\t\t\t\t\t\t\t\t\t\t\t\t\t<\/div>\n\t\t\t\t<\/div>\n\t\t\t\t<\/div>\n\t\t<div class=\"elementor-element elementor-element-74242ae e-con-full e-flex e-con e-child\" data-id=\"74242ae\" data-element_type=\"container\" data-e-type=\"container\" data-settings=\"{&quot;jet_parallax_layout_list&quot;:[],&quot;background_background&quot;:&quot;classic&quot;}\">\n\t\t\t\t<div class=\"elementor-element elementor-element-710ffb4 elementor-widget elementor-widget-heading\" data-id=\"710ffb4\" data-element_type=\"widget\" data-e-type=\"widget\" data-widget_type=\"heading.default\">\n\t\t\t\t<div class=\"elementor-widget-container\">\n\t\t\t\t\t<h5 class=\"elementor-heading-title elementor-size-default\"><a href=\"https:\/\/frient.de\/wp-content\/uploads\/old-newsletter\/Frient%20-%2001_2023.html\">01\/2023<\/a><\/h5>\t\t\t\t<\/div>\n\t\t\t\t<\/div>\n\t\t\t\t<div class=\"elementor-element elementor-element-9a2cd93 elementor-widget elementor-widget-text-editor\" data-id=\"9a2cd93\" data-element_type=\"widget\" data-e-type=\"widget\" data-widget_type=\"text-editor.default\">\n\t\t\t\t<div class=\"elementor-widget-container\">\n\t\t\t\t\t\t\t\t\t<p>Jina Mahsa Amini&#8217;s death has sparked nationwide, fearless protests against the regime in Iran, especially by women. The system is fighting back, executing protesters almost every day. Impulse author Zahra Bahadivand Chegini observes that people are not afraid of being arrested, tortured or killed this time. They want to overthrow the regime. However, she would like to see more support from the international community.<\/p>\t\t\t\t\t\t\t\t<\/div>\n\t\t\t\t<\/div>\n\t\t\t\t<div class=\"elementor-element elementor-element-2193e59 elementor-widget elementor-widget-button\" data-id=\"2193e59\" data-element_type=\"widget\" data-e-type=\"widget\" data-widget_type=\"button.default\">\n\t\t\t\t<div class=\"elementor-widget-container\">\n\t\t\t\t\t\t\t\t\t<div class=\"elementor-button-wrapper\">\n\t\t\t\t\t<a class=\"elementor-button elementor-button-link elementor-size-sm\" href=\"https:\/\/frient.de\/wp-content\/uploads\/old-newsletter\/Frient%20-%2001_2023.html\">\n\t\t\t\t\t\t<span class=\"elementor-button-content-wrapper\">\n\t\t\t\t\t\t<span class=\"elementor-button-icon\">\n\t\t\t\t<i aria-hidden=\"true\" class=\"fas fa-arrow-right\"><\/i>\t\t\t<\/span>\n\t\t\t\t\t\t\t\t\t<span class=\"elementor-button-text\">Newsletter<\/span>\n\t\t\t\t\t<\/span>\n\t\t\t\t\t<\/a>\n\t\t\t\t<\/div>\n\t\t\t\t\t\t\t\t<\/div>\n\t\t\t\t<\/div>\n\t\t\t\t<\/div>\n\t\t\t\t\t<\/div>\n\t\t\t\t<\/div>\n\t\t<div class=\"elementor-element elementor-element-2089bda e-flex e-con-boxed e-con e-parent\" data-id=\"2089bda\" data-element_type=\"container\" data-e-type=\"container\" data-settings=\"{&quot;jet_parallax_layout_list&quot;:[],&quot;background_background&quot;:&quot;classic&quot;}\">\n\t\t\t\t\t<div class=\"e-con-inner\">\n\t\t<div class=\"elementor-element elementor-element-eca9433 e-con-full e-flex e-con e-child\" data-id=\"eca9433\" data-element_type=\"container\" data-e-type=\"container\" data-settings=\"{&quot;jet_parallax_layout_list&quot;:[],&quot;background_background&quot;:&quot;classic&quot;}\">\n\t\t\t\t<div class=\"elementor-element elementor-element-3bb0ba5 elementor-widget elementor-widget-image\" data-id=\"3bb0ba5\" data-element_type=\"widget\" data-e-type=\"widget\" data-widget_type=\"image.default\">\n\t\t\t\t<div class=\"elementor-widget-container\">\n\t\t\t\t\t\t\t\t\t\t\t\t\t\t\t\t<a href=\"https:\/\/frient.de\/wp-content\/uploads\/old-newsletter\/Frient%20-%2010_2022.html\">\n\t\t\t\t\t\t\t<img loading=\"lazy\" decoding=\"async\" width=\"800\" height=\"300\" src=\"https:\/\/frient.de\/wp-content\/uploads\/2024\/12\/1668673774512_20221116_EP-140283B_FACTSTORY_073-1-1.jpg\" class=\"attachment-large size-large wp-image-10023\" alt=\"\" srcset=\"https:\/\/frient.de\/wp-content\/uploads\/2024\/12\/1668673774512_20221116_EP-140283B_FACTSTORY_073-1-1.jpg 1000w, https:\/\/frient.de\/wp-content\/uploads\/2024\/12\/1668673774512_20221116_EP-140283B_FACTSTORY_073-1-1-300x113.jpg 300w, https:\/\/frient.de\/wp-content\/uploads\/2024\/12\/1668673774512_20221116_EP-140283B_FACTSTORY_073-1-1-768x288.jpg 768w\" sizes=\"(max-width: 800px) 100vw, 800px\" \/>\t\t\t\t\t\t\t\t<\/a>\n\t\t\t\t\t\t\t\t\t\t\t\t\t\t\t<\/div>\n\t\t\t\t<\/div>\n\t\t\t\t<\/div>\n\t\t<div class=\"elementor-element elementor-element-b032dbf e-con-full e-flex e-con e-child\" data-id=\"b032dbf\" data-element_type=\"container\" data-e-type=\"container\" data-settings=\"{&quot;jet_parallax_layout_list&quot;:[],&quot;background_background&quot;:&quot;classic&quot;}\">\n\t\t\t\t<div class=\"elementor-element elementor-element-bd12846 elementor-widget elementor-widget-heading\" data-id=\"bd12846\" data-element_type=\"widget\" data-e-type=\"widget\" data-widget_type=\"heading.default\">\n\t\t\t\t<div class=\"elementor-widget-container\">\n\t\t\t\t\t<h5 class=\"elementor-heading-title elementor-size-default\"><a href=\"https:\/\/frient.de\/wp-content\/uploads\/old-newsletter\/Frient%20-%2010_2022.html\">10\/2022<\/a><\/h5>\t\t\t\t<\/div>\n\t\t\t\t<\/div>\n\t\t\t\t<div class=\"elementor-element elementor-element-07bdbc1 elementor-widget elementor-widget-text-editor\" data-id=\"07bdbc1\" data-element_type=\"widget\" data-e-type=\"widget\" data-widget_type=\"text-editor.default\">\n\t\t\t\t<div class=\"elementor-widget-container\">\n\t\t\t\t\t\t\t\t\tEuropa kauft weltweit fossile Brennstoffe, um die Versorgung von Wirtschaft und Gesellschaft zu sichern. Steigende Energiepreise treffen besonders L\u00e4nder im Globalen S\u00fcden. Die ohnehin schon prek\u00e4re Lage wird weiter versch\u00e4rft und das Konfliktpotential steigt. Doch auch ein Fokus auf erneuerbare Energien schafft hier keine Abhilfe, denn auch die Energiewende bringt einen ansteigenden Ressourcenbedarf mit sich. Der Wettbewerb um diese Ressourcen sorgt bereits jetzt f\u00fcr bewaffnete Konflikte.\t\t\t\t\t\t\t\t<\/div>\n\t\t\t\t<\/div>\n\t\t\t\t<div class=\"elementor-element elementor-element-acb7dc2 elementor-widget elementor-widget-button\" data-id=\"acb7dc2\" data-element_type=\"widget\" data-e-type=\"widget\" data-widget_type=\"button.default\">\n\t\t\t\t<div class=\"elementor-widget-container\">\n\t\t\t\t\t\t\t\t\t<div class=\"elementor-button-wrapper\">\n\t\t\t\t\t<a class=\"elementor-button elementor-button-link elementor-size-sm\" href=\"https:\/\/frient.de\/wp-content\/uploads\/old-newsletter\/Frient%20-%2010_2022.html\">\n\t\t\t\t\t\t<span class=\"elementor-button-content-wrapper\">\n\t\t\t\t\t\t<span class=\"elementor-button-icon\">\n\t\t\t\t<i aria-hidden=\"true\" class=\"fas fa-arrow-right\"><\/i>\t\t\t<\/span>\n\t\t\t\t\t\t\t\t\t<span class=\"elementor-button-text\">Newsletter<\/span>\n\t\t\t\t\t<\/span>\n\t\t\t\t\t<\/a>\n\t\t\t\t<\/div>\n\t\t\t\t\t\t\t\t<\/div>\n\t\t\t\t<\/div>\n\t\t\t\t<\/div>\n\t\t\t\t\t<\/div>\n\t\t\t\t<\/div>\n\t\t<div class=\"elementor-element elementor-element-0cae295 e-flex e-con-boxed e-con e-parent\" data-id=\"0cae295\" data-element_type=\"container\" data-e-type=\"container\" data-settings=\"{&quot;jet_parallax_layout_list&quot;:[],&quot;background_background&quot;:&quot;classic&quot;}\">\n\t\t\t\t\t<div class=\"e-con-inner\">\n\t\t<div class=\"elementor-element elementor-element-4697eb6 e-con-full e-flex e-con e-child\" data-id=\"4697eb6\" data-element_type=\"container\" data-e-type=\"container\" data-settings=\"{&quot;jet_parallax_layout_list&quot;:[],&quot;background_background&quot;:&quot;classic&quot;}\">\n\t\t\t\t<div class=\"elementor-element elementor-element-199260a elementor-widget elementor-widget-image\" data-id=\"199260a\" data-element_type=\"widget\" data-e-type=\"widget\" data-widget_type=\"image.default\">\n\t\t\t\t<div class=\"elementor-widget-container\">\n\t\t\t\t\t\t\t\t\t\t\t\t\t\t\t\t<a href=\"https:\/\/frient.de\/wp-content\/uploads\/old-newsletter\/Frient%20-%209_2022.html\">\n\t\t\t\t\t\t\t<img loading=\"lazy\" decoding=\"async\" width=\"800\" height=\"450\" src=\"https:\/\/frient.de\/wp-content\/uploads\/2024\/12\/IMG_1337-1-1-1.png\" class=\"attachment-large size-large wp-image-10025\" alt=\"\" srcset=\"https:\/\/frient.de\/wp-content\/uploads\/2024\/12\/IMG_1337-1-1-1.png 1000w, https:\/\/frient.de\/wp-content\/uploads\/2024\/12\/IMG_1337-1-1-1-300x169.png 300w, https:\/\/frient.de\/wp-content\/uploads\/2024\/12\/IMG_1337-1-1-1-768x432.png 768w\" sizes=\"(max-width: 800px) 100vw, 800px\" \/>\t\t\t\t\t\t\t\t<\/a>\n\t\t\t\t\t\t\t\t\t\t\t\t\t\t\t<\/div>\n\t\t\t\t<\/div>\n\t\t\t\t<\/div>\n\t\t<div class=\"elementor-element elementor-element-7449785 e-con-full e-flex e-con e-child\" data-id=\"7449785\" data-element_type=\"container\" data-e-type=\"container\" data-settings=\"{&quot;jet_parallax_layout_list&quot;:[],&quot;background_background&quot;:&quot;classic&quot;}\">\n\t\t\t\t<div class=\"elementor-element elementor-element-07ac9ad elementor-widget elementor-widget-heading\" data-id=\"07ac9ad\" data-element_type=\"widget\" data-e-type=\"widget\" data-widget_type=\"heading.default\">\n\t\t\t\t<div class=\"elementor-widget-container\">\n\t\t\t\t\t<h5 class=\"elementor-heading-title elementor-size-default\"><a href=\"https:\/\/frient.de\/wp-content\/uploads\/old-newsletter\/Frient%20-%209_2022.html\">09\/2022<\/a><\/h5>\t\t\t\t<\/div>\n\t\t\t\t<\/div>\n\t\t\t\t<div class=\"elementor-element elementor-element-2c87bcb elementor-widget elementor-widget-text-editor\" data-id=\"2c87bcb\" data-element_type=\"widget\" data-e-type=\"widget\" data-widget_type=\"text-editor.default\">\n\t\t\t\t<div class=\"elementor-widget-container\">\n\t\t\t\t\t\t\t\t\tAserbaidschan greift Armenien an, die EU reagiert nicht und entscheidet sich f\u00fcr den Schutz einer \u00d6l-Diktatur \u2013 und gegen Menschenrechte.\t\t\t\t\t\t\t\t<\/div>\n\t\t\t\t<\/div>\n\t\t\t\t<div class=\"elementor-element elementor-element-05f0ea5 elementor-widget elementor-widget-button\" data-id=\"05f0ea5\" data-element_type=\"widget\" data-e-type=\"widget\" data-widget_type=\"button.default\">\n\t\t\t\t<div class=\"elementor-widget-container\">\n\t\t\t\t\t\t\t\t\t<div class=\"elementor-button-wrapper\">\n\t\t\t\t\t<a class=\"elementor-button elementor-button-link elementor-size-sm\" href=\"https:\/\/frient.de\/wp-content\/uploads\/old-newsletter\/Frient%20-%209_2022.html\">\n\t\t\t\t\t\t<span class=\"elementor-button-content-wrapper\">\n\t\t\t\t\t\t<span class=\"elementor-button-icon\">\n\t\t\t\t<i aria-hidden=\"true\" class=\"fas fa-arrow-right\"><\/i>\t\t\t<\/span>\n\t\t\t\t\t\t\t\t\t<span class=\"elementor-button-text\">Newsletter<\/span>\n\t\t\t\t\t<\/span>\n\t\t\t\t\t<\/a>\n\t\t\t\t<\/div>\n\t\t\t\t\t\t\t\t<\/div>\n\t\t\t\t<\/div>\n\t\t\t\t<\/div>\n\t\t\t\t\t<\/div>\n\t\t\t\t<\/div>\n\t\t<div class=\"elementor-element elementor-element-5391fb5 e-flex e-con-boxed e-con e-parent\" data-id=\"5391fb5\" data-element_type=\"container\" data-e-type=\"container\" data-settings=\"{&quot;jet_parallax_layout_list&quot;:[],&quot;background_background&quot;:&quot;classic&quot;}\">\n\t\t\t\t\t<div class=\"e-con-inner\">\n\t\t<div class=\"elementor-element elementor-element-60f96ed e-con-full e-flex e-con e-child\" data-id=\"60f96ed\" data-element_type=\"container\" data-e-type=\"container\" data-settings=\"{&quot;jet_parallax_layout_list&quot;:[],&quot;background_background&quot;:&quot;classic&quot;}\">\n\t\t\t\t<div class=\"elementor-element elementor-element-7e088a9 elementor-widget elementor-widget-image\" data-id=\"7e088a9\" data-element_type=\"widget\" data-e-type=\"widget\" data-widget_type=\"image.default\">\n\t\t\t\t<div class=\"elementor-widget-container\">\n\t\t\t\t\t\t\t\t\t\t\t\t\t\t\t\t<a href=\"https:\/\/frient.de\/wp-content\/uploads\/old-newsletter\/Frient%20-%208_2022.html\">\n\t\t\t\t\t\t\t<img loading=\"lazy\" decoding=\"async\" width=\"800\" height=\"450\" src=\"https:\/\/frient.de\/wp-content\/uploads\/2024\/12\/bernie-almanzar-cHbl5Av_Agk-unsplash-1.jpg\" class=\"attachment-large size-large wp-image-10027\" alt=\"\" srcset=\"https:\/\/frient.de\/wp-content\/uploads\/2024\/12\/bernie-almanzar-cHbl5Av_Agk-unsplash-1.jpg 1000w, https:\/\/frient.de\/wp-content\/uploads\/2024\/12\/bernie-almanzar-cHbl5Av_Agk-unsplash-1-300x169.jpg 300w, https:\/\/frient.de\/wp-content\/uploads\/2024\/12\/bernie-almanzar-cHbl5Av_Agk-unsplash-1-768x432.jpg 768w\" sizes=\"(max-width: 800px) 100vw, 800px\" \/>\t\t\t\t\t\t\t\t<\/a>\n\t\t\t\t\t\t\t\t\t\t\t\t\t\t\t<\/div>\n\t\t\t\t<\/div>\n\t\t\t\t<\/div>\n\t\t<div class=\"elementor-element elementor-element-c062fbb e-con-full e-flex e-con e-child\" data-id=\"c062fbb\" data-element_type=\"container\" data-e-type=\"container\" data-settings=\"{&quot;jet_parallax_layout_list&quot;:[],&quot;background_background&quot;:&quot;classic&quot;}\">\n\t\t\t\t<div class=\"elementor-element elementor-element-5f0e6fc elementor-widget elementor-widget-heading\" data-id=\"5f0e6fc\" data-element_type=\"widget\" data-e-type=\"widget\" data-widget_type=\"heading.default\">\n\t\t\t\t<div class=\"elementor-widget-container\">\n\t\t\t\t\t<h5 class=\"elementor-heading-title elementor-size-default\"><a href=\"https:\/\/frient.de\/wp-content\/uploads\/old-newsletter\/Frient%20-%208_2022.html\">08\/2022<\/a><\/h5>\t\t\t\t<\/div>\n\t\t\t\t<\/div>\n\t\t\t\t<div class=\"elementor-element elementor-element-ffc3f0c elementor-widget elementor-widget-text-editor\" data-id=\"ffc3f0c\" data-element_type=\"widget\" data-e-type=\"widget\" data-widget_type=\"text-editor.default\">\n\t\t\t\t<div class=\"elementor-widget-container\">\n\t\t\t\t\t\t\t\t\tIn unsicheren Zeiten lauert Verunsicherung hinter jeder Ecke. Universalantworten l\u00f6sen allerdings keine vielschichtigen Probleme. Anstatt simplifizierendem Populismus und angeblicher Alternativlosigkeit wird Mut zu Schattierung und diskursiver Austausch ben\u00f6tigt, um den Herausforderungen der Zeit zu begegnen.\t\t\t\t\t\t\t\t<\/div>\n\t\t\t\t<\/div>\n\t\t\t\t<div class=\"elementor-element elementor-element-2e378d1 elementor-widget elementor-widget-button\" data-id=\"2e378d1\" data-element_type=\"widget\" data-e-type=\"widget\" data-widget_type=\"button.default\">\n\t\t\t\t<div class=\"elementor-widget-container\">\n\t\t\t\t\t\t\t\t\t<div class=\"elementor-button-wrapper\">\n\t\t\t\t\t<a class=\"elementor-button elementor-button-link elementor-size-sm\" href=\"https:\/\/frient.de\/wp-content\/uploads\/old-newsletter\/Frient%20-%208_2022.html\">\n\t\t\t\t\t\t<span class=\"elementor-button-content-wrapper\">\n\t\t\t\t\t\t<span class=\"elementor-button-icon\">\n\t\t\t\t<i aria-hidden=\"true\" class=\"fas fa-arrow-right\"><\/i>\t\t\t<\/span>\n\t\t\t\t\t\t\t\t\t<span class=\"elementor-button-text\">Newsletter<\/span>\n\t\t\t\t\t<\/span>\n\t\t\t\t\t<\/a>\n\t\t\t\t<\/div>\n\t\t\t\t\t\t\t\t<\/div>\n\t\t\t\t<\/div>\n\t\t\t\t<\/div>\n\t\t\t\t\t<\/div>\n\t\t\t\t<\/div>\n\t\t<div class=\"elementor-element elementor-element-ef003f0 e-flex e-con-boxed e-con e-parent\" data-id=\"ef003f0\" data-element_type=\"container\" data-e-type=\"container\" data-settings=\"{&quot;jet_parallax_layout_list&quot;:[],&quot;background_background&quot;:&quot;classic&quot;}\">\n\t\t\t\t\t<div class=\"e-con-inner\">\n\t\t<div class=\"elementor-element elementor-element-1e42740 e-con-full e-flex e-con e-child\" data-id=\"1e42740\" data-element_type=\"container\" data-e-type=\"container\" data-settings=\"{&quot;jet_parallax_layout_list&quot;:[],&quot;background_background&quot;:&quot;classic&quot;}\">\n\t\t\t\t<div class=\"elementor-element elementor-element-acd49eb elementor-widget elementor-widget-image\" data-id=\"acd49eb\" data-element_type=\"widget\" data-e-type=\"widget\" data-widget_type=\"image.default\">\n\t\t\t\t<div class=\"elementor-widget-container\">\n\t\t\t\t\t\t\t\t\t\t\t\t\t\t\t\t<a href=\"https:\/\/frient.de\/wp-content\/uploads\/old-newsletter\/Frient%20-%207_2022.html\">\n\t\t\t\t\t\t\t<img loading=\"lazy\" decoding=\"async\" width=\"640\" height=\"360\" src=\"https:\/\/frient.de\/wp-content\/uploads\/2024\/12\/gaspar-uhas-3sota8eWAv8-unsplash_klein-1.png\" class=\"attachment-large size-large wp-image-10029\" alt=\"\" srcset=\"https:\/\/frient.de\/wp-content\/uploads\/2024\/12\/gaspar-uhas-3sota8eWAv8-unsplash_klein-1.png 640w, https:\/\/frient.de\/wp-content\/uploads\/2024\/12\/gaspar-uhas-3sota8eWAv8-unsplash_klein-1-300x169.png 300w\" sizes=\"(max-width: 640px) 100vw, 640px\" \/>\t\t\t\t\t\t\t\t<\/a>\n\t\t\t\t\t\t\t\t\t\t\t\t\t\t\t<\/div>\n\t\t\t\t<\/div>\n\t\t\t\t<\/div>\n\t\t<div class=\"elementor-element elementor-element-1f50e55 e-con-full e-flex e-con e-child\" data-id=\"1f50e55\" data-element_type=\"container\" data-e-type=\"container\" data-settings=\"{&quot;jet_parallax_layout_list&quot;:[],&quot;background_background&quot;:&quot;classic&quot;}\">\n\t\t\t\t<div class=\"elementor-element elementor-element-94c84c4 elementor-widget elementor-widget-heading\" data-id=\"94c84c4\" data-element_type=\"widget\" data-e-type=\"widget\" data-widget_type=\"heading.default\">\n\t\t\t\t<div class=\"elementor-widget-container\">\n\t\t\t\t\t<h5 class=\"elementor-heading-title elementor-size-default\"><a href=\"https:\/\/frient.de\/wp-content\/uploads\/old-newsletter\/Frient%20-%207_2022.html\">07\/2022<\/a><\/h5>\t\t\t\t<\/div>\n\t\t\t\t<\/div>\n\t\t\t\t<div class=\"elementor-element elementor-element-cdd5628 elementor-widget elementor-widget-text-editor\" data-id=\"cdd5628\" data-element_type=\"widget\" data-e-type=\"widget\" data-widget_type=\"text-editor.default\">\n\t\t\t\t<div class=\"elementor-widget-container\">\n\t\t\t\t\t\t\t\t\tUnterschiedliche Perspektiven, politische Zielkonflikte und die Gleichzeitigkeit von Kooperation und Konflikt mit Akteuren aus dem Globalen S\u00fcden standen im Mittelpunkt einer FriEnt-Diskussion zu den Folgen der Zeitenwende f\u00fcr die Zusammenarbeit mit Partnerl\u00e4ndern. Die zentrale Botschaft: Ambivalenzen zulassen, Dilemmata kommunizieren und einen \u201eunverkrampften\u201c Umgang mit den eigenen politischen Interessen und Priorit\u00e4ten finden.\t\t\t\t\t\t\t\t<\/div>\n\t\t\t\t<\/div>\n\t\t\t\t<div class=\"elementor-element elementor-element-bd4011c elementor-widget elementor-widget-button\" data-id=\"bd4011c\" data-element_type=\"widget\" data-e-type=\"widget\" data-widget_type=\"button.default\">\n\t\t\t\t<div class=\"elementor-widget-container\">\n\t\t\t\t\t\t\t\t\t<div class=\"elementor-button-wrapper\">\n\t\t\t\t\t<a class=\"elementor-button elementor-button-link elementor-size-sm\" href=\"https:\/\/frient.de\/wp-content\/uploads\/old-newsletter\/Frient%20-%207_2022.html\">\n\t\t\t\t\t\t<span class=\"elementor-button-content-wrapper\">\n\t\t\t\t\t\t<span class=\"elementor-button-icon\">\n\t\t\t\t<i aria-hidden=\"true\" class=\"fas fa-arrow-right\"><\/i>\t\t\t<\/span>\n\t\t\t\t\t\t\t\t\t<span class=\"elementor-button-text\">Newsletter<\/span>\n\t\t\t\t\t<\/span>\n\t\t\t\t\t<\/a>\n\t\t\t\t<\/div>\n\t\t\t\t\t\t\t\t<\/div>\n\t\t\t\t<\/div>\n\t\t\t\t<\/div>\n\t\t\t\t\t<\/div>\n\t\t\t\t<\/div>\n\t\t<div class=\"elementor-element elementor-element-0356b76 e-flex e-con-boxed e-con e-parent\" data-id=\"0356b76\" data-element_type=\"container\" data-e-type=\"container\" data-settings=\"{&quot;jet_parallax_layout_list&quot;:[],&quot;background_background&quot;:&quot;classic&quot;}\">\n\t\t\t\t\t<div class=\"e-con-inner\">\n\t\t<div class=\"elementor-element elementor-element-7eb471d e-con-full e-flex e-con e-child\" data-id=\"7eb471d\" data-element_type=\"container\" data-e-type=\"container\" data-settings=\"{&quot;jet_parallax_layout_list&quot;:[],&quot;background_background&quot;:&quot;classic&quot;}\">\n\t\t\t\t<div class=\"elementor-element elementor-element-46e99e7 elementor-widget elementor-widget-image\" data-id=\"46e99e7\" data-element_type=\"widget\" data-e-type=\"widget\" data-widget_type=\"image.default\">\n\t\t\t\t<div class=\"elementor-widget-container\">\n\t\t\t\t\t\t\t\t\t\t\t\t\t\t\t\t<a href=\"https:\/\/frient.de\/wp-content\/uploads\/old-newsletter\/Frient%20-%206_2022.html\">\n\t\t\t\t\t\t\t<img loading=\"lazy\" decoding=\"async\" width=\"800\" height=\"450\" src=\"https:\/\/frient.de\/wp-content\/uploads\/2024\/12\/nathaniel-tetteh-eMZS62sfCDo-unsplash-1.png\" class=\"attachment-large size-large wp-image-10031\" alt=\"\" srcset=\"https:\/\/frient.de\/wp-content\/uploads\/2024\/12\/nathaniel-tetteh-eMZS62sfCDo-unsplash-1.png 1000w, https:\/\/frient.de\/wp-content\/uploads\/2024\/12\/nathaniel-tetteh-eMZS62sfCDo-unsplash-1-300x169.png 300w, https:\/\/frient.de\/wp-content\/uploads\/2024\/12\/nathaniel-tetteh-eMZS62sfCDo-unsplash-1-768x432.png 768w\" sizes=\"(max-width: 800px) 100vw, 800px\" \/>\t\t\t\t\t\t\t\t<\/a>\n\t\t\t\t\t\t\t\t\t\t\t\t\t\t\t<\/div>\n\t\t\t\t<\/div>\n\t\t\t\t<\/div>\n\t\t<div class=\"elementor-element elementor-element-d52f8dd e-con-full e-flex e-con e-child\" data-id=\"d52f8dd\" data-element_type=\"container\" data-e-type=\"container\" data-settings=\"{&quot;jet_parallax_layout_list&quot;:[],&quot;background_background&quot;:&quot;classic&quot;}\">\n\t\t\t\t<div class=\"elementor-element elementor-element-10112d0 elementor-widget elementor-widget-heading\" data-id=\"10112d0\" data-element_type=\"widget\" data-e-type=\"widget\" data-widget_type=\"heading.default\">\n\t\t\t\t<div class=\"elementor-widget-container\">\n\t\t\t\t\t<h5 class=\"elementor-heading-title elementor-size-default\"><a href=\"https:\/\/frient.de\/wp-content\/uploads\/old-newsletter\/Frient%20-%206_2022.html\">06\/2022<\/a><\/h5>\t\t\t\t<\/div>\n\t\t\t\t<\/div>\n\t\t\t\t<div class=\"elementor-element elementor-element-6bfaff5 elementor-widget elementor-widget-text-editor\" data-id=\"6bfaff5\" data-element_type=\"widget\" data-e-type=\"widget\" data-widget_type=\"text-editor.default\">\n\t\t\t\t<div class=\"elementor-widget-container\">\n\t\t\t\t\t\t\t\t\tKorruption verhindert h\u00e4ufig die Demokratisierung und Stabilisierung von Post-Konflikt-Gesellschaften. Dennoch ignorieren viele Friedensakteure Korruption. Sie versuchen Gewalt zun\u00e4chst zu beenden, ohne \u201akorruptionssensibel\u2018 vorzugehen. Joshua Rogers argumentiert, dass Friedensakteure nicht nur konfliktsensibel, sondern auch korruptionssensibel vorgehen sollten und tritt daf\u00fcr ein, Antikorruptions- und Friedensarbeit zusammen zu bringen.\t\t\t\t\t\t\t\t<\/div>\n\t\t\t\t<\/div>\n\t\t\t\t<div class=\"elementor-element elementor-element-c214177 elementor-widget elementor-widget-button\" data-id=\"c214177\" data-element_type=\"widget\" data-e-type=\"widget\" data-widget_type=\"button.default\">\n\t\t\t\t<div class=\"elementor-widget-container\">\n\t\t\t\t\t\t\t\t\t<div class=\"elementor-button-wrapper\">\n\t\t\t\t\t<a class=\"elementor-button elementor-button-link elementor-size-sm\" href=\"https:\/\/frient.de\/wp-content\/uploads\/old-newsletter\/Frient%20-%206_2022.html\">\n\t\t\t\t\t\t<span class=\"elementor-button-content-wrapper\">\n\t\t\t\t\t\t<span class=\"elementor-button-icon\">\n\t\t\t\t<i aria-hidden=\"true\" class=\"fas fa-arrow-right\"><\/i>\t\t\t<\/span>\n\t\t\t\t\t\t\t\t\t<span class=\"elementor-button-text\">Newsletter<\/span>\n\t\t\t\t\t<\/span>\n\t\t\t\t\t<\/a>\n\t\t\t\t<\/div>\n\t\t\t\t\t\t\t\t<\/div>\n\t\t\t\t<\/div>\n\t\t\t\t<\/div>\n\t\t\t\t\t<\/div>\n\t\t\t\t<\/div>\n\t\t<div class=\"elementor-element elementor-element-96bc253 e-flex e-con-boxed e-con e-parent\" data-id=\"96bc253\" data-element_type=\"container\" data-e-type=\"container\" data-settings=\"{&quot;jet_parallax_layout_list&quot;:[],&quot;background_background&quot;:&quot;classic&quot;}\">\n\t\t\t\t\t<div class=\"e-con-inner\">\n\t\t<div class=\"elementor-element elementor-element-9e92f2e e-con-full e-flex e-con e-child\" data-id=\"9e92f2e\" data-element_type=\"container\" data-e-type=\"container\" data-settings=\"{&quot;jet_parallax_layout_list&quot;:[],&quot;background_background&quot;:&quot;classic&quot;}\">\n\t\t\t\t<div class=\"elementor-element elementor-element-763736f elementor-widget elementor-widget-image\" data-id=\"763736f\" data-element_type=\"widget\" data-e-type=\"widget\" data-widget_type=\"image.default\">\n\t\t\t\t<div class=\"elementor-widget-container\">\n\t\t\t\t\t\t\t\t\t\t\t\t\t\t\t\t<a href=\"https:\/\/frient.de\/wp-content\/uploads\/old-newsletter\/Frient%20-%2005_2022.html\">\n\t\t\t\t\t\t\t<img loading=\"lazy\" decoding=\"async\" width=\"800\" height=\"400\" src=\"https:\/\/frient.de\/wp-content\/uploads\/2024\/12\/duy-pham-Cecb0_8Hx-o-unsplash-1.jpg\" class=\"attachment-large size-large wp-image-10033\" alt=\"\" srcset=\"https:\/\/frient.de\/wp-content\/uploads\/2024\/12\/duy-pham-Cecb0_8Hx-o-unsplash-1.jpg 1000w, https:\/\/frient.de\/wp-content\/uploads\/2024\/12\/duy-pham-Cecb0_8Hx-o-unsplash-1-300x150.jpg 300w, https:\/\/frient.de\/wp-content\/uploads\/2024\/12\/duy-pham-Cecb0_8Hx-o-unsplash-1-768x384.jpg 768w\" sizes=\"(max-width: 800px) 100vw, 800px\" \/>\t\t\t\t\t\t\t\t<\/a>\n\t\t\t\t\t\t\t\t\t\t\t\t\t\t\t<\/div>\n\t\t\t\t<\/div>\n\t\t\t\t<\/div>\n\t\t<div class=\"elementor-element elementor-element-d91d246 e-con-full e-flex e-con e-child\" data-id=\"d91d246\" data-element_type=\"container\" data-e-type=\"container\" data-settings=\"{&quot;jet_parallax_layout_list&quot;:[],&quot;background_background&quot;:&quot;classic&quot;}\">\n\t\t\t\t<div class=\"elementor-element elementor-element-62e05f9 elementor-widget elementor-widget-heading\" data-id=\"62e05f9\" data-element_type=\"widget\" data-e-type=\"widget\" data-widget_type=\"heading.default\">\n\t\t\t\t<div class=\"elementor-widget-container\">\n\t\t\t\t\t<h5 class=\"elementor-heading-title elementor-size-default\"><a href=\"https:\/\/frient.de\/wp-content\/uploads\/old-newsletter\/Frient%20-%2005_2022.html\">05\/2022<\/a><\/h5>\t\t\t\t<\/div>\n\t\t\t\t<\/div>\n\t\t\t\t<div class=\"elementor-element elementor-element-dffc64c elementor-widget elementor-widget-text-editor\" data-id=\"dffc64c\" data-element_type=\"widget\" data-e-type=\"widget\" data-widget_type=\"text-editor.default\">\n\t\t\t\t<div class=\"elementor-widget-container\">\n\t\t\t\t\t\t\t\t\tThe future of climate change response and sustainable development must integrate peace and conflict sensitivity responses and the future of peacebuilding and peacemaking must integrate climate change and natural resources. Our siloed approach simply will not work to address the growing intensity of the challenges we face.\t\t\t\t\t\t\t\t<\/div>\n\t\t\t\t<\/div>\n\t\t\t\t<div class=\"elementor-element elementor-element-77658b9 elementor-widget elementor-widget-button\" data-id=\"77658b9\" data-element_type=\"widget\" data-e-type=\"widget\" data-widget_type=\"button.default\">\n\t\t\t\t<div class=\"elementor-widget-container\">\n\t\t\t\t\t\t\t\t\t<div class=\"elementor-button-wrapper\">\n\t\t\t\t\t<a class=\"elementor-button elementor-button-link elementor-size-sm\" href=\"https:\/\/frient.de\/wp-content\/uploads\/old-newsletter\/Frient%20-%2005_2022.html\">\n\t\t\t\t\t\t<span class=\"elementor-button-content-wrapper\">\n\t\t\t\t\t\t<span class=\"elementor-button-icon\">\n\t\t\t\t<i aria-hidden=\"true\" class=\"fas fa-arrow-right\"><\/i>\t\t\t<\/span>\n\t\t\t\t\t\t\t\t\t<span class=\"elementor-button-text\">Newsletter<\/span>\n\t\t\t\t\t<\/span>\n\t\t\t\t\t<\/a>\n\t\t\t\t<\/div>\n\t\t\t\t\t\t\t\t<\/div>\n\t\t\t\t<\/div>\n\t\t\t\t<\/div>\n\t\t\t\t\t<\/div>\n\t\t\t\t<\/div>\n\t\t<div class=\"elementor-element elementor-element-3bdc544 e-flex e-con-boxed e-con e-parent\" data-id=\"3bdc544\" data-element_type=\"container\" data-e-type=\"container\" data-settings=\"{&quot;jet_parallax_layout_list&quot;:[],&quot;background_background&quot;:&quot;classic&quot;}\">\n\t\t\t\t\t<div class=\"e-con-inner\">\n\t\t<div class=\"elementor-element elementor-element-f9435f4 e-con-full e-flex e-con e-child\" data-id=\"f9435f4\" data-element_type=\"container\" data-e-type=\"container\" data-settings=\"{&quot;jet_parallax_layout_list&quot;:[],&quot;background_background&quot;:&quot;classic&quot;}\">\n\t\t\t\t<div class=\"elementor-element elementor-element-ebfa065 elementor-widget elementor-widget-image\" data-id=\"ebfa065\" data-element_type=\"widget\" data-e-type=\"widget\" data-widget_type=\"image.default\">\n\t\t\t\t<div class=\"elementor-widget-container\">\n\t\t\t\t\t\t\t\t\t\t\t\t\t\t\t\t<a href=\"https:\/\/frient.de\/wp-content\/uploads\/old-newsletter\/Frient%20-%2004_2022.html\">\n\t\t\t\t\t\t\t<img loading=\"lazy\" decoding=\"async\" width=\"800\" height=\"450\" src=\"https:\/\/frient.de\/wp-content\/uploads\/2024\/12\/5100434243_e3e8949b94_o-1-1.jpg\" class=\"attachment-large size-large wp-image-10035\" alt=\"\" srcset=\"https:\/\/frient.de\/wp-content\/uploads\/2024\/12\/5100434243_e3e8949b94_o-1-1.jpg 1000w, https:\/\/frient.de\/wp-content\/uploads\/2024\/12\/5100434243_e3e8949b94_o-1-1-300x169.jpg 300w, https:\/\/frient.de\/wp-content\/uploads\/2024\/12\/5100434243_e3e8949b94_o-1-1-768x432.jpg 768w\" sizes=\"(max-width: 800px) 100vw, 800px\" \/>\t\t\t\t\t\t\t\t<\/a>\n\t\t\t\t\t\t\t\t\t\t\t\t\t\t\t<\/div>\n\t\t\t\t<\/div>\n\t\t\t\t<\/div>\n\t\t<div class=\"elementor-element elementor-element-703fb0c e-con-full e-flex e-con e-child\" data-id=\"703fb0c\" data-element_type=\"container\" data-e-type=\"container\" data-settings=\"{&quot;jet_parallax_layout_list&quot;:[],&quot;background_background&quot;:&quot;classic&quot;}\">\n\t\t\t\t<div class=\"elementor-element elementor-element-4c08dba elementor-widget elementor-widget-heading\" data-id=\"4c08dba\" data-element_type=\"widget\" data-e-type=\"widget\" data-widget_type=\"heading.default\">\n\t\t\t\t<div class=\"elementor-widget-container\">\n\t\t\t\t\t<h5 class=\"elementor-heading-title elementor-size-default\"><a href=\"https:\/\/frient.de\/wp-content\/uploads\/old-newsletter\/Frient%20-%2004_2022.html\">04\/2022<\/a><\/h5>\t\t\t\t<\/div>\n\t\t\t\t<\/div>\n\t\t\t\t<div class=\"elementor-element elementor-element-4dbc76e elementor-widget elementor-widget-text-editor\" data-id=\"4dbc76e\" data-element_type=\"widget\" data-e-type=\"widget\" data-widget_type=\"text-editor.default\">\n\t\t\t\t<div class=\"elementor-widget-container\">\n\t\t\t\t\t\t\t\t\tRegale bleiben leer, Nahrungsmittelpreise schnellen in die H\u00f6he, Konflikte nehmen zu. Wir erleben gerade, wie leicht die Systeme weltweit ins Wanken kommen. Die Menschen im globalen S\u00fcden trifft es besonders. Der Krieg l\u00f6st zus\u00e4tzlichen Druck auf die knappen Ressourcen zur lokalen Nahrungsmittelproduktion aus. Der Klimawandel kommt noch dazu. Der 10. Geburtstag der UN Landleitlinien sollte dazu dienen, verantwortungsvolle Landpolitik weiterhin hartn\u00e4ckig in politische Debatten einzubringen.\t\t\t\t\t\t\t\t<\/div>\n\t\t\t\t<\/div>\n\t\t\t\t<div class=\"elementor-element elementor-element-b827217 elementor-widget elementor-widget-button\" data-id=\"b827217\" data-element_type=\"widget\" data-e-type=\"widget\" data-widget_type=\"button.default\">\n\t\t\t\t<div class=\"elementor-widget-container\">\n\t\t\t\t\t\t\t\t\t<div class=\"elementor-button-wrapper\">\n\t\t\t\t\t<a class=\"elementor-button elementor-button-link elementor-size-sm\" href=\"https:\/\/frient.de\/wp-content\/uploads\/old-newsletter\/Frient%20-%2004_2022.html\">\n\t\t\t\t\t\t<span class=\"elementor-button-content-wrapper\">\n\t\t\t\t\t\t<span class=\"elementor-button-icon\">\n\t\t\t\t<i aria-hidden=\"true\" class=\"fas fa-arrow-right\"><\/i>\t\t\t<\/span>\n\t\t\t\t\t\t\t\t\t<span class=\"elementor-button-text\">Newsletter<\/span>\n\t\t\t\t\t<\/span>\n\t\t\t\t\t<\/a>\n\t\t\t\t<\/div>\n\t\t\t\t\t\t\t\t<\/div>\n\t\t\t\t<\/div>\n\t\t\t\t<\/div>\n\t\t\t\t\t<\/div>\n\t\t\t\t<\/div>\n\t\t<div class=\"elementor-element elementor-element-f3d3a07 e-flex e-con-boxed e-con e-parent\" data-id=\"f3d3a07\" data-element_type=\"container\" data-e-type=\"container\" data-settings=\"{&quot;jet_parallax_layout_list&quot;:[],&quot;background_background&quot;:&quot;classic&quot;}\">\n\t\t\t\t\t<div class=\"e-con-inner\">\n\t\t<div class=\"elementor-element elementor-element-7bea6fa e-con-full e-flex e-con e-child\" data-id=\"7bea6fa\" data-element_type=\"container\" data-e-type=\"container\" data-settings=\"{&quot;jet_parallax_layout_list&quot;:[],&quot;background_background&quot;:&quot;classic&quot;}\">\n\t\t\t\t<div class=\"elementor-element elementor-element-777537f elementor-widget elementor-widget-image\" data-id=\"777537f\" data-element_type=\"widget\" data-e-type=\"widget\" data-widget_type=\"image.default\">\n\t\t\t\t<div class=\"elementor-widget-container\">\n\t\t\t\t\t\t\t\t\t\t\t\t\t\t\t\t<a href=\"https:\/\/frient.de\/wp-content\/uploads\/old-newsletter\/Frient%20-%2003_2022.html\">\n\t\t\t\t\t\t\t<img loading=\"lazy\" decoding=\"async\" width=\"800\" height=\"450\" src=\"https:\/\/frient.de\/wp-content\/uploads\/2024\/12\/Depositphotos_549485894_XL-1.jpg\" class=\"attachment-large size-large wp-image-10037\" alt=\"\" srcset=\"https:\/\/frient.de\/wp-content\/uploads\/2024\/12\/Depositphotos_549485894_XL-1.jpg 1000w, https:\/\/frient.de\/wp-content\/uploads\/2024\/12\/Depositphotos_549485894_XL-1-300x169.jpg 300w, https:\/\/frient.de\/wp-content\/uploads\/2024\/12\/Depositphotos_549485894_XL-1-768x432.jpg 768w\" sizes=\"(max-width: 800px) 100vw, 800px\" \/>\t\t\t\t\t\t\t\t<\/a>\n\t\t\t\t\t\t\t\t\t\t\t\t\t\t\t<\/div>\n\t\t\t\t<\/div>\n\t\t\t\t<\/div>\n\t\t<div class=\"elementor-element elementor-element-d161812 e-con-full e-flex e-con e-child\" data-id=\"d161812\" data-element_type=\"container\" data-e-type=\"container\" data-settings=\"{&quot;jet_parallax_layout_list&quot;:[],&quot;background_background&quot;:&quot;classic&quot;}\">\n\t\t\t\t<div class=\"elementor-element elementor-element-dd61434 elementor-widget elementor-widget-heading\" data-id=\"dd61434\" data-element_type=\"widget\" data-e-type=\"widget\" data-widget_type=\"heading.default\">\n\t\t\t\t<div class=\"elementor-widget-container\">\n\t\t\t\t\t<h5 class=\"elementor-heading-title elementor-size-default\"><a href=\"https:\/\/frient.de\/wp-content\/uploads\/old-newsletter\/Frient%20-%2003_2022.html\">03\/2022<\/a><\/h5>\t\t\t\t<\/div>\n\t\t\t\t<\/div>\n\t\t\t\t<div class=\"elementor-element elementor-element-fbb7fbe elementor-widget elementor-widget-text-editor\" data-id=\"fbb7fbe\" data-element_type=\"widget\" data-e-type=\"widget\" data-widget_type=\"text-editor.default\">\n\t\t\t\t<div class=\"elementor-widget-container\">\n\t\t\t\t\t\t\t\t\tDie wachsende Bedrohung f\u00fcr die europ\u00e4ische Friedensordnung durch autokratische Regime haben viele politische Akteure in Deutschland und Europa lange nicht ernst genug genommen. Seit dem 24. Februar geht das nicht mehr. Seitdem dreht sich die Diskussion um Sicherheit, Verteidigung und R\u00fcstungsausgaben. Bleibt da noch Raum f\u00fcr zivile Friedensarbeit und friedenspolitische Perspektiven? Eindr\u00fccke aus einer FriEnt-Diskussionsveranstaltung.\t\t\t\t\t\t\t\t<\/div>\n\t\t\t\t<\/div>\n\t\t\t\t<div class=\"elementor-element elementor-element-ad3de71 elementor-widget elementor-widget-button\" data-id=\"ad3de71\" data-element_type=\"widget\" data-e-type=\"widget\" data-widget_type=\"button.default\">\n\t\t\t\t<div class=\"elementor-widget-container\">\n\t\t\t\t\t\t\t\t\t<div class=\"elementor-button-wrapper\">\n\t\t\t\t\t<a class=\"elementor-button elementor-button-link elementor-size-sm\" href=\"https:\/\/frient.de\/wp-content\/uploads\/old-newsletter\/Frient%20-%2003_2022.html\">\n\t\t\t\t\t\t<span class=\"elementor-button-content-wrapper\">\n\t\t\t\t\t\t<span class=\"elementor-button-icon\">\n\t\t\t\t<i aria-hidden=\"true\" class=\"fas fa-arrow-right\"><\/i>\t\t\t<\/span>\n\t\t\t\t\t\t\t\t\t<span class=\"elementor-button-text\">Newsletter<\/span>\n\t\t\t\t\t<\/span>\n\t\t\t\t\t<\/a>\n\t\t\t\t<\/div>\n\t\t\t\t\t\t\t\t<\/div>\n\t\t\t\t<\/div>\n\t\t\t\t<\/div>\n\t\t\t\t\t<\/div>\n\t\t\t\t<\/div>\n\t\t<div class=\"elementor-element elementor-element-19cbad8 e-flex e-con-boxed e-con e-parent\" data-id=\"19cbad8\" data-element_type=\"container\" data-e-type=\"container\" data-settings=\"{&quot;jet_parallax_layout_list&quot;:[],&quot;background_background&quot;:&quot;classic&quot;}\">\n\t\t\t\t\t<div class=\"e-con-inner\">\n\t\t<div class=\"elementor-element elementor-element-9e228d8 e-con-full e-flex e-con e-child\" data-id=\"9e228d8\" data-element_type=\"container\" data-e-type=\"container\" data-settings=\"{&quot;jet_parallax_layout_list&quot;:[],&quot;background_background&quot;:&quot;classic&quot;}\">\n\t\t\t\t<div class=\"elementor-element elementor-element-2ad9955 elementor-widget elementor-widget-image\" data-id=\"2ad9955\" data-element_type=\"widget\" data-e-type=\"widget\" data-widget_type=\"image.default\">\n\t\t\t\t<div class=\"elementor-widget-container\">\n\t\t\t\t\t\t\t\t\t\t\t\t\t\t\t\t<a href=\"https:\/\/frient.de\/wp-content\/uploads\/old-newsletter\/Frient%20-%2002_2022.html\">\n\t\t\t\t\t\t\t<img loading=\"lazy\" decoding=\"async\" width=\"800\" height=\"450\" src=\"https:\/\/frient.de\/wp-content\/uploads\/2024\/12\/Emergency_relief_efforts_in_Tacloban_Philippines_after_Typhoon_Haiyan._November_10-27__2013-1.jpg\" class=\"attachment-large size-large wp-image-10039\" alt=\"\" srcset=\"https:\/\/frient.de\/wp-content\/uploads\/2024\/12\/Emergency_relief_efforts_in_Tacloban_Philippines_after_Typhoon_Haiyan._November_10-27__2013-1.jpg 1000w, https:\/\/frient.de\/wp-content\/uploads\/2024\/12\/Emergency_relief_efforts_in_Tacloban_Philippines_after_Typhoon_Haiyan._November_10-27__2013-1-300x169.jpg 300w, https:\/\/frient.de\/wp-content\/uploads\/2024\/12\/Emergency_relief_efforts_in_Tacloban_Philippines_after_Typhoon_Haiyan._November_10-27__2013-1-768x432.jpg 768w\" sizes=\"(max-width: 800px) 100vw, 800px\" \/>\t\t\t\t\t\t\t\t<\/a>\n\t\t\t\t\t\t\t\t\t\t\t\t\t\t\t<\/div>\n\t\t\t\t<\/div>\n\t\t\t\t<\/div>\n\t\t<div class=\"elementor-element elementor-element-a364ac2 e-con-full e-flex e-con e-child\" data-id=\"a364ac2\" data-element_type=\"container\" data-e-type=\"container\" data-settings=\"{&quot;jet_parallax_layout_list&quot;:[],&quot;background_background&quot;:&quot;classic&quot;}\">\n\t\t\t\t<div class=\"elementor-element elementor-element-eb5910c elementor-widget elementor-widget-heading\" data-id=\"eb5910c\" data-element_type=\"widget\" data-e-type=\"widget\" data-widget_type=\"heading.default\">\n\t\t\t\t<div class=\"elementor-widget-container\">\n\t\t\t\t\t<h5 class=\"elementor-heading-title elementor-size-default\"><a href=\"https:\/\/frient.de\/wp-content\/uploads\/old-newsletter\/Frient%20-%2002_2022.html\">02\/2022<\/a><\/h5>\t\t\t\t<\/div>\n\t\t\t\t<\/div>\n\t\t\t\t<div class=\"elementor-element elementor-element-1e4e8aa elementor-widget elementor-widget-text-editor\" data-id=\"1e4e8aa\" data-element_type=\"widget\" data-e-type=\"widget\" data-widget_type=\"text-editor.default\">\n\t\t\t\t<div class=\"elementor-widget-container\">\n\t\t\t\t\t\t\t\t\tAccelerating Learning, Community and Capacity for concrete actions on the ground. These are the key objectives for the newly founded \u201cNexus Academy\u201d. Based on the OECD-DAC Recommendation on the Humanitarian-Development-Peace Nexus, the Academy aims to translate the guiding principles into practical programmatic actions. On the occasion of the recent launch event, Hugh McLeman gives an overview of challenges and tasks for the nexus approach.\t\t\t\t\t\t\t\t<\/div>\n\t\t\t\t<\/div>\n\t\t\t\t<div class=\"elementor-element elementor-element-16a7f7c elementor-widget elementor-widget-button\" data-id=\"16a7f7c\" data-element_type=\"widget\" data-e-type=\"widget\" data-widget_type=\"button.default\">\n\t\t\t\t<div class=\"elementor-widget-container\">\n\t\t\t\t\t\t\t\t\t<div class=\"elementor-button-wrapper\">\n\t\t\t\t\t<a class=\"elementor-button elementor-button-link elementor-size-sm\" href=\"https:\/\/frient.de\/wp-content\/uploads\/old-newsletter\/Frient%20-%2002_2022.html\">\n\t\t\t\t\t\t<span class=\"elementor-button-content-wrapper\">\n\t\t\t\t\t\t<span class=\"elementor-button-icon\">\n\t\t\t\t<i aria-hidden=\"true\" class=\"fas fa-arrow-right\"><\/i>\t\t\t<\/span>\n\t\t\t\t\t\t\t\t\t<span class=\"elementor-button-text\">Newsletter<\/span>\n\t\t\t\t\t<\/span>\n\t\t\t\t\t<\/a>\n\t\t\t\t<\/div>\n\t\t\t\t\t\t\t\t<\/div>\n\t\t\t\t<\/div>\n\t\t\t\t<\/div>\n\t\t\t\t\t<\/div>\n\t\t\t\t<\/div>\n\t\t<div class=\"elementor-element elementor-element-d95e7f0 e-flex e-con-boxed e-con e-parent\" data-id=\"d95e7f0\" data-element_type=\"container\" data-e-type=\"container\" data-settings=\"{&quot;jet_parallax_layout_list&quot;:[],&quot;background_background&quot;:&quot;classic&quot;}\">\n\t\t\t\t\t<div class=\"e-con-inner\">\n\t\t<div class=\"elementor-element elementor-element-43e7d39 e-con-full e-flex e-con e-child\" data-id=\"43e7d39\" data-element_type=\"container\" data-e-type=\"container\" data-settings=\"{&quot;jet_parallax_layout_list&quot;:[],&quot;background_background&quot;:&quot;classic&quot;}\">\n\t\t\t\t<div class=\"elementor-element elementor-element-bce4124 elementor-widget elementor-widget-image\" data-id=\"bce4124\" data-element_type=\"widget\" data-e-type=\"widget\" data-widget_type=\"image.default\">\n\t\t\t\t<div class=\"elementor-widget-container\">\n\t\t\t\t\t\t\t\t\t\t\t\t\t\t\t\t<a href=\"https:\/\/frient.de\/wp-content\/uploads\/old-newsletter\/Frient%20-%2001_2022.html\">\n\t\t\t\t\t\t\t<img loading=\"lazy\" decoding=\"async\" width=\"800\" height=\"400\" src=\"https:\/\/frient.de\/wp-content\/uploads\/2024\/12\/annie-spratt-Sn04BHfa2AY-unsplash-1.jpg\" class=\"attachment-large size-large wp-image-10041\" alt=\"\" srcset=\"https:\/\/frient.de\/wp-content\/uploads\/2024\/12\/annie-spratt-Sn04BHfa2AY-unsplash-1.jpg 1000w, https:\/\/frient.de\/wp-content\/uploads\/2024\/12\/annie-spratt-Sn04BHfa2AY-unsplash-1-300x150.jpg 300w, https:\/\/frient.de\/wp-content\/uploads\/2024\/12\/annie-spratt-Sn04BHfa2AY-unsplash-1-768x384.jpg 768w\" sizes=\"(max-width: 800px) 100vw, 800px\" \/>\t\t\t\t\t\t\t\t<\/a>\n\t\t\t\t\t\t\t\t\t\t\t\t\t\t\t<\/div>\n\t\t\t\t<\/div>\n\t\t\t\t<\/div>\n\t\t<div class=\"elementor-element elementor-element-846fecf e-con-full e-flex e-con e-child\" data-id=\"846fecf\" data-element_type=\"container\" data-e-type=\"container\" data-settings=\"{&quot;jet_parallax_layout_list&quot;:[],&quot;background_background&quot;:&quot;classic&quot;}\">\n\t\t\t\t<div class=\"elementor-element elementor-element-c7ad89f elementor-widget elementor-widget-heading\" data-id=\"c7ad89f\" data-element_type=\"widget\" data-e-type=\"widget\" data-widget_type=\"heading.default\">\n\t\t\t\t<div class=\"elementor-widget-container\">\n\t\t\t\t\t<h5 class=\"elementor-heading-title elementor-size-default\"><a href=\"https:\/\/frient.de\/wp-content\/uploads\/old-newsletter\/Frient%20-%2001_2022.html\">01\/2022<\/a><\/h5>\t\t\t\t<\/div>\n\t\t\t\t<\/div>\n\t\t\t\t<div class=\"elementor-element elementor-element-6de4ba5 elementor-widget elementor-widget-text-editor\" data-id=\"6de4ba5\" data-element_type=\"widget\" data-e-type=\"widget\" data-widget_type=\"text-editor.default\">\n\t\t\t\t<div class=\"elementor-widget-container\">\n\t\t\t\t\t\t\t\t\tDie \u00f6kologische Friedensf\u00f6rderung ist f\u00fcr alle Akteur*innen, einschlie\u00dflich Unternehmen und Regierungen, relevant. Sie basiert auf Konfliktsensibilit\u00e4t. Das Beispiel des &#8220;Addax Bioethanol SL&#8221;-Projekts in Sierra Leone zeigt, wie ein gut gemeintes Projekt sp\u00e4ter an seinen eigenen Bedingungen scheiterte. Es wird deutlich, wie notwendig es ist, \u00d6kologie, Wirtschaft und Peacebuilding zusammenzudenken.\t\t\t\t\t\t\t\t<\/div>\n\t\t\t\t<\/div>\n\t\t\t\t<div class=\"elementor-element elementor-element-2a6b830 elementor-widget elementor-widget-button\" data-id=\"2a6b830\" data-element_type=\"widget\" data-e-type=\"widget\" data-widget_type=\"button.default\">\n\t\t\t\t<div class=\"elementor-widget-container\">\n\t\t\t\t\t\t\t\t\t<div class=\"elementor-button-wrapper\">\n\t\t\t\t\t<a class=\"elementor-button elementor-button-link elementor-size-sm\" href=\"https:\/\/frient.de\/wp-content\/uploads\/old-newsletter\/Frient%20-%2001_2022.html\">\n\t\t\t\t\t\t<span class=\"elementor-button-content-wrapper\">\n\t\t\t\t\t\t<span class=\"elementor-button-icon\">\n\t\t\t\t<i aria-hidden=\"true\" class=\"fas fa-arrow-right\"><\/i>\t\t\t<\/span>\n\t\t\t\t\t\t\t\t\t<span class=\"elementor-button-text\">Newsletter<\/span>\n\t\t\t\t\t<\/span>\n\t\t\t\t\t<\/a>\n\t\t\t\t<\/div>\n\t\t\t\t\t\t\t\t<\/div>\n\t\t\t\t<\/div>\n\t\t\t\t<\/div>\n\t\t\t\t\t<\/div>\n\t\t\t\t<\/div>\n\t\t<div class=\"elementor-element elementor-element-9848346 e-flex e-con-boxed e-con e-parent\" data-id=\"9848346\" data-element_type=\"container\" data-e-type=\"container\" data-settings=\"{&quot;jet_parallax_layout_list&quot;:[],&quot;background_background&quot;:&quot;classic&quot;}\">\n\t\t\t\t\t<div class=\"e-con-inner\">\n\t\t<div class=\"elementor-element elementor-element-2a3b811 e-con-full e-flex e-con e-child\" data-id=\"2a3b811\" data-element_type=\"container\" data-e-type=\"container\" data-settings=\"{&quot;jet_parallax_layout_list&quot;:[],&quot;background_background&quot;:&quot;classic&quot;}\">\n\t\t\t\t<div class=\"elementor-element elementor-element-3e825d1 elementor-widget elementor-widget-image\" data-id=\"3e825d1\" data-element_type=\"widget\" data-e-type=\"widget\" data-widget_type=\"image.default\">\n\t\t\t\t<div class=\"elementor-widget-container\">\n\t\t\t\t\t\t\t\t\t\t\t\t\t\t\t\t<a href=\"https:\/\/frient.de\/wp-content\/uploads\/old-newsletter\/Frient%20-%2010_2021.html\">\n\t\t\t\t\t\t\t<img loading=\"lazy\" decoding=\"async\" width=\"800\" height=\"450\" src=\"https:\/\/frient.de\/wp-content\/uploads\/2024\/12\/UN7209357_7a8_Standard-1.jpg\" class=\"attachment-large size-large wp-image-10043\" alt=\"\" srcset=\"https:\/\/frient.de\/wp-content\/uploads\/2024\/12\/UN7209357_7a8_Standard-1.jpg 1000w, https:\/\/frient.de\/wp-content\/uploads\/2024\/12\/UN7209357_7a8_Standard-1-300x169.jpg 300w, https:\/\/frient.de\/wp-content\/uploads\/2024\/12\/UN7209357_7a8_Standard-1-768x432.jpg 768w\" sizes=\"(max-width: 800px) 100vw, 800px\" \/>\t\t\t\t\t\t\t\t<\/a>\n\t\t\t\t\t\t\t\t\t\t\t\t\t\t\t<\/div>\n\t\t\t\t<\/div>\n\t\t\t\t<\/div>\n\t\t<div class=\"elementor-element elementor-element-b5ec9d4 e-con-full e-flex e-con e-child\" data-id=\"b5ec9d4\" data-element_type=\"container\" data-e-type=\"container\" data-settings=\"{&quot;jet_parallax_layout_list&quot;:[],&quot;background_background&quot;:&quot;classic&quot;}\">\n\t\t\t\t<div class=\"elementor-element elementor-element-b4fe5c7 elementor-widget elementor-widget-heading\" data-id=\"b4fe5c7\" data-element_type=\"widget\" data-e-type=\"widget\" data-widget_type=\"heading.default\">\n\t\t\t\t<div class=\"elementor-widget-container\">\n\t\t\t\t\t<h5 class=\"elementor-heading-title elementor-size-default\"><a href=\"https:\/\/frient.de\/wp-content\/uploads\/old-newsletter\/Frient%20-%2010_2021.html\">10\/2021<\/a><\/h5>\t\t\t\t<\/div>\n\t\t\t\t<\/div>\n\t\t\t\t<div class=\"elementor-element elementor-element-65e7fec elementor-widget elementor-widget-text-editor\" data-id=\"65e7fec\" data-element_type=\"widget\" data-e-type=\"widget\" data-widget_type=\"text-editor.default\">\n\t\t\t\t<div class=\"elementor-widget-container\">\n\t\t\t\t\t\t\t\t\tThe new section of the Future Needs Peacebuilding Blog focusses on Implementing Agendas for Peace. Under the premise that global arenas and agendas provide leverage points for peacebuilding dimensions, the blog articles focus on how well and future-oriented the peacebuilding dimension is set up in international and national systems. Andrew Tomlinson&#8217;s opening article investigates the potential and challenges that peacebuilding actors face with regard to implementing the 2030 Agenda.\t\t\t\t\t\t\t\t<\/div>\n\t\t\t\t<\/div>\n\t\t\t\t<div class=\"elementor-element elementor-element-31ff5bc elementor-widget elementor-widget-button\" data-id=\"31ff5bc\" data-element_type=\"widget\" data-e-type=\"widget\" data-widget_type=\"button.default\">\n\t\t\t\t<div class=\"elementor-widget-container\">\n\t\t\t\t\t\t\t\t\t<div class=\"elementor-button-wrapper\">\n\t\t\t\t\t<a class=\"elementor-button elementor-button-link elementor-size-sm\" href=\"https:\/\/frient.de\/wp-content\/uploads\/old-newsletter\/Frient%20-%2010_2021.html\">\n\t\t\t\t\t\t<span class=\"elementor-button-content-wrapper\">\n\t\t\t\t\t\t<span class=\"elementor-button-icon\">\n\t\t\t\t<i aria-hidden=\"true\" class=\"fas fa-arrow-right\"><\/i>\t\t\t<\/span>\n\t\t\t\t\t\t\t\t\t<span class=\"elementor-button-text\">Newsletter<\/span>\n\t\t\t\t\t<\/span>\n\t\t\t\t\t<\/a>\n\t\t\t\t<\/div>\n\t\t\t\t\t\t\t\t<\/div>\n\t\t\t\t<\/div>\n\t\t\t\t<\/div>\n\t\t\t\t\t<\/div>\n\t\t\t\t<\/div>\n\t\t<div class=\"elementor-element elementor-element-98f5926 e-flex e-con-boxed e-con e-parent\" data-id=\"98f5926\" data-element_type=\"container\" data-e-type=\"container\" data-settings=\"{&quot;jet_parallax_layout_list&quot;:[],&quot;background_background&quot;:&quot;classic&quot;}\">\n\t\t\t\t\t<div class=\"e-con-inner\">\n\t\t<div class=\"elementor-element elementor-element-730fcce e-con-full e-flex e-con e-child\" data-id=\"730fcce\" data-element_type=\"container\" data-e-type=\"container\" data-settings=\"{&quot;jet_parallax_layout_list&quot;:[],&quot;background_background&quot;:&quot;classic&quot;}\">\n\t\t\t\t<div class=\"elementor-element elementor-element-4539db5 elementor-widget elementor-widget-image\" data-id=\"4539db5\" data-element_type=\"widget\" data-e-type=\"widget\" data-widget_type=\"image.default\">\n\t\t\t\t<div class=\"elementor-widget-container\">\n\t\t\t\t\t\t\t\t\t\t\t\t\t\t\t\t<a href=\"https:\/\/frient.de\/wp-content\/uploads\/old-newsletter\/Frient%20-%2009_2021.html\">\n\t\t\t\t\t\t\t<img loading=\"lazy\" decoding=\"async\" width=\"800\" height=\"450\" src=\"https:\/\/frient.de\/wp-content\/uploads\/2024\/12\/lagos-techie-IgUR1iX0mqM-unsplash-1.jpg\" class=\"attachment-large size-large wp-image-10045\" alt=\"\" srcset=\"https:\/\/frient.de\/wp-content\/uploads\/2024\/12\/lagos-techie-IgUR1iX0mqM-unsplash-1.jpg 1000w, https:\/\/frient.de\/wp-content\/uploads\/2024\/12\/lagos-techie-IgUR1iX0mqM-unsplash-1-300x169.jpg 300w, https:\/\/frient.de\/wp-content\/uploads\/2024\/12\/lagos-techie-IgUR1iX0mqM-unsplash-1-768x432.jpg 768w\" sizes=\"(max-width: 800px) 100vw, 800px\" \/>\t\t\t\t\t\t\t\t<\/a>\n\t\t\t\t\t\t\t\t\t\t\t\t\t\t\t<\/div>\n\t\t\t\t<\/div>\n\t\t\t\t<\/div>\n\t\t<div class=\"elementor-element elementor-element-3388180 e-con-full e-flex e-con e-child\" data-id=\"3388180\" data-element_type=\"container\" data-e-type=\"container\" data-settings=\"{&quot;jet_parallax_layout_list&quot;:[],&quot;background_background&quot;:&quot;classic&quot;}\">\n\t\t\t\t<div class=\"elementor-element elementor-element-ed0adf3 elementor-widget elementor-widget-heading\" data-id=\"ed0adf3\" data-element_type=\"widget\" data-e-type=\"widget\" data-widget_type=\"heading.default\">\n\t\t\t\t<div class=\"elementor-widget-container\">\n\t\t\t\t\t<h5 class=\"elementor-heading-title elementor-size-default\"><a href=\"https:\/\/frient.de\/wp-content\/uploads\/old-newsletter\/Frient%20-%2009_2021.html\">09\/2021<\/a><\/h5>\t\t\t\t<\/div>\n\t\t\t\t<\/div>\n\t\t\t\t<div class=\"elementor-element elementor-element-0af491a elementor-widget elementor-widget-text-editor\" data-id=\"0af491a\" data-element_type=\"widget\" data-e-type=\"widget\" data-widget_type=\"text-editor.default\">\n\t\t\t\t<div class=\"elementor-widget-container\">\n\t\t\t\t\t\t\t\t\tKonstantin B\u00e4rwaldt von der Friedrich-Ebert-Stiftung hat auf Grundlage der Erkenntnisse des FriEnt Peacebuilding Forums Politikempfehlungen f\u00fcr die deutsche Friedenspolitik formuliert. Im Zentrum steht das Prinzip des \u201elocal ownership\u201c. Das bedeutet, dass die lokalen Akteur*innen den Friedensprozess gleichberechtigt mitgestalten. Eine Textrezeption.\t\t\t\t\t\t\t\t<\/div>\n\t\t\t\t<\/div>\n\t\t\t\t<div class=\"elementor-element elementor-element-66e8a90 elementor-widget elementor-widget-button\" data-id=\"66e8a90\" data-element_type=\"widget\" data-e-type=\"widget\" data-widget_type=\"button.default\">\n\t\t\t\t<div class=\"elementor-widget-container\">\n\t\t\t\t\t\t\t\t\t<div class=\"elementor-button-wrapper\">\n\t\t\t\t\t<a class=\"elementor-button elementor-button-link elementor-size-sm\" href=\"https:\/\/frient.de\/wp-content\/uploads\/old-newsletter\/Frient%20-%2009_2021.html\">\n\t\t\t\t\t\t<span class=\"elementor-button-content-wrapper\">\n\t\t\t\t\t\t<span class=\"elementor-button-icon\">\n\t\t\t\t<i aria-hidden=\"true\" class=\"fas fa-arrow-right\"><\/i>\t\t\t<\/span>\n\t\t\t\t\t\t\t\t\t<span class=\"elementor-button-text\">Newsletter<\/span>\n\t\t\t\t\t<\/span>\n\t\t\t\t\t<\/a>\n\t\t\t\t<\/div>\n\t\t\t\t\t\t\t\t<\/div>\n\t\t\t\t<\/div>\n\t\t\t\t<\/div>\n\t\t\t\t\t<\/div>\n\t\t\t\t<\/div>\n\t\t<div class=\"elementor-element elementor-element-efc0717 e-flex e-con-boxed e-con e-parent\" data-id=\"efc0717\" data-element_type=\"container\" data-e-type=\"container\" data-settings=\"{&quot;jet_parallax_layout_list&quot;:[],&quot;background_background&quot;:&quot;classic&quot;}\">\n\t\t\t\t\t<div class=\"e-con-inner\">\n\t\t<div class=\"elementor-element elementor-element-7857641 e-con-full e-flex e-con e-child\" data-id=\"7857641\" data-element_type=\"container\" data-e-type=\"container\" data-settings=\"{&quot;jet_parallax_layout_list&quot;:[],&quot;background_background&quot;:&quot;classic&quot;}\">\n\t\t\t\t<div class=\"elementor-element elementor-element-78f5f1d elementor-widget elementor-widget-image\" data-id=\"78f5f1d\" data-element_type=\"widget\" data-e-type=\"widget\" data-widget_type=\"image.default\">\n\t\t\t\t<div class=\"elementor-widget-container\">\n\t\t\t\t\t\t\t\t\t\t\t\t\t\t\t\t<a href=\"https:\/\/frient.de\/wp-content\/uploads\/old-newsletter\/Frient%20-%2008_2021.html\">\n\t\t\t\t\t\t\t<img loading=\"lazy\" decoding=\"async\" width=\"800\" height=\"450\" src=\"https:\/\/frient.de\/wp-content\/uploads\/2024\/12\/iStock-1315630659-1.jpg\" class=\"attachment-large size-large wp-image-10047\" alt=\"\" srcset=\"https:\/\/frient.de\/wp-content\/uploads\/2024\/12\/iStock-1315630659-1.jpg 1000w, https:\/\/frient.de\/wp-content\/uploads\/2024\/12\/iStock-1315630659-1-300x169.jpg 300w, https:\/\/frient.de\/wp-content\/uploads\/2024\/12\/iStock-1315630659-1-768x432.jpg 768w\" sizes=\"(max-width: 800px) 100vw, 800px\" \/>\t\t\t\t\t\t\t\t<\/a>\n\t\t\t\t\t\t\t\t\t\t\t\t\t\t\t<\/div>\n\t\t\t\t<\/div>\n\t\t\t\t<\/div>\n\t\t<div class=\"elementor-element elementor-element-d55d43a e-con-full e-flex e-con e-child\" data-id=\"d55d43a\" data-element_type=\"container\" data-e-type=\"container\" data-settings=\"{&quot;jet_parallax_layout_list&quot;:[],&quot;background_background&quot;:&quot;classic&quot;}\">\n\t\t\t\t<div class=\"elementor-element elementor-element-f837d0a elementor-widget elementor-widget-heading\" data-id=\"f837d0a\" data-element_type=\"widget\" data-e-type=\"widget\" data-widget_type=\"heading.default\">\n\t\t\t\t<div class=\"elementor-widget-container\">\n\t\t\t\t\t<h5 class=\"elementor-heading-title elementor-size-default\"><a href=\"https:\/\/frient.de\/wp-content\/uploads\/old-newsletter\/Frient%20-%2008_2021.html\">08\/2021<\/a><\/h5>\t\t\t\t<\/div>\n\t\t\t\t<\/div>\n\t\t\t\t<div class=\"elementor-element elementor-element-9d1dff6 elementor-widget elementor-widget-text-editor\" data-id=\"9d1dff6\" data-element_type=\"widget\" data-e-type=\"widget\" data-widget_type=\"text-editor.default\">\n\t\t\t\t<div class=\"elementor-widget-container\">\n\t\t\t\t\t\t\t\t\tIn diesem Monat haben die beiden Journalist*innen Maria Ressa und Dimitri Muratov daf\u00fcr den Friedensnobelpreis bekommen, dass sie sich f\u00fcr Meinungsfreiheit, Demokratie und dauerhaften Frieden eingesetzt haben. F\u00fcr uns ein Anlass, um die Rolle von Medien in der Friedensf\u00f6rderung zu beleuchten. Wie k\u00f6nnen sie bei der Konflikttransformation konstruktiv mitwirken? Was ist konfliktsensibler Journalismus und wie kann er die Friedensf\u00f6rderung unterst\u00fctzen?\t\t\t\t\t\t\t\t<\/div>\n\t\t\t\t<\/div>\n\t\t\t\t<div class=\"elementor-element elementor-element-76e3722 elementor-widget elementor-widget-button\" data-id=\"76e3722\" data-element_type=\"widget\" data-e-type=\"widget\" data-widget_type=\"button.default\">\n\t\t\t\t<div class=\"elementor-widget-container\">\n\t\t\t\t\t\t\t\t\t<div class=\"elementor-button-wrapper\">\n\t\t\t\t\t<a class=\"elementor-button elementor-button-link elementor-size-sm\" href=\"https:\/\/frient.de\/wp-content\/uploads\/old-newsletter\/Frient%20-%2008_2021.html\">\n\t\t\t\t\t\t<span class=\"elementor-button-content-wrapper\">\n\t\t\t\t\t\t<span class=\"elementor-button-icon\">\n\t\t\t\t<i aria-hidden=\"true\" class=\"fas fa-arrow-right\"><\/i>\t\t\t<\/span>\n\t\t\t\t\t\t\t\t\t<span class=\"elementor-button-text\">Newsletter<\/span>\n\t\t\t\t\t<\/span>\n\t\t\t\t\t<\/a>\n\t\t\t\t<\/div>\n\t\t\t\t\t\t\t\t<\/div>\n\t\t\t\t<\/div>\n\t\t\t\t<\/div>\n\t\t\t\t\t<\/div>\n\t\t\t\t<\/div>\n\t\t<div class=\"elementor-element elementor-element-5f8989c e-flex e-con-boxed e-con e-parent\" data-id=\"5f8989c\" data-element_type=\"container\" data-e-type=\"container\" data-settings=\"{&quot;jet_parallax_layout_list&quot;:[],&quot;background_background&quot;:&quot;classic&quot;}\">\n\t\t\t\t\t<div class=\"e-con-inner\">\n\t\t<div class=\"elementor-element elementor-element-8b2f453 e-con-full e-flex e-con e-child\" data-id=\"8b2f453\" data-element_type=\"container\" data-e-type=\"container\" data-settings=\"{&quot;jet_parallax_layout_list&quot;:[],&quot;background_background&quot;:&quot;classic&quot;}\">\n\t\t\t\t<div class=\"elementor-element elementor-element-5fd3971 elementor-widget elementor-widget-image\" data-id=\"5fd3971\" data-element_type=\"widget\" data-e-type=\"widget\" data-widget_type=\"image.default\">\n\t\t\t\t<div class=\"elementor-widget-container\">\n\t\t\t\t\t\t\t\t\t\t\t\t\t\t\t\t<a href=\"https:\/\/frient.de\/wp-content\/uploads\/old-newsletter\/Frient%20-%2007_2021.html\">\n\t\t\t\t\t\t\t<img loading=\"lazy\" decoding=\"async\" width=\"339\" height=\"338\" src=\"https:\/\/frient.de\/wp-content\/uploads\/2024\/12\/Capture-decran-2024-12-13-114201-1.png\" class=\"attachment-large size-large wp-image-10049\" alt=\"\" srcset=\"https:\/\/frient.de\/wp-content\/uploads\/2024\/12\/Capture-decran-2024-12-13-114201-1.png 339w, https:\/\/frient.de\/wp-content\/uploads\/2024\/12\/Capture-decran-2024-12-13-114201-1-300x300.png 300w, https:\/\/frient.de\/wp-content\/uploads\/2024\/12\/Capture-decran-2024-12-13-114201-1-150x150.png 150w\" sizes=\"(max-width: 339px) 100vw, 339px\" \/>\t\t\t\t\t\t\t\t<\/a>\n\t\t\t\t\t\t\t\t\t\t\t\t\t\t\t<\/div>\n\t\t\t\t<\/div>\n\t\t\t\t<\/div>\n\t\t<div class=\"elementor-element elementor-element-d5415e0 e-con-full e-flex e-con e-child\" data-id=\"d5415e0\" data-element_type=\"container\" data-e-type=\"container\" data-settings=\"{&quot;jet_parallax_layout_list&quot;:[],&quot;background_background&quot;:&quot;classic&quot;}\">\n\t\t\t\t<div class=\"elementor-element elementor-element-8643aa1 elementor-widget elementor-widget-heading\" data-id=\"8643aa1\" data-element_type=\"widget\" data-e-type=\"widget\" data-widget_type=\"heading.default\">\n\t\t\t\t<div class=\"elementor-widget-container\">\n\t\t\t\t\t<h5 class=\"elementor-heading-title elementor-size-default\"><a href=\"https:\/\/frient.de\/wp-content\/uploads\/old-newsletter\/Frient%20-%2007_2021.html\">07\/2021<\/a><\/h5>\t\t\t\t<\/div>\n\t\t\t\t<\/div>\n\t\t\t\t<div class=\"elementor-element elementor-element-75df464 elementor-widget elementor-widget-text-editor\" data-id=\"75df464\" data-element_type=\"widget\" data-e-type=\"widget\" data-widget_type=\"text-editor.default\">\n\t\t\t\t<div class=\"elementor-widget-container\">\n\t\t\t\t\t\t\t\t\tVor zwanzig Jahren\u00a0gr\u00fcndete sich\u00a0FriEnt.\u00a0Aus\u00a0den\u00a0damaligen\u00a0Erfahrungen gewaltsamer Konflikte heraus\u00a0wollte\u00a0FriEnt\u00a0als Gemeinschaftsprojekt von Staat und Zivilgesellschaft\u00a0der zunehmenden Gewalt\u00a0wirkungsvoller\u00a0entgegentreten.\u00a0Nach zwei Jahrzehnten\u00a0sollten die\u00a0Erfahrung und Expertise von\u00a0FriEnt\u00a0nun\u00a0verst\u00e4rkt\u00a0dazu dienen,\u00a0proaktiv in friedenspolitischen Entscheidungsprozessen zu beraten. Die Vorsitzenden des Lenkungsausschusses von\u00a0FriEnt\u00a0denken in diesem \u201eImpuls\u201c \u00fcber\u00a0FriEnt\u00a0nach.\t\t\t\t\t\t\t\t<\/div>\n\t\t\t\t<\/div>\n\t\t\t\t<div class=\"elementor-element elementor-element-7384a10 elementor-widget elementor-widget-button\" data-id=\"7384a10\" data-element_type=\"widget\" data-e-type=\"widget\" data-widget_type=\"button.default\">\n\t\t\t\t<div class=\"elementor-widget-container\">\n\t\t\t\t\t\t\t\t\t<div class=\"elementor-button-wrapper\">\n\t\t\t\t\t<a class=\"elementor-button elementor-button-link elementor-size-sm\" href=\"https:\/\/frient.de\/wp-content\/uploads\/old-newsletter\/Frient%20-%2007_2021.html\">\n\t\t\t\t\t\t<span class=\"elementor-button-content-wrapper\">\n\t\t\t\t\t\t<span class=\"elementor-button-icon\">\n\t\t\t\t<i aria-hidden=\"true\" class=\"fas fa-arrow-right\"><\/i>\t\t\t<\/span>\n\t\t\t\t\t\t\t\t\t<span class=\"elementor-button-text\">Newsletter<\/span>\n\t\t\t\t\t<\/span>\n\t\t\t\t\t<\/a>\n\t\t\t\t<\/div>\n\t\t\t\t\t\t\t\t<\/div>\n\t\t\t\t<\/div>\n\t\t\t\t<\/div>\n\t\t\t\t\t<\/div>\n\t\t\t\t<\/div>\n\t\t<div class=\"elementor-element elementor-element-326bca0 e-flex e-con-boxed e-con e-parent\" data-id=\"326bca0\" data-element_type=\"container\" data-e-type=\"container\" data-settings=\"{&quot;jet_parallax_layout_list&quot;:[],&quot;background_background&quot;:&quot;classic&quot;}\">\n\t\t\t\t\t<div class=\"e-con-inner\">\n\t\t<div class=\"elementor-element elementor-element-4b719e9 e-con-full e-flex e-con e-child\" data-id=\"4b719e9\" data-element_type=\"container\" data-e-type=\"container\" data-settings=\"{&quot;jet_parallax_layout_list&quot;:[],&quot;background_background&quot;:&quot;classic&quot;}\">\n\t\t\t\t<div class=\"elementor-element elementor-element-67691e3 elementor-widget elementor-widget-image\" data-id=\"67691e3\" data-element_type=\"widget\" data-e-type=\"widget\" data-widget_type=\"image.default\">\n\t\t\t\t<div class=\"elementor-widget-container\">\n\t\t\t\t\t\t\t\t\t\t\t\t\t\t\t\t<a href=\"https:\/\/frient.de\/wp-content\/uploads\/old-newsletter\/Frient%20-%2006_2021.html\">\n\t\t\t\t\t\t\t<img loading=\"lazy\" decoding=\"async\" width=\"339\" height=\"338\" src=\"https:\/\/frient.de\/wp-content\/uploads\/2024\/12\/Capture-decran-2024-12-13-114632-1.png\" class=\"attachment-large size-large wp-image-10051\" alt=\"\" srcset=\"https:\/\/frient.de\/wp-content\/uploads\/2024\/12\/Capture-decran-2024-12-13-114632-1.png 339w, https:\/\/frient.de\/wp-content\/uploads\/2024\/12\/Capture-decran-2024-12-13-114632-1-300x300.png 300w, https:\/\/frient.de\/wp-content\/uploads\/2024\/12\/Capture-decran-2024-12-13-114632-1-150x150.png 150w\" sizes=\"(max-width: 339px) 100vw, 339px\" \/>\t\t\t\t\t\t\t\t<\/a>\n\t\t\t\t\t\t\t\t\t\t\t\t\t\t\t<\/div>\n\t\t\t\t<\/div>\n\t\t\t\t<\/div>\n\t\t<div class=\"elementor-element elementor-element-77f9d8b e-con-full e-flex e-con e-child\" data-id=\"77f9d8b\" data-element_type=\"container\" data-e-type=\"container\" data-settings=\"{&quot;jet_parallax_layout_list&quot;:[],&quot;background_background&quot;:&quot;classic&quot;}\">\n\t\t\t\t<div class=\"elementor-element elementor-element-43bf84c elementor-widget elementor-widget-heading\" data-id=\"43bf84c\" data-element_type=\"widget\" data-e-type=\"widget\" data-widget_type=\"heading.default\">\n\t\t\t\t<div class=\"elementor-widget-container\">\n\t\t\t\t\t<h5 class=\"elementor-heading-title elementor-size-default\"><a href=\"https:\/\/frient.de\/wp-content\/uploads\/old-newsletter\/Frient%20-%2006_2021.html\">06\/2021<\/a><\/h5>\t\t\t\t<\/div>\n\t\t\t\t<\/div>\n\t\t\t\t<div class=\"elementor-element elementor-element-15a59a8 elementor-widget elementor-widget-text-editor\" data-id=\"15a59a8\" data-element_type=\"widget\" data-e-type=\"widget\" data-widget_type=\"text-editor.default\">\n\t\t\t\t<div class=\"elementor-widget-container\">\n\t\t\t\t\t\t\t\t\tDas High Level Political Forum (HLPF) \u00fcberpr\u00fcft j\u00e4hrlich auf UN-Ebene die Umsetzung der Agenda 2030. In diesem Jahr stand unter anderem SDG 16 auf der Tagesordnung. FriEnt-Mitarbeiterin Elsa Benh\u00f6fer kommentiert die wichtigsten Ergebnisse des HLPF: Covid-19 habe die Ungleichheit verst\u00e4rkt und Konflikte angeheizt. Auch wenn es L\u00f6sungsans\u00e4tze gebe, fehle es an politischer Ambition. Au\u00dferdem geh\u00f6re Frieden (SDG 16) jedes Jahr auf die HLPF-Agenda.\t\t\t\t\t\t\t\t<\/div>\n\t\t\t\t<\/div>\n\t\t\t\t<div class=\"elementor-element elementor-element-d7ca5f0 elementor-widget elementor-widget-button\" data-id=\"d7ca5f0\" data-element_type=\"widget\" data-e-type=\"widget\" data-widget_type=\"button.default\">\n\t\t\t\t<div class=\"elementor-widget-container\">\n\t\t\t\t\t\t\t\t\t<div class=\"elementor-button-wrapper\">\n\t\t\t\t\t<a class=\"elementor-button elementor-button-link elementor-size-sm\" href=\"https:\/\/frient.de\/wp-content\/uploads\/old-newsletter\/Frient%20-%2006_2021.html\">\n\t\t\t\t\t\t<span class=\"elementor-button-content-wrapper\">\n\t\t\t\t\t\t<span class=\"elementor-button-icon\">\n\t\t\t\t<i aria-hidden=\"true\" class=\"fas fa-arrow-right\"><\/i>\t\t\t<\/span>\n\t\t\t\t\t\t\t\t\t<span class=\"elementor-button-text\">Newsletter<\/span>\n\t\t\t\t\t<\/span>\n\t\t\t\t\t<\/a>\n\t\t\t\t<\/div>\n\t\t\t\t\t\t\t\t<\/div>\n\t\t\t\t<\/div>\n\t\t\t\t<\/div>\n\t\t\t\t\t<\/div>\n\t\t\t\t<\/div>\n\t\t<div class=\"elementor-element elementor-element-cbd3ab6 e-flex e-con-boxed e-con e-parent\" data-id=\"cbd3ab6\" data-element_type=\"container\" data-e-type=\"container\" data-settings=\"{&quot;jet_parallax_layout_list&quot;:[],&quot;background_background&quot;:&quot;classic&quot;}\">\n\t\t\t\t\t<div class=\"e-con-inner\">\n\t\t<div class=\"elementor-element elementor-element-7200f84 e-con-full e-flex e-con e-child\" data-id=\"7200f84\" data-element_type=\"container\" data-e-type=\"container\" data-settings=\"{&quot;jet_parallax_layout_list&quot;:[],&quot;background_background&quot;:&quot;classic&quot;}\">\n\t\t\t\t<div class=\"elementor-element elementor-element-0f9ead6 elementor-widget elementor-widget-image\" data-id=\"0f9ead6\" data-element_type=\"widget\" data-e-type=\"widget\" data-widget_type=\"image.default\">\n\t\t\t\t<div class=\"elementor-widget-container\">\n\t\t\t\t\t\t\t\t\t\t\t\t\t\t\t\t<a href=\"https:\/\/frient.de\/wp-content\/uploads\/old-newsletter\/Frient%20-%2005_2021.html\">\n\t\t\t\t\t\t\t<img loading=\"lazy\" decoding=\"async\" width=\"800\" height=\"450\" src=\"https:\/\/frient.de\/wp-content\/uploads\/2024\/12\/sohaib-ghyasi-CKXuHKxdy6g-unsplash-1.jpg\" class=\"attachment-large size-large wp-image-10053\" alt=\"\" srcset=\"https:\/\/frient.de\/wp-content\/uploads\/2024\/12\/sohaib-ghyasi-CKXuHKxdy6g-unsplash-1.jpg 1000w, https:\/\/frient.de\/wp-content\/uploads\/2024\/12\/sohaib-ghyasi-CKXuHKxdy6g-unsplash-1-300x169.jpg 300w, https:\/\/frient.de\/wp-content\/uploads\/2024\/12\/sohaib-ghyasi-CKXuHKxdy6g-unsplash-1-768x432.jpg 768w\" sizes=\"(max-width: 800px) 100vw, 800px\" \/>\t\t\t\t\t\t\t\t<\/a>\n\t\t\t\t\t\t\t\t\t\t\t\t\t\t\t<\/div>\n\t\t\t\t<\/div>\n\t\t\t\t<\/div>\n\t\t<div class=\"elementor-element elementor-element-acfb19a e-con-full e-flex e-con e-child\" data-id=\"acfb19a\" data-element_type=\"container\" data-e-type=\"container\" data-settings=\"{&quot;jet_parallax_layout_list&quot;:[],&quot;background_background&quot;:&quot;classic&quot;}\">\n\t\t\t\t<div class=\"elementor-element elementor-element-1d46837 elementor-widget elementor-widget-heading\" data-id=\"1d46837\" data-element_type=\"widget\" data-e-type=\"widget\" data-widget_type=\"heading.default\">\n\t\t\t\t<div class=\"elementor-widget-container\">\n\t\t\t\t\t<h5 class=\"elementor-heading-title elementor-size-default\"><a href=\"https:\/\/frient.de\/wp-content\/uploads\/old-newsletter\/Frient%20-%2005_2021.html\">05\/2021<\/a><\/h5>\t\t\t\t<\/div>\n\t\t\t\t<\/div>\n\t\t\t\t<div class=\"elementor-element elementor-element-501547c elementor-widget elementor-widget-text-editor\" data-id=\"501547c\" data-element_type=\"widget\" data-e-type=\"widget\" data-widget_type=\"text-editor.default\">\n\t\t\t\t<div class=\"elementor-widget-container\">\n\t\t\t\t\t\t\t\t\tHeute, am 30. Juni 2021 ziehen die letzten deutschen Soldaten aus Afghanistan ab. Ein Anlass, um genauer hinzuschauen, wie es um das zerrissene Land heute steht. Die Dominanz milit\u00e4rischer Instrumente verstellte lange den Blick auf sozio\u00f6konomische und politische Konfliktlinien in der afghanischen Gesellschaft. Armut und Ungleichheit haben in der letzten Dekade wieder zugenommen. Unser aktueller Impuls.\t\t\t\t\t\t\t\t<\/div>\n\t\t\t\t<\/div>\n\t\t\t\t<div class=\"elementor-element elementor-element-9bbea9a elementor-widget elementor-widget-button\" data-id=\"9bbea9a\" data-element_type=\"widget\" data-e-type=\"widget\" data-widget_type=\"button.default\">\n\t\t\t\t<div class=\"elementor-widget-container\">\n\t\t\t\t\t\t\t\t\t<div class=\"elementor-button-wrapper\">\n\t\t\t\t\t<a class=\"elementor-button elementor-button-link elementor-size-sm\" href=\"https:\/\/frient.de\/wp-content\/uploads\/old-newsletter\/Frient%20-%2005_2021.html\">\n\t\t\t\t\t\t<span class=\"elementor-button-content-wrapper\">\n\t\t\t\t\t\t<span class=\"elementor-button-icon\">\n\t\t\t\t<i aria-hidden=\"true\" class=\"fas fa-arrow-right\"><\/i>\t\t\t<\/span>\n\t\t\t\t\t\t\t\t\t<span class=\"elementor-button-text\">Newsletter<\/span>\n\t\t\t\t\t<\/span>\n\t\t\t\t\t<\/a>\n\t\t\t\t<\/div>\n\t\t\t\t\t\t\t\t<\/div>\n\t\t\t\t<\/div>\n\t\t\t\t<\/div>\n\t\t\t\t\t<\/div>\n\t\t\t\t<\/div>\n\t\t<div class=\"elementor-element elementor-element-1702d94 e-flex e-con-boxed e-con e-parent\" data-id=\"1702d94\" data-element_type=\"container\" data-e-type=\"container\" data-settings=\"{&quot;jet_parallax_layout_list&quot;:[],&quot;background_background&quot;:&quot;classic&quot;}\">\n\t\t\t\t\t<div class=\"e-con-inner\">\n\t\t<div class=\"elementor-element elementor-element-76c25f9 e-con-full e-flex e-con e-child\" data-id=\"76c25f9\" data-element_type=\"container\" data-e-type=\"container\" data-settings=\"{&quot;jet_parallax_layout_list&quot;:[],&quot;background_background&quot;:&quot;classic&quot;}\">\n\t\t\t\t<div class=\"elementor-element elementor-element-49179a5 elementor-widget elementor-widget-image\" data-id=\"49179a5\" data-element_type=\"widget\" data-e-type=\"widget\" data-widget_type=\"image.default\">\n\t\t\t\t<div class=\"elementor-widget-container\">\n\t\t\t\t\t\t\t\t\t\t\t\t\t\t\t\t<a href=\"https:\/\/frient.de\/wp-content\/uploads\/old-newsletter\/Frient%20-%2004_2021.html\">\n\t\t\t\t\t\t\t<img loading=\"lazy\" decoding=\"async\" width=\"338\" height=\"338\" src=\"https:\/\/frient.de\/wp-content\/uploads\/2024\/12\/Capture-decran-2024-12-13-115017-1.png\" class=\"attachment-large size-large wp-image-10055\" alt=\"\" srcset=\"https:\/\/frient.de\/wp-content\/uploads\/2024\/12\/Capture-decran-2024-12-13-115017-1.png 338w, https:\/\/frient.de\/wp-content\/uploads\/2024\/12\/Capture-decran-2024-12-13-115017-1-300x300.png 300w, https:\/\/frient.de\/wp-content\/uploads\/2024\/12\/Capture-decran-2024-12-13-115017-1-150x150.png 150w\" sizes=\"(max-width: 338px) 100vw, 338px\" \/>\t\t\t\t\t\t\t\t<\/a>\n\t\t\t\t\t\t\t\t\t\t\t\t\t\t\t<\/div>\n\t\t\t\t<\/div>\n\t\t\t\t<\/div>\n\t\t<div class=\"elementor-element elementor-element-6e80fea e-con-full e-flex e-con e-child\" data-id=\"6e80fea\" data-element_type=\"container\" data-e-type=\"container\" data-settings=\"{&quot;jet_parallax_layout_list&quot;:[],&quot;background_background&quot;:&quot;classic&quot;}\">\n\t\t\t\t<div class=\"elementor-element elementor-element-4c0268d elementor-widget elementor-widget-heading\" data-id=\"4c0268d\" data-element_type=\"widget\" data-e-type=\"widget\" data-widget_type=\"heading.default\">\n\t\t\t\t<div class=\"elementor-widget-container\">\n\t\t\t\t\t<h5 class=\"elementor-heading-title elementor-size-default\"><a href=\"https:\/\/frient.de\/wp-content\/uploads\/old-newsletter\/Frient%20-%2004_2021.html\">04\/2021<\/a><\/h5>\t\t\t\t<\/div>\n\t\t\t\t<\/div>\n\t\t\t\t<div class=\"elementor-element elementor-element-737038a elementor-widget elementor-widget-text-editor\" data-id=\"737038a\" data-element_type=\"widget\" data-e-type=\"widget\" data-widget_type=\"text-editor.default\">\n\t\t\t\t<div class=\"elementor-widget-container\">\n\t\t\t\t\t\t\t\t\tF\u00fcnf Tage, 26 Workshops und drei Paneldiskussionen mit mehr als 450 Teilnehmenden aus 54 L\u00e4ndern: Zwischen Ende April und Anfang Mai war das FriEnt Peacebuidling Forum 2021 \u201eTranslate. Relate. Act: Forging Partnerships for Sustainable Peace\u201d als virtuelle Veranstaltung ein Ort f\u00fcr Austausch und Begegnung.\t\t\t\t\t\t\t\t<\/div>\n\t\t\t\t<\/div>\n\t\t\t\t<div class=\"elementor-element elementor-element-434b5cf elementor-widget elementor-widget-button\" data-id=\"434b5cf\" data-element_type=\"widget\" data-e-type=\"widget\" data-widget_type=\"button.default\">\n\t\t\t\t<div class=\"elementor-widget-container\">\n\t\t\t\t\t\t\t\t\t<div class=\"elementor-button-wrapper\">\n\t\t\t\t\t<a class=\"elementor-button elementor-button-link elementor-size-sm\" href=\"https:\/\/frient.de\/wp-content\/uploads\/old-newsletter\/Frient%20-%2004_2021.html\">\n\t\t\t\t\t\t<span class=\"elementor-button-content-wrapper\">\n\t\t\t\t\t\t<span class=\"elementor-button-icon\">\n\t\t\t\t<i aria-hidden=\"true\" class=\"fas fa-arrow-right\"><\/i>\t\t\t<\/span>\n\t\t\t\t\t\t\t\t\t<span class=\"elementor-button-text\">Newsletter<\/span>\n\t\t\t\t\t<\/span>\n\t\t\t\t\t<\/a>\n\t\t\t\t<\/div>\n\t\t\t\t\t\t\t\t<\/div>\n\t\t\t\t<\/div>\n\t\t\t\t<\/div>\n\t\t\t\t\t<\/div>\n\t\t\t\t<\/div>\n\t\t<div class=\"elementor-element elementor-element-3950090 e-flex e-con-boxed e-con e-parent\" data-id=\"3950090\" data-element_type=\"container\" data-e-type=\"container\" data-settings=\"{&quot;jet_parallax_layout_list&quot;:[],&quot;background_background&quot;:&quot;classic&quot;}\">\n\t\t\t\t\t<div class=\"e-con-inner\">\n\t\t<div class=\"elementor-element elementor-element-aea9a2e e-con-full e-flex e-con e-child\" data-id=\"aea9a2e\" data-element_type=\"container\" data-e-type=\"container\" data-settings=\"{&quot;jet_parallax_layout_list&quot;:[],&quot;background_background&quot;:&quot;classic&quot;}\">\n\t\t\t\t<div class=\"elementor-element elementor-element-b7d5a64 elementor-widget elementor-widget-image\" data-id=\"b7d5a64\" data-element_type=\"widget\" data-e-type=\"widget\" data-widget_type=\"image.default\">\n\t\t\t\t<div class=\"elementor-widget-container\">\n\t\t\t\t\t\t\t\t\t\t\t\t\t\t\t\t<a href=\"https:\/\/frient.de\/wp-content\/uploads\/old-newsletter\/Frient%20-%2003_2021.html\">\n\t\t\t\t\t\t\t<img loading=\"lazy\" decoding=\"async\" width=\"800\" height=\"486\" src=\"https:\/\/frient.de\/wp-content\/uploads\/2024\/12\/zinko-hein-FIY4EYUkdS4-unsplash-1.jpg\" class=\"attachment-large size-large wp-image-10057\" alt=\"\" srcset=\"https:\/\/frient.de\/wp-content\/uploads\/2024\/12\/zinko-hein-FIY4EYUkdS4-unsplash-1.jpg 1000w, https:\/\/frient.de\/wp-content\/uploads\/2024\/12\/zinko-hein-FIY4EYUkdS4-unsplash-1-300x182.jpg 300w, https:\/\/frient.de\/wp-content\/uploads\/2024\/12\/zinko-hein-FIY4EYUkdS4-unsplash-1-768x467.jpg 768w\" sizes=\"(max-width: 800px) 100vw, 800px\" \/>\t\t\t\t\t\t\t\t<\/a>\n\t\t\t\t\t\t\t\t\t\t\t\t\t\t\t<\/div>\n\t\t\t\t<\/div>\n\t\t\t\t<\/div>\n\t\t<div class=\"elementor-element elementor-element-8ee6672 e-con-full e-flex e-con e-child\" data-id=\"8ee6672\" data-element_type=\"container\" data-e-type=\"container\" data-settings=\"{&quot;jet_parallax_layout_list&quot;:[],&quot;background_background&quot;:&quot;classic&quot;}\">\n\t\t\t\t<div class=\"elementor-element elementor-element-b5b84d1 elementor-widget elementor-widget-heading\" data-id=\"b5b84d1\" data-element_type=\"widget\" data-e-type=\"widget\" data-widget_type=\"heading.default\">\n\t\t\t\t<div class=\"elementor-widget-container\">\n\t\t\t\t\t<h5 class=\"elementor-heading-title elementor-size-default\"><a href=\"https:\/\/frient.de\/wp-content\/uploads\/old-newsletter\/Frient%20-%2003_2021.html\">03\/2021<\/a><\/h5>\t\t\t\t<\/div>\n\t\t\t\t<\/div>\n\t\t\t\t<div class=\"elementor-element elementor-element-57986cd elementor-widget elementor-widget-text-editor\" data-id=\"57986cd\" data-element_type=\"widget\" data-e-type=\"widget\" data-widget_type=\"text-editor.default\">\n\t\t\t\t<div class=\"elementor-widget-container\">\n\t\t\t\t\t\t\t\t\tIn Myanmar hat die Junta seit dem Putsch Hunderte Menschen get\u00f6tet. Europas bisherige Reaktion l\u00e4sst die Milit\u00e4rs kalt. Frank Hoffer, Global Labour University, kritisiert die bisherige \u201eNicht-Einmischung\u201c und argumentiert f\u00fcr europ\u00e4ische Einflussm\u00f6glichkeiten, um eine Verhaltens\u00e4nderung beim Milit\u00e4r und eine St\u00e4rkung der Menschenrechte zu bewirken.\t\t\t\t\t\t\t\t<\/div>\n\t\t\t\t<\/div>\n\t\t\t\t<div class=\"elementor-element elementor-element-3754e7a elementor-widget elementor-widget-button\" data-id=\"3754e7a\" data-element_type=\"widget\" data-e-type=\"widget\" data-widget_type=\"button.default\">\n\t\t\t\t<div class=\"elementor-widget-container\">\n\t\t\t\t\t\t\t\t\t<div class=\"elementor-button-wrapper\">\n\t\t\t\t\t<a class=\"elementor-button elementor-button-link elementor-size-sm\" href=\"https:\/\/frient.de\/wp-content\/uploads\/old-newsletter\/Frient%20-%2003_2021.html\">\n\t\t\t\t\t\t<span class=\"elementor-button-content-wrapper\">\n\t\t\t\t\t\t<span class=\"elementor-button-icon\">\n\t\t\t\t<i aria-hidden=\"true\" class=\"fas fa-arrow-right\"><\/i>\t\t\t<\/span>\n\t\t\t\t\t\t\t\t\t<span class=\"elementor-button-text\">Newsletter<\/span>\n\t\t\t\t\t<\/span>\n\t\t\t\t\t<\/a>\n\t\t\t\t<\/div>\n\t\t\t\t\t\t\t\t<\/div>\n\t\t\t\t<\/div>\n\t\t\t\t<\/div>\n\t\t\t\t\t<\/div>\n\t\t\t\t<\/div>\n\t\t<div class=\"elementor-element elementor-element-bb99b75 e-flex e-con-boxed e-con e-parent\" data-id=\"bb99b75\" data-element_type=\"container\" data-e-type=\"container\" data-settings=\"{&quot;jet_parallax_layout_list&quot;:[],&quot;background_background&quot;:&quot;classic&quot;}\">\n\t\t\t\t\t<div class=\"e-con-inner\">\n\t\t<div class=\"elementor-element elementor-element-200cd40 e-con-full e-flex e-con e-child\" data-id=\"200cd40\" data-element_type=\"container\" data-e-type=\"container\" data-settings=\"{&quot;jet_parallax_layout_list&quot;:[],&quot;background_background&quot;:&quot;classic&quot;}\">\n\t\t\t\t<div class=\"elementor-element elementor-element-c971d0a elementor-widget elementor-widget-image\" data-id=\"c971d0a\" data-element_type=\"widget\" data-e-type=\"widget\" data-widget_type=\"image.default\">\n\t\t\t\t<div class=\"elementor-widget-container\">\n\t\t\t\t\t\t\t\t\t\t\t\t\t\t\t\t<a href=\"https:\/\/frient.de\/wp-content\/uploads\/old-newsletter\/Frient%20-%2002_2021.html\">\n\t\t\t\t\t\t\t<img loading=\"lazy\" decoding=\"async\" width=\"800\" height=\"450\" src=\"https:\/\/frient.de\/wp-content\/uploads\/2024\/12\/UN7142458_e6c_Standard-1.jpg\" class=\"attachment-large size-large wp-image-10059\" alt=\"\" srcset=\"https:\/\/frient.de\/wp-content\/uploads\/2024\/12\/UN7142458_e6c_Standard-1.jpg 1000w, https:\/\/frient.de\/wp-content\/uploads\/2024\/12\/UN7142458_e6c_Standard-1-300x169.jpg 300w, https:\/\/frient.de\/wp-content\/uploads\/2024\/12\/UN7142458_e6c_Standard-1-768x432.jpg 768w\" sizes=\"(max-width: 800px) 100vw, 800px\" \/>\t\t\t\t\t\t\t\t<\/a>\n\t\t\t\t\t\t\t\t\t\t\t\t\t\t\t<\/div>\n\t\t\t\t<\/div>\n\t\t\t\t<\/div>\n\t\t<div class=\"elementor-element elementor-element-53a7957 e-con-full e-flex e-con e-child\" data-id=\"53a7957\" data-element_type=\"container\" data-e-type=\"container\" data-settings=\"{&quot;jet_parallax_layout_list&quot;:[],&quot;background_background&quot;:&quot;classic&quot;}\">\n\t\t\t\t<div class=\"elementor-element elementor-element-dfa90a8 elementor-widget elementor-widget-heading\" data-id=\"dfa90a8\" data-element_type=\"widget\" data-e-type=\"widget\" data-widget_type=\"heading.default\">\n\t\t\t\t<div class=\"elementor-widget-container\">\n\t\t\t\t\t<h5 class=\"elementor-heading-title elementor-size-default\"><a href=\"https:\/\/frient.de\/wp-content\/uploads\/old-newsletter\/Frient%20-%2002_2021.html\">02\/2021<\/a><\/h5>\t\t\t\t<\/div>\n\t\t\t\t<\/div>\n\t\t\t\t<div class=\"elementor-element elementor-element-86a92c1 elementor-widget elementor-widget-text-editor\" data-id=\"86a92c1\" data-element_type=\"widget\" data-e-type=\"widget\" data-widget_type=\"text-editor.default\">\n\t\t\t\t<div class=\"elementor-widget-container\">\n\t\t\t\t\t\t\t\t\tInternational women\u2019s day is a prominent event within the international community. Around the world, achievements and current challenges in implementing the Women, Peace, and Security agenda are the centre of attention. This day also provides governments with an opportunity to reflect on the extent to which meaningful participation has been realised . Should this be considered a day of celebration? Or is it just a reminder of how little has been achieved in terms of gender equality?\t\t\t\t\t\t\t\t<\/div>\n\t\t\t\t<\/div>\n\t\t\t\t<div class=\"elementor-element elementor-element-bb7a57c elementor-widget elementor-widget-button\" data-id=\"bb7a57c\" data-element_type=\"widget\" data-e-type=\"widget\" data-widget_type=\"button.default\">\n\t\t\t\t<div class=\"elementor-widget-container\">\n\t\t\t\t\t\t\t\t\t<div class=\"elementor-button-wrapper\">\n\t\t\t\t\t<a class=\"elementor-button elementor-button-link elementor-size-sm\" href=\"https:\/\/frient.de\/wp-content\/uploads\/old-newsletter\/Frient%20-%2002_2021.html\">\n\t\t\t\t\t\t<span class=\"elementor-button-content-wrapper\">\n\t\t\t\t\t\t<span class=\"elementor-button-icon\">\n\t\t\t\t<i aria-hidden=\"true\" class=\"fas fa-arrow-right\"><\/i>\t\t\t<\/span>\n\t\t\t\t\t\t\t\t\t<span class=\"elementor-button-text\">Newsletter<\/span>\n\t\t\t\t\t<\/span>\n\t\t\t\t\t<\/a>\n\t\t\t\t<\/div>\n\t\t\t\t\t\t\t\t<\/div>\n\t\t\t\t<\/div>\n\t\t\t\t<\/div>\n\t\t\t\t\t<\/div>\n\t\t\t\t<\/div>\n\t\t<div class=\"elementor-element elementor-element-10c1b45 e-flex e-con-boxed e-con e-parent\" data-id=\"10c1b45\" data-element_type=\"container\" data-e-type=\"container\" data-settings=\"{&quot;jet_parallax_layout_list&quot;:[],&quot;background_background&quot;:&quot;classic&quot;}\">\n\t\t\t\t\t<div class=\"e-con-inner\">\n\t\t<div class=\"elementor-element elementor-element-a2bc7d1 e-con-full e-flex e-con e-child\" data-id=\"a2bc7d1\" data-element_type=\"container\" data-e-type=\"container\" data-settings=\"{&quot;jet_parallax_layout_list&quot;:[],&quot;background_background&quot;:&quot;classic&quot;}\">\n\t\t\t\t<div class=\"elementor-element elementor-element-ae0cbc3 elementor-widget elementor-widget-image\" data-id=\"ae0cbc3\" data-element_type=\"widget\" data-e-type=\"widget\" data-widget_type=\"image.default\">\n\t\t\t\t<div class=\"elementor-widget-container\">\n\t\t\t\t\t\t\t\t\t\t\t\t\t\t\t\t<a href=\"https:\/\/frient.de\/wp-content\/uploads\/old-newsletter\/Frient%20-%2001_2021.html\">\n\t\t\t\t\t\t\t<img loading=\"lazy\" decoding=\"async\" width=\"800\" height=\"450\" src=\"https:\/\/frient.de\/wp-content\/uploads\/2024\/12\/E857A346-C0AA-2149-9F8D-012FB5FE0838-1-1.jpg\" class=\"attachment-large size-large wp-image-10061\" alt=\"\" srcset=\"https:\/\/frient.de\/wp-content\/uploads\/2024\/12\/E857A346-C0AA-2149-9F8D-012FB5FE0838-1-1.jpg 1000w, https:\/\/frient.de\/wp-content\/uploads\/2024\/12\/E857A346-C0AA-2149-9F8D-012FB5FE0838-1-1-300x169.jpg 300w, https:\/\/frient.de\/wp-content\/uploads\/2024\/12\/E857A346-C0AA-2149-9F8D-012FB5FE0838-1-1-768x432.jpg 768w\" sizes=\"(max-width: 800px) 100vw, 800px\" \/>\t\t\t\t\t\t\t\t<\/a>\n\t\t\t\t\t\t\t\t\t\t\t\t\t\t\t<\/div>\n\t\t\t\t<\/div>\n\t\t\t\t<\/div>\n\t\t<div class=\"elementor-element elementor-element-b98c016 e-con-full e-flex e-con e-child\" data-id=\"b98c016\" data-element_type=\"container\" data-e-type=\"container\" data-settings=\"{&quot;jet_parallax_layout_list&quot;:[],&quot;background_background&quot;:&quot;classic&quot;}\">\n\t\t\t\t<div class=\"elementor-element elementor-element-e18073e elementor-widget elementor-widget-heading\" data-id=\"e18073e\" data-element_type=\"widget\" data-e-type=\"widget\" data-widget_type=\"heading.default\">\n\t\t\t\t<div class=\"elementor-widget-container\">\n\t\t\t\t\t<h5 class=\"elementor-heading-title elementor-size-default\"><a href=\"https:\/\/frient.de\/wp-content\/uploads\/old-newsletter\/Frient%20-%2001_2021.html\">01\/2021<\/a><\/h5>\t\t\t\t<\/div>\n\t\t\t\t<\/div>\n\t\t\t\t<div class=\"elementor-element elementor-element-8b3d3da elementor-widget elementor-widget-text-editor\" data-id=\"8b3d3da\" data-element_type=\"widget\" data-e-type=\"widget\" data-widget_type=\"text-editor.default\">\n\t\t\t\t<div class=\"elementor-widget-container\">\n\t\t\t\t\t\t\t\t\t<p>Die Autorin unseres Impulses, V\u00e9ronique Dudouet von der Berghof Foundation, blickt positiv auf das \u00fcberarbeitete Konzept der EU-Friedensmediation. Denn dieses erm\u00f6glicht der europ\u00e4ischen Zivilgesellschaft, Mediationsbestrebungen inklusiv zu unterst\u00fctzen. Damit die EU ihren hohen Anspruch im Bereich Friedensmediation verwirklichen kann, sind allerdings mehr politischer Wille und Wissen sowie finanzielle und personelle Ressourcen n\u00f6tig.<\/p>\t\t\t\t\t\t\t\t<\/div>\n\t\t\t\t<\/div>\n\t\t\t\t<div class=\"elementor-element elementor-element-ce9b774 elementor-widget elementor-widget-button\" data-id=\"ce9b774\" data-element_type=\"widget\" data-e-type=\"widget\" data-widget_type=\"button.default\">\n\t\t\t\t<div class=\"elementor-widget-container\">\n\t\t\t\t\t\t\t\t\t<div class=\"elementor-button-wrapper\">\n\t\t\t\t\t<a class=\"elementor-button elementor-button-link elementor-size-sm\" href=\"https:\/\/frient.de\/wp-content\/uploads\/old-newsletter\/Frient%20-%2001_2021.html\">\n\t\t\t\t\t\t<span class=\"elementor-button-content-wrapper\">\n\t\t\t\t\t\t<span class=\"elementor-button-icon\">\n\t\t\t\t<i aria-hidden=\"true\" class=\"fas fa-arrow-right\"><\/i>\t\t\t<\/span>\n\t\t\t\t\t\t\t\t\t<span class=\"elementor-button-text\">Newsletter<\/span>\n\t\t\t\t\t<\/span>\n\t\t\t\t\t<\/a>\n\t\t\t\t<\/div>\n\t\t\t\t\t\t\t\t<\/div>\n\t\t\t\t<\/div>\n\t\t\t\t<\/div>\n\t\t\t\t\t<\/div>\n\t\t\t\t<\/div>\n\t\t<div class=\"elementor-element elementor-element-6cdf37d e-flex e-con-boxed e-con e-parent\" data-id=\"6cdf37d\" data-element_type=\"container\" data-e-type=\"container\" data-settings=\"{&quot;jet_parallax_layout_list&quot;:[],&quot;background_background&quot;:&quot;classic&quot;}\">\n\t\t\t\t\t<div class=\"e-con-inner\">\n\t\t<div class=\"elementor-element elementor-element-157ad35 e-con-full e-flex e-con e-child\" data-id=\"157ad35\" data-element_type=\"container\" data-e-type=\"container\" data-settings=\"{&quot;jet_parallax_layout_list&quot;:[],&quot;background_background&quot;:&quot;classic&quot;}\">\n\t\t\t\t<div class=\"elementor-element elementor-element-553bb25 elementor-widget elementor-widget-image\" data-id=\"553bb25\" data-element_type=\"widget\" data-e-type=\"widget\" data-widget_type=\"image.default\">\n\t\t\t\t<div class=\"elementor-widget-container\">\n\t\t\t\t\t\t\t\t\t\t\t\t\t\t\t\t<a href=\"https:\/\/frient.de\/wp-content\/uploads\/old-newsletter\/Frient%20-%209_2020.html\">\n\t\t\t\t\t\t\t<img loading=\"lazy\" decoding=\"async\" width=\"800\" height=\"534\" src=\"https:\/\/frient.de\/wp-content\/uploads\/2024\/12\/Parallel1_MG_4465-1.jpg\" class=\"attachment-large size-large wp-image-10063\" alt=\"\" srcset=\"https:\/\/frient.de\/wp-content\/uploads\/2024\/12\/Parallel1_MG_4465-1.jpg 1000w, https:\/\/frient.de\/wp-content\/uploads\/2024\/12\/Parallel1_MG_4465-1-300x200.jpg 300w, https:\/\/frient.de\/wp-content\/uploads\/2024\/12\/Parallel1_MG_4465-1-768x512.jpg 768w\" sizes=\"(max-width: 800px) 100vw, 800px\" \/>\t\t\t\t\t\t\t\t<\/a>\n\t\t\t\t\t\t\t\t\t\t\t\t\t\t\t<\/div>\n\t\t\t\t<\/div>\n\t\t\t\t<\/div>\n\t\t<div class=\"elementor-element elementor-element-3b41c0f e-con-full e-flex e-con e-child\" data-id=\"3b41c0f\" data-element_type=\"container\" data-e-type=\"container\" data-settings=\"{&quot;jet_parallax_layout_list&quot;:[],&quot;background_background&quot;:&quot;classic&quot;}\">\n\t\t\t\t<div class=\"elementor-element elementor-element-d222717 elementor-widget elementor-widget-heading\" data-id=\"d222717\" data-element_type=\"widget\" data-e-type=\"widget\" data-widget_type=\"heading.default\">\n\t\t\t\t<div class=\"elementor-widget-container\">\n\t\t\t\t\t<h5 class=\"elementor-heading-title elementor-size-default\"><a href=\"https:\/\/frient.de\/wp-content\/uploads\/old-newsletter\/Frient%20-%209_2020.html\">09\/2020<\/a><\/h5>\t\t\t\t<\/div>\n\t\t\t\t<\/div>\n\t\t\t\t<div class=\"elementor-element elementor-element-9523fcf elementor-widget elementor-widget-text-editor\" data-id=\"9523fcf\" data-element_type=\"widget\" data-e-type=\"widget\" data-widget_type=\"text-editor.default\">\n\t\t\t\t<div class=\"elementor-widget-container\">\n\t\t\t\t\t\t\t\t\t<p>In unserem aktuellen Impuls-Leitartikel ordnet Volker Hauck von ECDPM die zentralen Evaluationsergebnisse der EU-Unterst\u00fctzung f\u00fcr Konfliktpr\u00e4vention und Friedensf\u00f6rderung ein. Diese beziehen\u00a0sich auf den Zeitraum\u00a0zwischen 2013 und 2018. Hauck stellt fest, dass die EU ihre Arbeitsweise und\u00a0die Unterst\u00fctzung\u00a0in beiden Bereichen seit 2011 deutlich verbessert hat. Aber es gibt trotzdem keinen Grund, die H\u00e4nde in den Scho\u00df zu legen.<\/p>\t\t\t\t\t\t\t\t<\/div>\n\t\t\t\t<\/div>\n\t\t\t\t<div class=\"elementor-element elementor-element-a43295c elementor-widget elementor-widget-button\" data-id=\"a43295c\" data-element_type=\"widget\" data-e-type=\"widget\" data-widget_type=\"button.default\">\n\t\t\t\t<div class=\"elementor-widget-container\">\n\t\t\t\t\t\t\t\t\t<div class=\"elementor-button-wrapper\">\n\t\t\t\t\t<a class=\"elementor-button elementor-button-link elementor-size-sm\" href=\"https:\/\/frient.de\/wp-content\/uploads\/old-newsletter\/Frient%20-%209_2020.html\">\n\t\t\t\t\t\t<span class=\"elementor-button-content-wrapper\">\n\t\t\t\t\t\t<span class=\"elementor-button-icon\">\n\t\t\t\t<i aria-hidden=\"true\" class=\"fas fa-arrow-right\"><\/i>\t\t\t<\/span>\n\t\t\t\t\t\t\t\t\t<span class=\"elementor-button-text\">Newsletter<\/span>\n\t\t\t\t\t<\/span>\n\t\t\t\t\t<\/a>\n\t\t\t\t<\/div>\n\t\t\t\t\t\t\t\t<\/div>\n\t\t\t\t<\/div>\n\t\t\t\t<\/div>\n\t\t\t\t\t<\/div>\n\t\t\t\t<\/div>\n\t\t<div class=\"elementor-element elementor-element-5a96328 e-flex e-con-boxed e-con e-parent\" data-id=\"5a96328\" data-element_type=\"container\" data-e-type=\"container\" data-settings=\"{&quot;background_background&quot;:&quot;classic&quot;,&quot;jet_parallax_layout_list&quot;:[]}\">\n\t\t\t\t\t<div class=\"e-con-inner\">\n\t\t\t\t<div class=\"elementor-element elementor-element-340c026 elementor-widget elementor-widget-menu-anchor\" data-id=\"340c026\" data-element_type=\"widget\" data-e-type=\"widget\" data-widget_type=\"menu-anchor.default\">\n\t\t\t\t<div class=\"elementor-widget-container\">\n\t\t\t\t\t\t\t<div class=\"elementor-menu-anchor\" id=\"newEN\"><\/div>\n\t\t\t\t\t\t<\/div>\n\t\t\t\t<\/div>\n\t\t\t\t\t<\/div>\n\t\t\t\t<\/div>\n\t\t\t\t<\/div>\n\t\t","protected":false},"excerpt":{"rendered":"<p>FriEnt Impulses FriEnt\u2019s monthly newsletter Impulses is a valuable source of information for all those interested or involved in the field of peacebuilding, development cooperation and civil conflict transformation on the national and international level. Each issue of the newsletter contains commentary pieces and background stories on current trends and challenges. In addition, the newsletter [&hellip;]<\/p>\n","protected":false},"author":7,"featured_media":0,"parent":0,"menu_order":0,"comment_status":"closed","ping_status":"closed","template":"","meta":{"_acf_changed":false,"footnotes":""},"class_list":["post-9462","page","type-page","status-publish","hentry"],"acf":[],"_links":{"self":[{"href":"https:\/\/frient.de\/en\/wp-json\/wp\/v2\/pages\/9462","targetHints":{"allow":["GET"]}}],"collection":[{"href":"https:\/\/frient.de\/en\/wp-json\/wp\/v2\/pages"}],"about":[{"href":"https:\/\/frient.de\/en\/wp-json\/wp\/v2\/types\/page"}],"author":[{"embeddable":true,"href":"https:\/\/frient.de\/en\/wp-json\/wp\/v2\/users\/7"}],"replies":[{"embeddable":true,"href":"https:\/\/frient.de\/en\/wp-json\/wp\/v2\/comments?post=9462"}],"version-history":[{"count":0,"href":"https:\/\/frient.de\/en\/wp-json\/wp\/v2\/pages\/9462\/revisions"}],"wp:attachment":[{"href":"https:\/\/frient.de\/en\/wp-json\/wp\/v2\/media?parent=9462"}],"curies":[{"name":"wp","href":"https:\/\/api.w.org\/{rel}","templated":true}]}}